{"id":2664,"date":"2017-05-02T15:05:25","date_gmt":"2017-05-02T13:05:25","guid":{"rendered":"https:\/\/dietrich-mohr.com\/site\/biographie\/"},"modified":"2022-01-24T12:46:16","modified_gmt":"2022-01-24T11:46:16","slug":"biography","status":"publish","type":"page","link":"https:\/\/dietrich-mohr.com\/en\/biography\/","title":{"rendered":"Biography"},"content":{"rendered":"<div class=\"wpb-content-wrapper\"><p>[vc_row css=&#8221;.vc_custom_1495646102662{margin-bottom: 100px !important;}&#8221;][vc_column][vc_column_text]<\/p>\n<h1>Biography<\/h1>\n<p>[\/vc_column_text][\/vc_column][\/vc_row][vc_row type=&#8221;1&#8243; bg_cover=&#8221;true&#8221; enable_parallax=&#8221;false&#8221; css=&#8221;.vc_custom_1498645532998{margin-bottom: 100px !important;}&#8221;][vc_column][vc_empty_space height=&#8221;42px&#8221;][vc_column_text]<\/p>\n<h3 class=\"p1\" style=\"text-align: center;\"><span class=\"s1\">This Website is a meeting with a &#8220;charmer of metal&#8221;<\/span><\/h3>\n<p class=\"p1\" style=\"text-align: center;\"><span class=\"s1\"> \u00ab\u00a0Cor-ten&#8221;, he said, &#8220;is a mysterious metal &#8230;&#8221;Dietrich-Mohr, steel blue eyes, stainless steel speech, knows mysteries &#8230;In the midst of his works: &#8220;The process of creation is not always very conscious. I do not know what my sculptures say about me.&#8221; In any case, they talk. &#8230;)<\/span><\/p>\n<p class=\"p1\" style=\"text-align: center;\"><span class=\"s1\">&#8220;Of itself, iron attracts his man,&#8221; wrote Homer. Of themselves, metals attracted theirs: Dietrich-Mohr<\/span><\/p>\n<h6 style=\"text-align: right;\">Christophe Jouan<\/h6>\n<p>[\/vc_column_text][\/vc_column][\/vc_row][vc_row][vc_column][vc_text_separator title=&#8221;Dietrich-Mohr&#8221; i_icon_fontawesome=&#8221;fa fa-quote-left&#8221; i_color=&#8221;green&#8221; title_align=&#8221;separator_align_left&#8221; color=&#8221;green&#8221; add_icon=&#8221;true&#8221;][vc_row_inner][vc_column_inner width=&#8221;2\/3&#8243;][vc_column_text]<\/p>\n<p class=\"p1\"><span class=\"s1\">Dietrich-Mohr was born on June 20, 1924 in D\u00fcsseldorf, Germany<\/span><\/p>\n<p class=\"p1\"><span class=\"s1\">His father, Erich Mohr, whose ancestors were pastors from generation to generation was a mathematician.<span class=\"Apple-converted-space\">\u00a0 <\/span>His mother, Maria Reucker, a teacher before her mariage, wrote books for children.<span class=\"Apple-converted-space\">\u00a0 <\/span>His older sister became a painter.<span class=\"Apple-converted-space\">\u00a0 <\/span>They grew up together in D\u00fcsseldorf .<\/span><\/p>\n<p class=\"p1\"><span class=\"s1\">As a student, he started to draw and model sculptures.<span class=\"Apple-converted-space\">\u00a0 <\/span>His first sculptures were, at his mother\u2019s request,<span class=\"Apple-converted-space\">\u00a0 <\/span>the worshipers of the Nativity which he carved in wood.<\/span><\/p>\n<p class=\"p1\"><span class=\"s1\">In 1944\u00a0, he left for Vienna to learn the basics of drawing with Hans Laurer who did his portrait.<\/span><\/p>\n<p class=\"p1\"><span class=\"s1\">He arrived in Paris in 1951 where until 1953 he continued his studies at the<span class=\"Apple-converted-space\">\u00a0 <\/span>\u00ab\u00a0Academie de la Grande-Chaumi\u00e8re\u00a0\u00bb in Montparnasse in Ossip Zadkine\u2019s studio. <\/span><\/p>\n<p class=\"p1\"><span class=\"s1\">In 1954, he found his first studio in the Cit\u00e9 Falgui\u00e8re where he worked in wood, stone, terracotta and his first metal sculptures as of 1959.<\/span><\/p>\n<p class=\"p1\"><span class=\"s1\">In 1955, introduced to Etienne Martin, he was able to participate for the first time in the Salon de la Jeune Sculpture which took place in the Rodin Museum gardens.<\/span><\/p>\n<p class=\"p1\"><span class=\"s1\">His sculpture, still mostly figurative, will develop into geometric forms as of 1958 and soon thereafter he will create transparencies and alveoles. <\/span><\/p>\n<p class=\"p1\"><span class=\"s1\">In 1964 he met Mary Ann, an Americain who he married in 1972.\u00a0<\/span><\/p>\n<p class=\"p1\"><span class=\"s1\">He set up a second studio in the region Loir-et-Cher in 1978 where he executed many monumental sculptures.<\/span><\/p>\n<p class=\"p1\"><span class=\"s1\">He received the \u00ab\u00a0Medal des Arts de the Academie d\u2019Architecture de Paris\u00a0\u00bb in 2003 for the entirety of his work.<\/span><\/p>\n<p class=\"p1\"><span class=\"s1\">He has had many solo exhibitions, amongst others, organized by the Museums of Arras (1978), of Metz (1979), of Meudon (1989),<span class=\"Apple-converted-space\">\u00a0 <\/span>of Le Mans (1990), the Moderne Art Museum of Troyes (2002), the Museum of Evreux (2011), and the Eur\u00e9lium in Chartres (2015).<\/span><\/p>\n<p class=\"p1\"><span class=\"s1\">He and his spouse created the\u00a0\u00ab\u00a0Fonds de Dotation Dietrich-Mohr\u00a0\u00bb in 2015. <\/span><\/p>\n<p>[\/vc_column_text][\/vc_column_inner][vc_column_inner width=&#8221;1\/3&#8243;][vc_single_image image=&#8221;2473&#8243; img_size=&#8221;large&#8221; add_caption=&#8221;yes&#8221;][\/vc_column_inner][\/vc_row_inner][\/vc_column][\/vc_row][vc_row type=&#8221;1&#8243; full_width=&#8221;stretch_row_content&#8221; bg_cover=&#8221;true&#8221; enable_parallax=&#8221;false&#8221; css=&#8221;.vc_custom_1498550236985{background-image: url(https:\/\/dietrich-mohr.com\/site\/wp-content\/uploads\/2017\/06\/02_Atelier-parallax.jpg?id=) !important;}&#8221; bg_image=&#8221;https:\/\/dietrich-mohr.com\/site\/wp-content\/uploads\/2017\/06\/01_Atelier-parallax.jpg&#8221;][vc_column][vc_empty_space height=&#8221;42px&#8221;][vc_column_text]<\/p>\n<h2>Solo Exhibitions<\/h2>\n<p>[\/vc_column_text][vc_row_inner][vc_column_inner width=&#8221;1\/2&#8243;][vc_column_text]<\/p>\n<h3>1959<\/h3>\n<p>Galerie A.G. Paris with the painter Paul Kamper<br \/>\nKunstsalon Fischer, Bielefeld, Germany, with the painter Paul Kamper<br \/>\nGalerie Fecht, Stuttgart, Germany, with the painter\u00a0Henri Royer<\/p>\n<div class=\"hr-thin\"><\/div>\n<h3>1961<\/h3>\n<p>Galerie Murator, Nice, France<\/p>\n<div class=\"hr-thin\"><\/div>\n<h3>1963<\/h3>\n<p>Galerie de l\u2019Universit\u00e9, Paris<\/p>\n<div class=\"hr-thin\"><\/div>\n<h3>1975<\/h3>\n<p>Galerie Paris-Sculpt, Paris<\/p>\n<div class=\"hr-thin\"><\/div>\n<h3>1977-78<\/h3>\n<p>Itinerant exhibitions organized by G\u00e9rard Xuriguera :\u00a0Centre d\u2019Action Culturel, Montb\u00e9liard ; Mus\u00e9e Barrois, Bar-le-Duc ; Maison\u00a0de la Culture, Saint-Etienne ; Maison \u00ab Andr\u00e9 Malraux \u00bb, Le Pecq ;\u00a0 M.J.C.\u00a0\u00ab Les Hauts de Belleville \u00bb, Paris ; M.J.C., Epernay ; Centre Culturel, Sarcelles ; Maison des Arts et Loisirs, Thonon-les-Bains ; Galerie Arts et Lettres, Saint-Nazaire ;\u00a0 Mus\u00e9e des Beaux-Arts, Arras, France.<\/p>\n<div class=\"hr-thin\"><\/div>\n<h3>1978<\/h3>\n<p>Galerie d\u2019Eendt, Amsterdam, with the painter J\u00fcrgen Ehre<\/p>\n<p>C.F.D.T., Paris<\/p>\n<div class=\"hr-thin\"><\/div>\n<h3>1979<\/h3>\n<p>Palais des Arts et de la Culture, Brest, France<br \/>\nCentre Culturel de la Villedieu, Saint-Quentin-en-Yvelines, France<br \/>\nMus\u00e9e de Metz, France<br \/>\nGalerie Bruck, Luxembourg, with the painter F-X. Fagniez<\/p>\n<div class=\"hr-thin\"><\/div>\n<h3>1981<\/h3>\n<p>H\u00f4tel de Ville, Ch\u00e2teauroux, France with e<span class=\"s1\">ngravings<\/span>\u00a0by G\u00fcnther Grass<br \/>\nCentre Culturel, Troyes, France<br \/>\nGalerie Bellint, Paris<\/p>\n<div class=\"hr-thin\"><\/div>\n<h3>1982<\/h3>\n<p>Maison de la Culture, Orl\u00e9ans, France<\/p>\n<div class=\"hr-thin\"><\/div>\n<h3>1985<\/h3>\n<p>Galerie Bellint, Paris<\/p>\n<div class=\"hr-thin\"><\/div>\n<h3>1986<\/h3>\n<p>Galerie de Sluis, Leitschendam, The Netherlands, with the painter F-X.Fagniez<\/p>\n<div class=\"hr-thin\"><\/div>\n<h3>1989<\/h3>\n<p>Ch\u00e2teau et Mus\u00e9e de Blois, France<br \/>\nMus\u00e9e d\u2019Art et d\u2019Histoire, Meudon, France<br \/>\nGalerie Bellint, Paris<\/p>\n<div class=\"hr-thin\"><\/div>\n<p>[\/vc_column_text][\/vc_column_inner][vc_column_inner width=&#8221;1\/2&#8243;][vc_column_text]<\/p>\n<h3>1990<\/h3>\n<p>Les Mus\u00e9es du Mans, France<\/p>\n<div class=\"hr-thin\"><\/div>\n<h3>1991<\/h3>\n<p>\u00ab Treffpunkt Kunst \u00bb, Museum Haus Ludwig, Saarlouis, Germany<\/p>\n<div class=\"hr-thin\"><\/div>\n<h3>1995<\/h3>\n<p>Minist\u00e8re des Finances, Paris-Bercy, France<\/p>\n<div class=\"hr-thin\"><\/div>\n<h3>1997<\/h3>\n<p>Maison des Arts et Loisirs de Sochaux, France<br \/>\nMaison des Arts et Loisirs, Luxeuil-les-Bains,\u00a0France<br \/>\nCentre d\u2019Art Contemporain \u00ab Raymond Farbos \u00bb, Mont de Marsan,\u00a0France<\/p>\n<div class=\"hr-thin\"><\/div>\n<h3>2001<\/h3>\n<p>L\u2019Espace Culturel de l\u2019Auditoire, Bonneval (Eure et Loir),\u00a0France<\/p>\n<div class=\"hr-thin\"><\/div>\n<h3>2002<\/h3>\n<p>Mus\u00e9e d\u2019Art Moderne de Troyes,\u00a0France<br \/>\nMaison des Princes, P\u00e9rouges (Ain),\u00a0France<\/p>\n<div class=\"hr-thin\"><\/div>\n<h3>2004<\/h3>\n<p>Ch\u00e2teau de Carrouges (Orne), France<\/p>\n<div class=\"hr-thin\"><\/div>\n<h3>2007<\/h3>\n<p>Galerie Daniel Duchose, Rouen,\u00a0France<\/p>\n<div class=\"hr-thin\"><\/div>\n<h3>2011<\/h3>\n<p>Mus\u00e9e d\u2019Art, Histoire et Arch\u00e9ologie d\u2019Evreux,\u00a0France<\/p>\n<div class=\"hr-thin\"><\/div>\n<h3>2012<\/h3>\n<p>Galerie F. Hessler, Luxembourg<\/p>\n<div class=\"hr-thin\"><\/div>\n<h3>2013<\/h3>\n<p>RCM Galerie, Paris<\/p>\n<div class=\"hr-thin\"><\/div>\n<h3>2014<\/h3>\n<p>\u00abM\u00e9ditation sur M\u00e9tal\u00bb, H\u00f4tel de Ville, Fontenay-sous-Bois,\u00a0France<\/p>\n<div class=\"hr-thin\"><\/div>\n<h3>2015<\/h3>\n<p>l\u2019Eur\u00e9lium, Conseil D\u00e9partemental, Chartres,\u00a0France<\/p>\n<div class=\"hr-thin\"><\/div>\n<h3>2017 &#8211; 2018<\/h3>\n<p>RCM Galerie \u00ab\u00a0Hommage\u00a0\u00bb, rue de Lille, Paris.<br \/>\nGalerie Bertrand Trocmez, Clermond-Ferrand<\/p>\n<div class=\"hr-thin\"><\/div>\n<h3>2019<\/h3>\n<p><span class=\"Apple-converted-space\">\u00a0<\/span>Eid\u00f4lon Fine Arts, rue Jacob, Paris.<\/p>\n<div class=\"hr-thin\"><\/div>\n<h3>2020<\/h3>\n<p>Galerie Roanne de Saint Laurent, avenue Kl\u00e9ber, Paris.<\/p>\n<div class=\"hr-thin\"><\/div>\n<p>[\/vc_column_text][\/vc_column_inner][\/vc_row_inner][\/vc_column][\/vc_row][vc_row type=&#8221;1&#8243; bg_position=&#8221;center&#8221; bg_cover=&#8221;true&#8221; enable_parallax=&#8221;false&#8221; parallax_speed=&#8221;0.5&#8243; bg_image=&#8221;https:\/\/dietrich-mohr.com\/site\/wp-content\/uploads\/2017\/08\/Atelier-Cite-Magenta-1975.jpg&#8221; css=&#8221;.vc_custom_1504195882275{background-image: url(https:\/\/dietrich-mohr.com\/site\/wp-content\/uploads\/2017\/06\/01_Atelier-parallax.jpg?id=) !important;}&#8221;][vc_column][vc_row_inner][vc_column_inner][vc_column_text css=&#8221;.vc_custom_1497895160151{margin-top: 30px !important;margin-bottom: 30px !important;}&#8221;]<\/p>\n<h2>Principal Group Exhibitions<\/h2>\n<p>[\/vc_column_text][\/vc_column_inner][\/vc_row_inner][vc_row_inner][vc_column_inner width=&#8221;1\/2&#8243;][vc_text_separator title=&#8221;1960s&#8221; i_icon_fontawesome=&#8221;fa fa-quote-left&#8221; i_color=&#8221;green&#8221; title_align=&#8221;separator_align_left&#8221; align=&#8221;align_right&#8221; color=&#8221;green&#8221; add_icon=&#8221;true&#8221;][vc_column_text]<\/p>\n<h3 class=\"p1\">1958<\/h3>\n<p class=\"p1\">Deutscher K\u00fcnstlerbund, Essen, Germany<\/p>\n<p class=\"p1\">\n<div class=\"hr-thin\"><\/div>\n<h3 class=\"p1\">1962<\/h3>\n<p class=\"p1\">\u00ab\u00a0Exposition Internationale du Petit Bronze\u00a0\u00bb, Paris<br \/>\n\u00ab\u00a0Sculpture Contemporaine\u00a0\u00bb, Mus\u00e9e du Havre,\u00a0France<\/p>\n<p class=\"p1\">\n<div class=\"hr-thin\"><\/div>\n<h3 class=\"p1\">1964<\/h3>\n<p class=\"p1\">\u00ab\u00a0Deutsche Kunst im 20. Jahrhundert\u00a0\u00bb,<span class=\"Apple-converted-space\">\u00a0 <\/span>Mus\u00e9e d\u2019Aix-la-Chapelle, Germany<\/p>\n<p class=\"p1\">\n<div class=\"hr-thin\"><\/div>\n<h3 class=\"p1\">1966<\/h3>\n<p class=\"p1\">\u00ab\u00a0Plastik S\u00fcdwest\u00a0\u00bb, Kunsthalle, Baden-Baden, Germany<\/p>\n<p class=\"p1\">\n<div class=\"hr-thin\"><\/div>\n<h3 class=\"p1\">1969<\/h3>\n<p class=\"p1\">\u00ab Tendances de la Jeune Sculpture Contemporaine\u00a0\u00bb, Mus\u00e9e du Havre,\u00a0France<\/p>\n<p class=\"p1\">\n<div class=\"hr-thin\"><\/div>\n<p>[\/vc_column_text][vc_text_separator title=&#8221;1970s&#8221; i_icon_fontawesome=&#8221;fa fa-quote-left&#8221; i_color=&#8221;green&#8221; title_align=&#8221;separator_align_left&#8221; align=&#8221;align_right&#8221; color=&#8221;green&#8221; add_icon=&#8221;true&#8221;][vc_column_text]<\/p>\n<h3>1973<\/h3>\n<p>\u00ab\u00a0Sculpture Fran\u00e7aise Contemporaine\u00a0\u00bb, itinerant exhibitions: New Zeland, Australia,\u00a0 Mexico, Venezuela, etc.<\/p>\n<div class=\"hr-thin\"><\/div>\n<h3 class=\"p1\">1975<\/h3>\n<p class=\"p1\">\u00ab\u00a0Douze Sculpteurs de Paris\u00a0\u00bb, Mus\u00e9e de Siegen, de Witten et \u00e0 Cologne, Germany<\/p>\n<p class=\"p1\">\n<div class=\"hr-thin\"><\/div>\n<h3 class=\"p1\">1975<\/h3>\n<p class=\"p1\">Festival International d\u2019Art Contemporain, Allonnes (Sarthe) 1975 et 1976,\u00a0France<\/p>\n<p class=\"p1\">\n<div class=\"hr-thin\"><\/div>\n<h3 class=\"p1\">1976<\/h3>\n<p class=\"p1\">\u00ab\u00a0Un Si\u00e8cle de Dessins de Sculpteurs\u00a0\u00bb, Mus\u00e9e de Calais et de Pau,\u00a0France<\/p>\n<p class=\"p1\">\n<div class=\"hr-thin\"><\/div>\n<h3 class=\"p1\">1979<\/h3>\n<p class=\"p1\">\u00ab\u00a0Exposition Internationale de Sculpture\u00a0\u00bb, Le Vaudreuil, Ville Nouvelle,\u00a0France<\/p>\n<p class=\"p1\">\n<div class=\"hr-thin\"><\/div>\n<p>[\/vc_column_text][vc_text_separator title=&#8221;1980s&#8221; i_icon_fontawesome=&#8221;fa fa-quote-left&#8221; i_color=&#8221;green&#8221; title_align=&#8221;separator_align_left&#8221; align=&#8221;align_right&#8221; color=&#8221;green&#8221; add_icon=&#8221;true&#8221;][vc_column_text]<\/p>\n<h3 class=\"p1\">1980<\/h3>\n<p class=\"p1\">\u00ab\u00a0La Sculpture et l\u2019Acier\u00a0\u00bb Usinor, Denain, (Nord),\u00a0France<br \/>\n\u00ab\u00a0L\u2019Ann\u00e9e du Patrimoine\u00a0: La Sculpture\u00a0\u00bb, Evry,\u00a0France<\/p>\n<p class=\"p1\">\n<div class=\"hr-thin\"><\/div>\n<h3 class=\"p1\">1981<\/h3>\n<p class=\"p1\">\u00ab\u00a0Sculpture sur M\u00e9tal\u00a0\u00bb, H\u00f4tel de Ville, La Rochelle,\u00a0France<\/p>\n<p class=\"p1\">\n<div class=\"hr-thin\"><\/div>\n<h3 class=\"p1\">1982<\/h3>\n<p class=\"p1\">\u00ab\u00a0Sculptures Contemporaines\u00a0\u00bb, Mus\u00e9e d\u2019Evreux,\u00a0France<\/p>\n<p class=\"p1\">\n<div class=\"hr-thin\"><\/div>\n<h3 class=\"p1\">1983<\/h3>\n<p class=\"p1\">\u00ab\u00a0Arts Plastiques au Quotidien\u00a0\u00bb, Mus\u00e9e de Vend\u00f4me,\u00a0France<\/p>\n<p class=\"p1\">\n<div class=\"hr-thin\"><\/div>\n<h3 class=\"p1\">1984<\/h3>\n<p class=\"p1\">\u00ab\u00a0Sculpture en France\u00a0\u00bb, Mus\u00e9e de Ch\u00e2teauroux,\u00a0France<\/p>\n<p class=\"p1\">\n<div class=\"hr-thin\"><\/div>\n<h3 class=\"p1\">1985<\/h3>\n<p class=\"p1\">\u00ab\u00a0Les Ann\u00e9es 50\u00a0\u00bb, itinerant exhibition in France<\/p>\n<p class=\"p1\">\n<div class=\"hr-thin\"><\/div>\n<h3 class=\"p1\">1986<\/h3>\n<p class=\"p1\">\u00ab\u00a0Varia Sculpture\u00a0\u00bb, Gare de l\u2019Est, Paris<\/p>\n<p class=\"p1\">\n<div class=\"hr-thin\"><\/div>\n<h3 class=\"p1\">1987<\/h3>\n<p class=\"p1\">\u00ab\u00a0Portes et Portiques\u00a0\u00bb, Orangerie du Mus\u00e9e de Sceaux,\u00a0France<br \/>\n\u00ab Arcrea 87\u00a0\u00bb, Ch\u00e2teau de La Napoule,\u00a0France<\/p>\n<p class=\"p1\">\n<div class=\"hr-thin\"><\/div>\n<h3 class=\"p1\">1989<\/h3>\n<p class=\"p1\">\u00ab\u00a0Exposition de Sculpture en Plein Air\u00a0\u00bb, Jardin Frederiksberg, Copenhagen<br \/>\nMunkebjerg Skulpturpark, Vejle, Denmark, 1989 et 1991-92<\/p>\n<p>[\/vc_column_text][\/vc_column_inner][vc_column_inner width=&#8221;1\/2&#8243;][vc_text_separator title=&#8221;1990s&#8221; i_icon_fontawesome=&#8221;fa fa-quote-left&#8221; i_color=&#8221;green&#8221; title_align=&#8221;separator_align_left&#8221; align=&#8221;align_right&#8221; color=&#8221;green&#8221; add_icon=&#8221;true&#8221;][vc_column_text]<\/p>\n<h3 class=\"p1\">1990<\/h3>\n<p class=\"p1\">\u00ab\u00a0M\u00e9thode 1990\u00a0\u00bb Seoul, South Korea<br \/>\n1<span class=\"s1\"><sup>er<\/sup><\/span> Rencontre de Sculpture Contemporaine, Mus\u00e9e Nicolas Poussin,\u00a0Les Andelys,\u00a0France<\/p>\n<p class=\"p1\">\n<div class=\"hr-thin\"><\/div>\n<h3 class=\"p1\">1991<\/h3>\n<p class=\"p1\">\u00ab\u00a0Dialogue 91\u00a0\u00bb, H\u00f4tel de Ville, Fontenay-sous-Bois,\u00a0France<br \/>\n\u00ab\u00a0Mati\u00e8re et Sculpture\u00a0\u00bb, Conseil G\u00e9n\u00e9ral de l\u2019Eure, Evreux,\u00a0France<br \/>\n\u00ab\u00a0D\u2019une sculpture\u2026 l\u2019autre\u00a0\u00bb, Ch\u00e2teau Dauzac-Margaux, Gironde,\u00a0France<br \/>\n\u00ab\u00a0Ann\u00e9es 50\u00a0\u00bb, Action Culturelle, Ville de Hy\u00e8res,\u00a0France<\/p>\n<p class=\"p1\">\n<div class=\"hr-thin\"><\/div>\n<h3 class=\"p1\">1992<\/h3>\n<p class=\"p1\">\u00ab\u00a0Rencontre avec des Sculpteurs Europ\u00e9ens\u00a0\u00bb,<span class=\"Apple-converted-space\">\u00a0 <\/span>Plumelec,\u00a0France<br \/>\n\u00ab\u00a0Rencontre Europ\u00e9enne de Sculpture\u00a0\u00bb, Ville de Bois-Guillaume,\u00a0France<\/p>\n<p class=\"p1\">\n<div class=\"hr-thin\"><\/div>\n<h3 class=\"p1\">1993<\/h3>\n<p class=\"p1\">\u00abTvaersnit\u00a0\u00bb \u00a0Gl. Holtegaard,<span class=\"Apple-converted-space\">\u00a0 <\/span>Copenhagen<\/p>\n<p class=\"p1\">\n<div class=\"hr-thin\"><\/div>\n<h3 class=\"p1\">1995<\/h3>\n<p class=\"p1\">\u00ab\u00a0Trente Ans de Jeune Sculpture \u00e0 Paris avec Denys Chevalier\u00a0\u00bb, Couvent des Cordeliers, Paris<br \/>\n\u00ab\u00a0De Arp \u00e0 Zadkine\u00a0\u00bb, La Collection Denys Chevalier, Mus\u00e9e d\u2019Art et d\u2019Histoire, Meudon,\u00a0France<br \/>\n\u00ab\u00a0Epis de Fa\u00eetage et Girouettes\u00a0\u00bb,\u00a0 Ch\u00e2teau de Foug\u00e8res-su-Bi\u00e8vre (Loir-et-Cher),\u00a0France<\/p>\n<p class=\"p1\">\n<div class=\"hr-thin\"><\/div>\n<h3 class=\"p1\">1996<\/h3>\n<p class=\"p1\">\u00abPi\u00e8ce Unique\u00a0 &#8211; La Sculpture Aujourd\u2019hui\u00a0\u00bb,<span class=\"Apple-converted-space\">\u00a0 <\/span>La Galerie, Paris<br \/>\n\u00ab\u00a0Hommage \u00e0 Genevi\u00e8ve Th\u00e9venot\u00a0\u00bb,\u00a0 Mus\u00e9e d\u2019Art Moderne, Troyes,\u00a0France<\/p>\n<p class=\"p1\">\n<div class=\"hr-thin\"><\/div>\n<h3 class=\"p1\">1997<\/h3>\n<p class=\"p1\">Salon de Mai \u00e0 la Dieleman Gallery, Belgium<\/p>\n<p class=\"p1\">Grands et Jeunes d&#8217;Aujourd&#8217;hui \u00e0 la Banque et Caisse d\u2019Epargne de l\u2019Etat, Luxembourg<br \/>\n\u00ab\u00a0La Sculpture dans la Ville\u00a0\u00bb, Vittel,\u00a0France<br \/>\n\u00ab\u00a0Gesammelt in Saarlouis\u00a0\u00bb, Museum Haus Ludwig, Saarlouis, Germany<\/p>\n<p class=\"p1\">\n<div class=\"hr-thin\"><\/div>\n<h3 class=\"p1\">1998<\/h3>\n<p class=\"p1\">\u00ab Artistes in situ\u00a0\u00bb, Banque et Caisse d\u2018Epargne de l\u2019Etat, Luxembourg<\/p>\n<p class=\"p1\">\n<div class=\"hr-thin\"><\/div>\n<h3 class=\"p1\">1999<\/h3>\n<p class=\"p1\">\u00ab\u00a0Hommage \u00e0 G\u00e9rard Xuriguera\u00a0\u00bb CREPS, Chatenay-Malabry,\u00a0France<\/p>\n<p>[\/vc_column_text][vc_text_separator title=&#8221;2000s&#8221; i_icon_fontawesome=&#8221;fa fa-quote-left&#8221; i_color=&#8221;green&#8221; title_align=&#8221;separator_align_left&#8221; align=&#8221;align_right&#8221; color=&#8221;green&#8221; add_icon=&#8221;true&#8221;][vc_column_text]<\/p>\n<h3 class=\"p1\">2000<\/h3>\n<p>\u00ab\u00a021 Sculpteurs ouvrent le 21<sup>\u00e8me<\/sup> Si\u00e8cle\u00a0\u00bb, Ville de Sainte-Genevi\u00e8ve-des-Bois \u00ab\u00a0Sculpture\u00a0\u00bb, Casa Municipale da Cultura, Cantanhede, Portugal<br \/>\n\u00ab\u00a0Vittel d\u2019Art 2000\u00a0\u00bb, Vittel,\u00a0France<\/p>\n<div class=\"hr-thin\"><\/div>\n<h3 class=\"p1\">2001<\/h3>\n<p>\u00ab Six Sculpteurs\u00a0\u00bb, \u00a0Treffpunkt Kunst\u00a0, Museum Haus Ludwig, Saarlouis, Germany<\/p>\n<div class=\"hr-thin\"><\/div>\n<h3 class=\"p1\">2003<\/h3>\n<p>\u00ab\u00a0Treffpunkt Kunst\u00a0 \u2013 25 Jahre\u00bb, Museum Haus Ludwig, Saarlouis, Germany<\/p>\n<div class=\"hr-thin\"><\/div>\n<h3 class=\"p1\">2007<\/h3>\n<p>\u00ab\u00a0Villers d\u2019Arts 2007 \u00bb, Ch\u00e2teau de Madame de Graffigny, Villers-l\u00e8s-Nancy,\u00a0France<\/p>\n<div class=\"hr-thin\"><\/div>\n<h3>2008<\/h3>\n<p>Donation Yvonne et Maurice Allemand, Mus\u00e9e D\u00e9partemental de l\u2019Oise, Beauvais,\u00a0France<\/p>\n<div class=\"hr-thin\"><\/div>\n<h3 class=\"p1\">2008<\/h3>\n<p>\u00ab\u00a0D\u2019Acier, de Bois, de Pierre\u00a0\u00bb, Mus\u00e9e d\u2019Art et d\u2019Histoire,\u00a0Meudon,\u00a0France<\/p>\n<div class=\"hr-thin\"><\/div>\n<h3 class=\"p1\">2010<\/h3>\n<p>\u00ab Du + Ich \u00bb Treffpunkt Kunst, Museum Haus Ludwig, Saarlouis, Germany<\/p>\n<div class=\"hr-thin\"><\/div>\n<h3 class=\"p1\">2011<\/h3>\n<p>Mus\u00e9e de Cambrai \u00ab Escaut, Rives, d\u00e9rives \u00bb, Festival international de sculpture contemporaine<br \/>\n\u00abFormes et Lumi\u00e8re, la sculpture dans l\u2019art construit\u00bb, Mus\u00e9e Pierre-Andr\u00e9 Benoit, Al\u00e8s (Gard),\u00a0France<\/p>\n<div class=\"hr-thin\"><\/div>\n<h3 class=\"p1\">2012<\/h3>\n<p>Hommage \u00e0 Vincent Batbedat, Galerie Mich\u00e8le Broutta, Paris<\/p>\n<div class=\"hr-thin\"><\/div>\n<h3 class=\"p1\">2013<\/h3>\n<p>\u00ab 20 ANS &#8211; 20 Sculpteurs \u00bb, Galerie Mich\u00e8le Gu\u00e9rin, Linetz, Normandie,\u00a0France<\/p>\n<div class=\"hr-thin\"><\/div>\n<h3 class=\"p1\">2014<\/h3>\n<p>&#8220;La collection d\u2019art moderne&#8221;, Mus\u00e9e de Metz,\u00a0France<br \/>\nTreffpunkt Kunst, Museum Haus Ludwig, Saarlouis, Germany<\/p>\n<div class=\"hr-thin\"><\/div>\n<h3 class=\"p1\">2015<\/h3>\n<p>\u00ab Dans les yeux de G\u00e9rard Xuriguera \u00bb, Yohann Gallery, Paris<br \/>\nP gallery, Ath\u00e8nes, Greece<br \/>\nGalerie F. Hessler, Luxembourg<\/p>\n<div class=\"hr-thin\"><\/div>\n<h3 class=\"p1\">2017<\/h3>\n<p>New Hanging: Paintings, Sculptures and Prints<br \/>\nGalerie F. Hessler, Luxembourg<\/p>\n<div class=\"hr-thin\"><\/div>\n<h3>2018<\/h3>\n<p>DIVERGENCES ABSTRAITES<br \/>\nGalerie Bertrand Trocmez <strong>, <\/strong>Clermont Ferrand, France<\/p>\n<div class=\"hr-thin\"><\/div>\n<h3>2019<\/h3>\n<p>\u00ab Convergences Abstraites\u00a0\u00bb\u00a0L\u2019Art au Ch\u00e2teau de la Roquebron, Le Cantal, France.<\/p>\n<div class=\"hr-thin\"><\/div>\n<h3>2021<\/h3>\n<p>Museum in der Kaserne VI,\u00a0Ludwig Galerie,\u00a0Saarlouis, Germany.<br \/>\n&#8220;40 years of expositions of painters and sculptors maid by Bernhard et Ursula Giebel&#8221;.<br \/>\nTextes\u00a0:<span class=\"Apple-converted-space\">\u00a0 <\/span>Peter Demmer, Michel Seuphor, Claudia Wiott-Franz, Michaela Mazurkiewicz-Wonn, Peter Lodermeyer, Karin Scheid<\/p>\n<div class=\"hr-thin\"><\/div>\n<p>[\/vc_column_text][vc_empty_space height=&#8221;22px&#8221;][\/vc_column_inner][\/vc_row_inner][\/vc_column][\/vc_row][vc_row][vc_column][vc_empty_space height=&#8221;62px&#8221;][vc_row_inner][vc_column_inner][vc_column_text]<\/p>\n<h2>Salons, Art Fairs, Biennales and Triennales<\/h2>\n<p>[\/vc_column_text][\/vc_column_inner][\/vc_row_inner][vc_row_inner][vc_column_inner width=&#8221;1\/2&#8243;][vc_text_separator title=&#8221;Salons&#8221; i_icon_fontawesome=&#8221;fa fa-quote-left&#8221; i_color=&#8221;green&#8221; title_align=&#8221;separator_align_left&#8221; color=&#8221;green&#8221; add_icon=&#8221;true&#8221;][vc_column_text]<\/p>\n<p><span class=\"s1\">Jeune Sculpture (\u00a0<\/span><span class=\"s1\">Commitee member from 1969 to 1979<\/span><span class=\"s1\">), Paris<\/span><\/p>\n<p><span class=\"s1\">Grands et Jeunes d\u2019aujourd\u2019hui (<\/span><span class=\"s1\">Committee member from 1986 to 2002<\/span><span class=\"s1\">), Paris<\/span><\/p>\n<p><span class=\"s1\">Salon de Mai, Paris<\/span><\/p>\n<p><span class=\"s1\">R\u00e9alit\u00e9s Nouvelles, Paris<\/span><\/p>\n<p><span class=\"s1\">Comparaisons, Paris<\/span><\/p>\n<p><span class=\"s1\">Salon de Mars, Paris<\/span><\/p>\n<p><span class=\"s1\">Salon de Montrouge,\u00a0France<\/span><\/p>\n<p><span class=\"s1\">Salon d\u2019Octobre de Brive,\u00a0France<\/span><\/p>\n<p><span class=\"s1\">Salon de la Sculpture Contemporaine de Fontenay-sous-Bois,\u00a0France<\/span><\/p>\n<p><span class=\"s1\">Salon d\u2019Art Contemporain de Bourg-en-Bresse,\u00a0France<\/span><\/p>\n<p><span class=\"s1\">Salon d\u2019Angers,\u00a0France<\/span><\/p>\n<p>[\/vc_column_text][vc_text_separator title=&#8221;Art Fairs&#8221; i_icon_fontawesome=&#8221;fa fa-quote-left&#8221; i_color=&#8221;green&#8221; title_align=&#8221;separator_align_left&#8221; color=&#8221;green&#8221; add_icon=&#8221;true&#8221;][vc_column_text]<\/p>\n<h3>1978, 1979 et 1984<\/h3>\n<p><span class=\"s1\">FIAC, Paris, Galerie Bellint<\/span><\/p>\n<div class=\"hr-thin\"><\/div>\n<h3>1996<\/h3>\n<p><span class=\"s1\">SAGA, Les Editions \u00ab\u00a0La Chouette Diurne\u00a0\u00bb en 1995 1996 et<span class=\"Apple-converted-space\">\u00a0<\/span>Art Multiple, D\u00fcsseldorf, Germany<\/span><\/p>\n<div class=\"hr-thin\"><\/div>\n<h3>2003, 2006, 2007<\/h3>\n<p><span class=\"s1\">ART PARIS, Galerie Mich\u00e8le Broutta<\/span><\/p>\n<div class=\"hr-thin\"><\/div>\n<h3>2008, 2009<\/h3>\n<p><span class=\"s1\">ART \u00c9LYS\u00c9ES, Galerie Mich\u00e8le Broutta<\/span><\/p>\n<div class=\"hr-thin\"><\/div>\n<h3>2012<\/h3>\n<p><span class=\"s1\">BRAFA, Bruxelles, Galerie Futur Ant\u00e9rieur, Brussels<\/span><\/p>\n<div class=\"hr-thin\"><\/div>\n<h3>2012<\/h3>\n<p><span class=\"s1\">PAD, Paris, Galerie Sabine Vazieux, Paris<\/span><\/p>\n<p><span class=\"s1\">Olympia International Fine Art &amp; Antique Fair, London, <\/span><\/p>\n<p><span class=\"s1\">Galerie Sabine Vazieux, Paris<\/span><\/p>\n<div class=\"hr-thin\"><\/div>\n<h3>2013<\/h3>\n<p><span class=\"s1\">BRAFA, Bruxelles, Galerie Martel-Greiner, Paris,<\/span><\/p>\n<p><span class=\"s1\">BRAFA, Bruxelles, Galerie Futur Ant\u00e9rieur, Brussels<\/span><\/p>\n<p><span class=\"s1\">PAD, Paris, <\/span><span class=\"s1\">Galerie Martel-Greiner, Paris<\/span><\/p>\n<p><span class=\"s1\">ART PARIS, RCM Galerie, Paris<\/span><\/p>\n<p><span class=\"s1\">ART \u00c9LYS\u00c9ES, RCM Galerie, Paris<\/span><\/p>\n<div class=\"hr-thin\"><\/div>\n<h3>2014<\/h3>\n<p><span class=\"s1\">BRAFA, Bruxelles, Galerie Futur Ant\u00e9rieur, Brussels<\/span><\/p>\n<p><span class=\"s1\">ART \u00c9LYS\u00c9ES,<span class=\"Apple-converted-space\">\u00a0Paris,\u00a0<\/span>Galerie Futur Ant\u00e9rieur,\u00a0Brussels<\/span><\/p>\n<div class=\"hr-thin\"><\/div>\n<h3>2017<\/h3>\n<p><span class=\"s1\">ART \u00c9LYS\u00c9ES, RCM Galerie, Paris<\/span><\/p>\n<div class=\"hr-thin\"><\/div>\n<h3>2018<\/h3>\n<p><span class=\"s1\"><span style=\"font-family: arial, helvetica, sans-serif;\">BRAFA &#8211; ART FAIR, <\/span><span style=\"font-family: arial, helvetica, sans-serif;\">Brussels<\/span><\/span><\/p>\n<div class=\"hr-thin\"><\/div>\n<p>[\/vc_column_text][\/vc_column_inner][vc_column_inner width=&#8221;1\/2&#8243;][vc_text_separator title=&#8221;Biennales and Triennales&#8221; i_icon_fontawesome=&#8221;fa fa-quote-left&#8221; i_color=&#8221;green&#8221; title_align=&#8221;separator_align_left&#8221; color=&#8221;green&#8221; add_icon=&#8221;true&#8221;][vc_column_text]<\/p>\n<h3>1961<\/h3>\n<p><span class=\"s1\">La 4<\/span><span class=\"s2\"><sup>\u00e8me<\/sup><\/span><span class=\"s1\"> Biennale de Conches,\u00a0France<\/span><\/p>\n<div class=\"hr-thin\"><\/div>\n<h3>1973<\/h3>\n<p><span class=\"s1\">La 7<\/span><span class=\"s2\"><sup>\u00e8me<\/sup><\/span><span class=\"s1\"> Biennale de Carrara, Italy<\/span><\/p>\n<div class=\"hr-thin\"><\/div>\n<h3>1979<\/h3>\n<p><span class=\"s1\">La 1\u00e8re Biennale de Brest, France<\/span><\/p>\n<div class=\"hr-thin\"><\/div>\n<h3>1980<\/h3>\n<p><span class=\"s1\">La<span class=\"Apple-converted-space\">\u00a0<\/span>Biennale de Las Palmas, Canary Islands. 1er prix de la sculpture.<\/span><\/p>\n<div class=\"hr-thin\"><\/div>\n<h3>1981<\/h3>\n<p><span class=\"s1\">La 2<\/span><span class=\"s2\"><sup>\u00e8me<\/sup><\/span><span class=\"s1\"> Biennale de Brest, France<\/span><\/p>\n<div class=\"hr-thin\"><\/div>\n<h3>1982<\/h3>\n<p><span class=\"s1\">La Biennale Europ\u00e9enne de Sculpture en Normandie, France<\/span><\/p>\n<div class=\"hr-thin\"><\/div>\n<h3>1983<\/h3>\n<p><span class=\"s1\">La 6<\/span><span class=\"s2\"><sup>\u00e8me<\/sup><\/span><span class=\"s1\"> Biennale de Sculpture de Murska Sobota, Yougoslavia<\/span><\/p>\n<div class=\"hr-thin\"><\/div>\n<h3>1984<\/h3>\n<p><span class=\"s1\">La 1\u00e8re Biennale de Dessin, Clermont-Ferrand, France<\/span><\/p>\n<div class=\"hr-thin\"><\/div>\n<h3>1995<\/h3>\n<p><span class=\"s1\">Triennale Europ\u00e9ene de Sculpture, Jardin des Plantes, Paris<\/span><\/p>\n<div class=\"hr-thin\"><\/div>\n<h3>2006<\/h3>\n<p><span class=\"s1\">Internationale Sculpture Triennal, Poznan, Poland<\/span><\/p>\n<div class=\"hr-thin\"><\/div>\n<h3>2007 et 2009<\/h3>\n<p><span class=\"s1\">Biennale de Sculpture, Propri\u00e9t\u00e9 Caillebotte, Yerres, France<\/span><\/p>\n<div class=\"hr-thin\"><\/div>\n<p>[\/vc_column_text][\/vc_column_inner][\/vc_row_inner][\/vc_column][\/vc_row][vc_row type=&#8221;1&#8243; bg_cover=&#8221;true&#8221; enable_parallax=&#8221;false&#8221;][vc_column][vc_row_inner][vc_column_inner][vc_empty_space height=&#8221;42px&#8221;][\/vc_column_inner][\/vc_row_inner][vc_row_inner][vc_column_inner width=&#8221;1\/3&#8243;][vc_column_text]<\/p>\n<h2>Public Collections<\/h2>\n<p>[\/vc_column_text][vc_column_text]<\/p>\n<p class=\"p1\"><span class=\"s1\">Fonds National d\u2019Art Contemporain, Paris<\/span><\/p>\n<p class=\"p1\"><span class=\"s1\">Universit\u00e9 de Freiburg, Germany<\/span><\/p>\n<p class=\"p1\"><span class=\"s1\">Mus\u00e9e de Sculpture en Plein Air, For\u00eat de S\u00e9nart, Essonne, France<\/span><\/p>\n<p class=\"p1\"><span class=\"s1\">Mus\u00e9e de Ch\u00e2teauroux, France<\/span><\/p>\n<p class=\"p1\"><span class=\"s1\">Mus\u00e9e de Metz, France<\/span><\/p>\n<p class=\"p1\"><span class=\"s1\">Mus\u00e9e d\u2019Art et d\u2019Histoire de Meudon, France<\/span><\/p>\n<p class=\"p1\"><span class=\"s1\">Mus\u00e9e de Siegen, Germany<\/span><\/p>\n<p class=\"p1\"><span class=\"s1\">Mus\u00e9e D\u00e9partemental de l\u2019Oise, Beauvais, France<\/span><\/p>\n<p class=\"p1\"><span class=\"s1\">Mus\u00e9e de Puy\u00f4, South Korea<\/span><\/p>\n<p class=\"p1\"><span class=\"s1\">Satoru Sato Art Museum, City of Tome, Japan<\/span><\/p>\n<p class=\"p1\"><span class=\"s1\">Mus\u00e9e de Montb\u00e9liard (d\u00e9p\u00f4t), France<\/span><\/p>\n<p class=\"p1\"><span class=\"s1\">Centre d\u2019Art Contemporain \u00ab Raymond Farbos \u00bb, Mont de Marsan, France<\/span><\/p>\n<p class=\"p1\"><span class=\"s1\">Mus\u00e9e d\u2019Art, Histoire et Arch\u00e9ologie d\u2019Evreux, France<\/span><\/p>\n<p class=\"p1\"><span class=\"s1\">Mus\u00e9e de la Ville, St-Quentin-en-Yvelines, France<\/span><\/p>\n<p>Airbus Industrie, Toulouse, France<\/p>\n<p>Ville de Gueugnon,\u00a0Sa\u00f4ne-et-Loire, France<\/p>\n<p>[\/vc_column_text][\/vc_column_inner][vc_column_inner width=&#8221;1\/3&#8243;][vc_single_image image=&#8221;2039&#8243; img_size=&#8221;large&#8221; add_caption=&#8221;yes&#8221;][\/vc_column_inner][vc_column_inner width=&#8221;1\/3&#8243;][vc_column_text]<\/p>\n<h2>Private Collections<\/h2>\n<p>[\/vc_column_text][vc_column_text]<\/p>\n<p class=\"p1\"><span class=\"s1\">Germany, <\/span><\/p>\n<p class=\"p1\"><span class=\"s1\">Belgium, <\/span><\/p>\n<p class=\"p1\"><span class=\"s1\">Canada, <\/span><\/p>\n<p class=\"p1\"><span class=\"s1\">Spain, <\/span><\/p>\n<p class=\"p1\"><span class=\"s1\">United States, <\/span><\/p>\n<p class=\"p1\"><span class=\"s1\">France, <\/span><\/p>\n<p class=\"p1\"><span class=\"s1\">United Kingdom, <\/span><\/p>\n<p class=\"p1\"><span class=\"s1\">Luxembourg, <\/span><\/p>\n<p class=\"p1\"><span class=\"s1\">Marocco, <\/span><\/p>\n<p class=\"p1\"><span class=\"s1\">The Netherlands, <\/span><\/p>\n<p class=\"p1\"><span class=\"s1\">Sweden, <\/span><\/p>\n<p class=\"p1\"><span class=\"s1\">Switzerland,..<\/span><\/p>\n<p>[\/vc_column_text][\/vc_column_inner][\/vc_row_inner][vc_row_inner][vc_column_inner width=&#8221;1\/3&#8243;][vc_single_image image=&#8221;2033&#8243; img_size=&#8221;large&#8221; add_caption=&#8221;yes&#8221;][\/vc_column_inner][vc_column_inner width=&#8221;1\/3&#8243;][vc_single_image image=&#8221;2249&#8243; img_size=&#8221;large&#8221; add_caption=&#8221;yes&#8221;][\/vc_column_inner][vc_column_inner width=&#8221;1\/3&#8243;][vc_single_image image=&#8221;1835&#8243; img_size=&#8221;large&#8221; add_caption=&#8221;yes&#8221;][\/vc_column_inner][\/vc_row_inner][vc_row_inner][vc_column_inner width=&#8221;1\/3&#8243;][vc_single_image image=&#8221;1971&#8243; img_size=&#8221;large&#8221; add_caption=&#8221;yes&#8221;][\/vc_column_inner][vc_column_inner width=&#8221;1\/3&#8243;][vc_single_image image=&#8221;2319&#8243; img_size=&#8221;large&#8221; add_caption=&#8221;yes&#8221;][\/vc_column_inner][vc_column_inner width=&#8221;1\/3&#8243;][vc_single_image image=&#8221;2035&#8243; img_size=&#8221;large&#8221; add_caption=&#8221;yes&#8221;][\/vc_column_inner][\/vc_row_inner][vc_row_inner][vc_column_inner width=&#8221;1\/3&#8243;][vc_single_image image=&#8221;2313&#8243; img_size=&#8221;large&#8221; add_caption=&#8221;yes&#8221;][\/vc_column_inner][vc_column_inner width=&#8221;1\/3&#8243;][vc_single_image image=&#8221;2305&#8243; img_size=&#8221;large&#8221; add_caption=&#8221;yes&#8221;][\/vc_column_inner][vc_column_inner width=&#8221;1\/3&#8243;][vc_single_image image=&#8221;2694&#8243; img_size=&#8221;large&#8221; add_caption=&#8221;yes&#8221;][\/vc_column_inner][\/vc_row_inner][\/vc_column][\/vc_row][vc_row][vc_column][vc_row_inner][vc_column_inner][vc_empty_space height=&#8221;62px&#8221;][vc_text_separator title=&#8221;Monumental Sculptures in Public Places&#8221; i_icon_fontawesome=&#8221;fa fa-quote-left&#8221; i_color=&#8221;green&#8221; title_align=&#8221;separator_align_left&#8221; color=&#8221;green&#8221; add_icon=&#8221;true&#8221;][\/vc_column_inner][\/vc_row_inner][vc_row_inner][vc_column_inner width=&#8221;1\/2&#8243;][vc_column_text]<\/p>\n<h3 class=\"p1\">1960<\/h3>\n<p class=\"p1\">RELIEF, brass, 152 x 242 cm, Hall du Lyc\u00e9e, L\u00f6rrach, Germany<\/p>\n<div class=\"hr-thin\"><\/div>\n<h3 class=\"p1\"><span class=\"s1\">1970-71 <span class=\"Apple-converted-space\">\u00a0 <\/span><\/span><\/h3>\n<p class=\"p1\"><span class=\"s1\">SCULPTURE, brass, 300 x 130 x 65 cm, CES Brumath (Bas-Rhin), France<\/span><\/p>\n<div class=\"hr-thin\"><\/div>\n<h3 class=\"p2\"><span class=\"s1\">1971 <span class=\"Apple-converted-space\">\u00a0 \u00a0<\/span><\/span><\/h3>\n<p class=\"p2\"><span class=\"s1\"> \u00c0 L\u2019\u00c9COUTE DU VENT, stainless steel, 400 X 280 X 280 cm, Mus\u00e9e de Sculpture en Plein Air, For\u00eat de S\u00e9nart (Essonne), France<\/span><\/p>\n<div class=\"hr-thin\"><\/div>\n<h3 class=\"p1\"><span class=\"s1\">1971 <span class=\"Apple-converted-space\">\u00a0 \u00a0 <\/span><\/span><\/h3>\n<p class=\"p1\"><span class=\"s1\">SIGNAL, aluminum, 700 x 190 x 70 cm, Cit\u00e9 scolaire, Bar-le-Duc (Meuse), France<\/span><\/p>\n<div class=\"hr-thin\"><\/div>\n<h3 class=\"p1\"><span class=\"s1\">1972 <span class=\"Apple-converted-space\">\u00a0 \u00a0<\/span><\/span><\/h3>\n<p class=\"p1\"><span class=\"s1\"> GRILLE-PORTE,\u00a0stainless steel, 200 x 672 cm, CES B\u00e8gles, (Gironde), France<\/span><\/p>\n<div class=\"hr-thin\"><\/div>\n<h3 class=\"p1\"><span class=\"s1\">1973 <span class=\"Apple-converted-space\">\u00a0 \u00a0 <\/span><\/span><\/h3>\n<p class=\"p1\"><span class=\"s1\">LA MAISON DU SOLEIL, brass, 200 diam. 180 cm, CES Mayet (Sarthe), France<\/span><\/p>\n<div class=\"hr-thin\"><\/div>\n<h3 class=\"p1\"><span class=\"s1\">1973-74<\/span><\/h3>\n<p class=\"p1\"><span class=\"s1\">SCULPTURE-SIGNAL, brass, 400 diam. 180 cm, CES Ars-sur-Moselle (Moselle), France<\/span><\/p>\n<div class=\"hr-thin\"><\/div>\n<h3 class=\"p1\"><span class=\"s1\">1974<\/span><\/h3>\n<p class=\"p1\"><span class=\"s1\">TRIVIUM,\u00a0stainless steel, 230 diam. 185 cm, CET de Monjoux, Besan\u00e7on (Doubs), France<\/span><\/p>\n<div class=\"hr-thin\"><\/div>\n<h3 class=\"p3\"><span class=\"s1\">1974<\/span><\/h3>\n<p class=\"p3\"><span class=\"s1\">BOURGEON d\u2019ACIER,\u00a0stainless steel, 166 diam. 190 cm, Lyc\u00e9e Avesnes-<span class=\"Apple-converted-space\">\u00a0<\/span>sur-Helpe (Nord), France<\/span><\/p>\n<div class=\"hr-thin\"><\/div>\n<h3 class=\"p1\"><span class=\"s1\">1974-75<\/span><\/h3>\n<p class=\"p1\"><span class=\"s1\">GIROUETTE, stainless steel, 450 x 230 x 200 cm, CES Lemberg (Moselle), France<\/span><\/p>\n<div class=\"hr-thin\"><\/div>\n<h3 class=\"p2\"><span class=\"s1\">1975<\/span><\/h3>\n<p class=\"p2\"><span class=\"s1\">SIGNAL,\u00a0stainless steel, H 650 cm, FONTAINE,\u00a0stainless steel, 172 diam.<span class=\"Apple-converted-space\">\u00a0 <\/span>100 cm, Lyc\u00e9e Technique Saint-Ouen-l\u2019Aum\u00f4ne (Val d\u2019Oise), France<\/span><\/p>\n<div class=\"hr-thin\"><\/div>\n<h3 class=\"p2\"><span class=\"s1\">1975<\/span><\/h3>\n<p class=\"p2\"><span class=\"s1\">SCULPTURE EN TROIS \u00c9L\u00c9MENTS, cor-ten steel, 345 diam. 400 cm, CES Houdain (Pas-de-Calais), France<\/span><\/p>\n<h3 class=\"p1\"><span class=\"s1\">1976<\/span><\/h3>\n<p class=\"p1\"><span class=\"s1\">TROIS SCULPTURES GROUP\u00c9ES, cor-ten steel, 300 x 480 x 300 cm, Maizi\u00e8res-l\u00e8s-Metz (Moselle), France<\/span><\/p>\n<div class=\"hr-thin\"><\/div>\n<h3 class=\"p1\"><span class=\"s1\">1976 <\/span><\/h3>\n<p class=\"p1\"><span class=\"s1\">FLEUR D\u2019ACIER, cor-ten steel, 198 x 235 cm, CES Nogent-sur-Seine (Aube), France<\/span><\/p>\n<div class=\"hr-thin\"><\/div>\n<h3 class=\"p1\"><span class=\"s1\">1976-77<\/span><\/h3>\n<p class=\"p1\"><span class=\"s1\">LES CHEMIN\u00c9ES DES F\u00c9ES I, stainless steel, 415 diam 130 cm, Villers-l\u00e8s-Nancy\u00a0<\/span><span class=\"s1\">(Meurthe et Moselle), France<\/span><\/p>\n<div class=\"hr-thin\"><\/div>\n<h3 class=\"p3\"><span class=\"s1\">1977<\/span><\/h3>\n<p class=\"p3\"><span class=\"s1\">FONTAINE MURALE,\u00a0stainless steel, 245 X 800 cm, Hall de la Soci\u00e9t\u00e9 EFI, Fontenay-sous-Bois (Val de Marne), France<\/span><\/p>\n<div class=\"hr-thin\"><\/div>\n<p>[\/vc_column_text][\/vc_column_inner][vc_column_inner width=&#8221;1\/2&#8243;][vc_column_text]<\/p>\n<h3 class=\"p3\"><span class=\"s1\">1977<\/span><\/h3>\n<p class=\"p3\"><span class=\"s1\">LES CHEMIN\u00c9ES DES F\u00c9ES III,\u00a0stainless steel, 456 diam. 140 cm, Saint-Andr\u00e9, Reunion Island<\/span><\/p>\n<div class=\"hr-thin\"><\/div>\n<h3 class=\"p1\"><span class=\"s1\">1977<\/span><\/h3>\n<p class=\"p1\"><span class=\"s1\">LE GESTE, stainless steel, 400 x 140 x 100 cm, CES Morsang-sur-Orge (Essonne), France<\/span><\/p>\n<div class=\"hr-thin\"><\/div>\n<h3 class=\"p2\"><span class=\"s1\">1978 <\/span><\/h3>\n<p class=\"p2\"><span class=\"s1\">LE REGARD TRANSPARENT,\u00a0stainless steel, 254 x 483 x 110 cm, LEP<span class=\"Apple-converted-space\">\u00a0<\/span>Li\u00e9vin (Pas-de-Calais), France<\/span><\/p>\n<div class=\"hr-thin\"><\/div>\n<h3 class=\"p1\"><span class=\"s1\">1979<\/span><\/h3>\n<p class=\"p1\"><span class=\"s1\">SIGNAL, stainless steel, 410 x 160 x 130 cm, CES Marly-l\u00e8s-Metz (Moselle), France<\/span><\/p>\n<div class=\"hr-thin\"><\/div>\n<h3 class=\"p2\"><span class=\"s1\">1980 <\/span><\/h3>\n<p class=\"p2\"><span class=\"s1\">LA GROTTE LUMINEUSE,\u00a0stainless steel, 320 diam. 275 cm, Bessancourt (Val d\u2019Oise), France<\/span><\/p>\n<div class=\"hr-thin\"><\/div>\n<h3 class=\"p2\"><span class=\"s1\">1982<\/span><\/h3>\n<p class=\"p2\"><span class=\"s1\">LE PONT DE GRATTELOUP,\u00a0stainless steel, 455 x 400 x 310 cm, Ville Nouvelle Saint-Quentin-en-Yvelines (Yvelines), France<\/span><\/p>\n<div class=\"hr-thin\"><\/div>\n<h3 class=\"p2\"><span class=\"s1\">1983<\/span><\/h3>\n<p class=\"p2\"><span class=\"s1\">L\u2019AIGLE,\u00a0stainless steel, 580 x 370 x 330 cm, Barracks of the 9th R.C.P., Pamiers (Ari\u00e8ge), France<\/span><\/p>\n<div class=\"hr-thin\"><\/div>\n<h3 class=\"p2\"><span class=\"s1\">1983<\/span><\/h3>\n<p class=\"p2\"><span class=\"s1\">RELIEF, glass and steel, 180 x 500 cm, Cit\u00e9 Scolaire, Saint-Beno\u00eet,\u00a0Reunion Island<\/span><\/p>\n<div class=\"hr-thin\"><\/div>\n<h3 class=\"p2\"><span class=\"s1\">1985<\/span><\/h3>\n<p class=\"p2\"><span class=\"s1\">PROTECTION, stainless steel, 450 x 140 x 85 cm, New Gendarmerie, Orange (Vaucluse), France<\/span><\/p>\n<div class=\"hr-thin\"><\/div>\n<h3 class=\"p1\"><span class=\"s1\">1985<\/span><\/h3>\n<p class=\"p1\"><span class=\"s1\">VOL DE VIE, stainless steel, 200 x 270 x 75 cm, Airbus Industrie, Toulouse\u00a0<\/span><span class=\"s1\">(Haute-Garonne), France<\/span><\/p>\n<div class=\"hr-thin\"><\/div>\n<h3 class=\"p1\"><span class=\"s1\">1987<\/span><\/h3>\n<p class=\"p1\"><span class=\"s1\">ARBRE D\u2019ACIER, stainless steel, 485 x 200 190 cm, Ville de Gueugnon <\/span><span class=\"s1\">(Sa\u00f4ne-et-Loire), France<\/span><\/p>\n<div class=\"hr-thin\"><\/div>\n<h3 class=\"p1\"><span class=\"s1\">1990<\/span><\/h3>\n<p class=\"p1\"><span class=\"s1\">SUITE DE 11 BAS-RELIEFS, stainless steel, 60 x 100 cm chaque, Sporthalle\u00a0<\/span><span class=\"s1\">Bl\u00fccherstrasse, Karlsruhe, Germany<\/span><\/p>\n<div class=\"hr-thin\"><\/div>\n<h3 class=\"p1\"><span class=\"s1\">1998<\/span><\/h3>\n<p class=\"p1\"><span class=\"s1\">LES GRIFFONS, two sculptures in stainless steel, 156 x 93 x 70 cm<\/span><span class=\"s1\"><span class=\"Apple-converted-space\">\u00a0each<\/span>, H\u00f4tel Hilton, Francfort, Germany<\/span><\/p>\n<div class=\"hr-thin\"><\/div>\n<h3 class=\"p2\"><span class=\"s1\">1999<\/span><\/h3>\n<p class=\"p2\"><span class=\"s1\">UNITY, LOVE and ETERNITY, 1999, stainless steel, 316 x 110 x 110 cm, Parc de Sculptures, Puy\u00f6, South Korea<\/span><\/p>\n<div class=\"hr-thin\"><\/div>\n<h3 class=\"p1\"><span class=\"s1\">2001-02<\/span><\/h3>\n<p class=\"p1\"><span class=\"s1\">AMITI\u00c9, FRATERNIT\u00c9, HARMONIE, 2001-2002, stainless steel, 224 x 170 x 170 cm, Ville<\/span><span class=\"s1\"><span class=\"Apple-converted-space\">\u00a0<\/span>d\u2019Uckange (Moselle), France<\/span><\/p>\n<div class=\"hr-thin\"><\/div>\n<p>[\/vc_column_text][\/vc_column_inner][\/vc_row_inner][\/vc_column][\/vc_row]<\/p>\n<\/div>","protected":false},"excerpt":{"rendered":"<p>[vc_row css=&#8221;.vc_custom_1495646102662{margin-bottom: 100px !important;}&#8221;][vc_column][vc_column_text] Biography [\/vc_column_text][\/vc_column][\/vc_row][vc_row type=&#8221;1&#8243; bg_cover=&#8221;true&#8221; enable_parallax=&#8221;false&#8221; css=&#8221;.vc_custom_1498645532998{margin-bottom: 100px !important;}&#8221;][vc_column][vc_empty_space height=&#8221;42px&#8221;][vc_column_text] This Website is a meeting with a &#8220;charmer of metal&#8221; \u00ab\u00a0Cor-ten&#8221;, he said, &#8220;is a mysterious metal &#8230;&#8221;Dietrich-Mohr, steel blue eyes, stainless steel speech, knows mysteries &#8230;In the midst of his works: &#8220;The process of creation is not always very conscious. I&hellip;<\/p>\n","protected":false},"author":1,"featured_media":0,"parent":0,"menu_order":0,"comment_status":"closed","ping_status":"closed","template":"","meta":{"footnotes":""},"class_list":["post-2664","page","type-page","status-publish","hentry","description-off"],"_links":{"self":[{"href":"https:\/\/dietrich-mohr.com\/en\/wp-json\/wp\/v2\/pages\/2664","targetHints":{"allow":["GET"]}}],"collection":[{"href":"https:\/\/dietrich-mohr.com\/en\/wp-json\/wp\/v2\/pages"}],"about":[{"href":"https:\/\/dietrich-mohr.com\/en\/wp-json\/wp\/v2\/types\/page"}],"author":[{"embeddable":true,"href":"https:\/\/dietrich-mohr.com\/en\/wp-json\/wp\/v2\/users\/1"}],"replies":[{"embeddable":true,"href":"https:\/\/dietrich-mohr.com\/en\/wp-json\/wp\/v2\/comments?post=2664"}],"version-history":[{"count":52,"href":"https:\/\/dietrich-mohr.com\/en\/wp-json\/wp\/v2\/pages\/2664\/revisions"}],"predecessor-version":[{"id":188403,"href":"https:\/\/dietrich-mohr.com\/en\/wp-json\/wp\/v2\/pages\/2664\/revisions\/188403"}],"wp:attachment":[{"href":"https:\/\/dietrich-mohr.com\/en\/wp-json\/wp\/v2\/media?parent=2664"}],"curies":[{"name":"wp","href":"https:\/\/api.w.org\/{rel}","templated":true}]}}