{"id":2658,"date":"2017-05-03T14:39:49","date_gmt":"2017-05-03T12:39:49","guid":{"rendered":"https:\/\/dietrich-mohr.com\/site\/collections\/"},"modified":"2017-05-03T14:39:49","modified_gmt":"2017-05-03T12:39:49","slug":"collections","status":"publish","type":"page","link":"https:\/\/dietrich-mohr.com\/en\/collections\/","title":{"rendered":"Collections"},"content":{"rendered":"<div class=\"wpb-content-wrapper\"><p>[vc_row][vc_column][vc_column_text]<\/p>\n<h2 class=\"p1\"><span class=\"s1\">COLLECTIONS PUBLIQUES<\/span><\/h2>\n<p class=\"p1\"><span class=\"s1\">Fonds National d\u2019Art Contemporain, Paris<\/span><\/p>\n<p class=\"p1\"><span class=\"s1\">Universit\u00e9 de Freiburg, All.<\/span><\/p>\n<p class=\"p1\"><span class=\"s1\">Mus\u00e9e de Sculpture en Plein Air, For\u00eat de S\u00e9nart, Essonne<\/span><\/p>\n<p class=\"p1\"><span class=\"s1\">Mus\u00e9e de Ch\u00e2teauroux<\/span><\/p>\n<p class=\"p1\"><span class=\"s1\">Mus\u00e9e de Metz<\/span><\/p>\n<p class=\"p1\"><span class=\"s1\">Mus\u00e9e d\u2019Art de d\u2019Histoire de Meudon<\/span><\/p>\n<p class=\"p1\"><span class=\"s1\">Mus\u00e9e de Siegen, All.<\/span><\/p>\n<p class=\"p1\"><span class=\"s1\">Mus\u00e9e D\u00e9partemental de l\u2019Oise, Beauvais<\/span><\/p>\n<p class=\"p1\"><span class=\"s1\">Mus\u00e9e de Puy\u00f4, Cor\u00e9e du Sud<\/span><\/p>\n<p class=\"p1\"><span class=\"s1\">Satoru Sato Art Museum, City of Tome, Japon<\/span><\/p>\n<p class=\"p1\"><span class=\"s1\">Mus\u00e9e de Montb\u00e9liard (d\u00e9p\u00f4t)<\/span><\/p>\n<p class=\"p1\"><span class=\"s1\">Centre d\u2019Art Contemporain \u00ab Raymond Farbos \u00bb, Mont de Marsan<\/span><\/p>\n<p class=\"p1\"><span class=\"s1\">Mus\u00e9e d\u2019Art, Histoire et d\u2019Arch\u00e9ologie d\u2019Evreux<\/span><\/p>\n<p class=\"p1\"><span class=\"s1\">Mus\u00e9e de la Ville, St-Quentin-en-Yvelines<\/span><\/p>\n<p>[\/vc_column_text][\/vc_column][\/vc_row][vc_row][vc_column][vc_column_text]<\/p>\n<h2 class=\"p1\"><span class=\"s1\">COLLECTIONS PARTICULI\u00c8RES<\/span><\/h2>\n<p class=\"p1\"><span class=\"s1\">Allemagne, Belgique, Canada, Espagne, Etats-Unis, France, Grande-Bretagne, Luxembourg, Maroc, Pays-Bas, Su\u00e8de, Suisse,..<\/span><\/p>\n<p>[\/vc_column_text][\/vc_column][\/vc_row]<\/p>\n<\/div>","protected":false},"excerpt":{"rendered":"<p>[vc_row][vc_column][vc_column_text] COLLECTIONS PUBLIQUES Fonds National d\u2019Art Contemporain, Paris Universit\u00e9 de Freiburg, All. Mus\u00e9e de Sculpture en Plein Air, For\u00eat de S\u00e9nart, Essonne Mus\u00e9e de Ch\u00e2teauroux Mus\u00e9e de Metz Mus\u00e9e d\u2019Art de d\u2019Histoire de Meudon Mus\u00e9e de Siegen, All. Mus\u00e9e D\u00e9partemental de l\u2019Oise, Beauvais Mus\u00e9e de Puy\u00f4, Cor\u00e9e du Sud Satoru Sato Art Museum, City of&hellip;<\/p>\n","protected":false},"author":1,"featured_media":0,"parent":0,"menu_order":0,"comment_status":"closed","ping_status":"closed","template":"","meta":{"footnotes":""},"class_list":["post-2658","page","type-page","status-publish","hentry","description-off"],"_links":{"self":[{"href":"https:\/\/dietrich-mohr.com\/en\/wp-json\/wp\/v2\/pages\/2658","targetHints":{"allow":["GET"]}}],"collection":[{"href":"https:\/\/dietrich-mohr.com\/en\/wp-json\/wp\/v2\/pages"}],"about":[{"href":"https:\/\/dietrich-mohr.com\/en\/wp-json\/wp\/v2\/types\/page"}],"author":[{"embeddable":true,"href":"https:\/\/dietrich-mohr.com\/en\/wp-json\/wp\/v2\/users\/1"}],"replies":[{"embeddable":true,"href":"https:\/\/dietrich-mohr.com\/en\/wp-json\/wp\/v2\/comments?post=2658"}],"version-history":[{"count":0,"href":"https:\/\/dietrich-mohr.com\/en\/wp-json\/wp\/v2\/pages\/2658\/revisions"}],"wp:attachment":[{"href":"https:\/\/dietrich-mohr.com\/en\/wp-json\/wp\/v2\/media?parent=2658"}],"curies":[{"name":"wp","href":"https:\/\/api.w.org\/{rel}","templated":true}]}}