{"id":2652,"date":"2017-06-02T19:37:54","date_gmt":"2017-06-02T17:37:54","guid":{"rendered":"https:\/\/dietrich-mohr.com\/site\/livre-d-or\/"},"modified":"2022-01-17T16:05:35","modified_gmt":"2022-01-17T15:05:35","slug":"iconography","status":"publish","type":"page","link":"https:\/\/dietrich-mohr.com\/en\/iconography\/","title":{"rendered":"Iconography"},"content":{"rendered":"<div class=\"wpb-content-wrapper\"><p>[vc_row][vc_column][vc_column_text]<\/p>\n<h1 class=\"p1\"><span class=\"s1\">Iconography<\/span><\/h1>\n<p>[\/vc_column_text][\/vc_column][\/vc_row][vc_row type=&#8221;1&#8243; bg_cover=&#8221;true&#8221; enable_parallax=&#8221;false&#8221;][vc_column][vc_empty_space height=&#8221;62px&#8221;][vc_column_text]<\/p>\n<h2 class=\"p1\">The Studios of Dietrich-Mohr<\/h2>\n<p>[\/vc_column_text][vc_empty_space][\/vc_column][\/vc_row][vc_row][vc_column][vc_empty_space][vc_column_text]<\/p>\n<h3>1951-1953 &#8211; Acad\u00e9mie de La Grande Chaumi\u00e8re<\/h3>\n<p class=\"p1\"><strong><span class=\"s1\">OSSIP\u00a0<\/span>ZADKINE<\/strong> in front of his studio, Acad\u00e9mie de La Grande Chaumi\u00e8re<\/p>\n<p>[\/vc_column_text][vc_row_inner][vc_column_inner width=&#8221;1\/3&#8243;][vc_single_image image=&#8221;1995&#8243; img_size=&#8221;large&#8221; onclick=&#8221;link_image&#8221;][\/vc_column_inner][vc_column_inner width=&#8221;1\/3&#8243;][\/vc_column_inner][vc_column_inner width=&#8221;1\/3&#8243;][\/vc_column_inner][\/vc_row_inner][\/vc_column][\/vc_row][vc_row type=&#8221;1&#8243; bg_cover=&#8221;true&#8221; enable_parallax=&#8221;false&#8221;][vc_column][vc_empty_space][vc_column_text]<\/p>\n<h3>1954-1966 Studio Cit\u00e9 Falgui\u00e8re<\/h3>\n<p>[\/vc_column_text][vc_row_inner][vc_column_inner width=&#8221;1\/3&#8243;][vc_single_image image=&#8221;1999&#8243; img_size=&#8221;large&#8221; onclick=&#8221;link_image&#8221;][\/vc_column_inner][vc_column_inner width=&#8221;1\/3&#8243;][vc_single_image image=&#8221;1997&#8243; img_size=&#8221;large&#8221; onclick=&#8221;link_image&#8221;][\/vc_column_inner][vc_column_inner width=&#8221;1\/3&#8243;][vc_single_image image=&#8221;2227&#8243; img_size=&#8221;large&#8221; add_caption=&#8221;yes&#8221; onclick=&#8221;link_image&#8221;][\/vc_column_inner][\/vc_row_inner][\/vc_column][\/vc_row][vc_row][vc_column][vc_empty_space][vc_column_text]<\/p>\n<h3>1966-72 &#8211; Studio rue Vercing\u00e9torix, Paris XIV<\/h3>\n<p>[\/vc_column_text][vc_row_inner][vc_column_inner width=&#8221;1\/2&#8243;][vc_single_image image=&#8221;2229&#8243; img_size=&#8221;large&#8221; onclick=&#8221;link_image&#8221;][\/vc_column_inner][vc_column_inner width=&#8221;1\/2&#8243;][vc_single_image image=&#8221;2231&#8243; img_size=&#8221;large&#8221; onclick=&#8221;link_image&#8221;][vc_single_image image=&#8221;3214&#8243; img_size=&#8221;large&#8221; onclick=&#8221;link_image&#8221;][\/vc_column_inner][\/vc_row_inner][\/vc_column][\/vc_row][vc_row type=&#8221;1&#8243; bg_cover=&#8221;true&#8221; enable_parallax=&#8221;false&#8221;][vc_column][vc_empty_space][vc_column_text]<\/p>\n<h3>1972-92 &#8211; Studio Cit\u00e9 Magenta, Paris X<\/h3>\n<p>[\/vc_column_text][vc_row_inner][vc_column_inner width=&#8221;1\/3&#8243;][vc_single_image image=&#8221;2235&#8243; img_size=&#8221;large&#8221; onclick=&#8221;link_image&#8221;][\/vc_column_inner][vc_column_inner width=&#8221;1\/3&#8243;][vc_single_image image=&#8221;2237&#8243; img_size=&#8221;large&#8221; onclick=&#8221;link_image&#8221;][\/vc_column_inner][vc_column_inner width=&#8221;1\/3&#8243;][vc_single_image image=&#8221;2239&#8243; img_size=&#8221;large&#8221; onclick=&#8221;link_image&#8221;][\/vc_column_inner][\/vc_row_inner][\/vc_column][\/vc_row][vc_row][vc_column][vc_empty_space][vc_column_text]<\/p>\n<h3>1978\u2026 &#8211; Studio Busloup<\/h3>\n<p>[\/vc_column_text][vc_row_inner][vc_column_inner width=&#8221;1\/3&#8243;][vc_single_image image=&#8221;2241&#8243; img_size=&#8221;large&#8221; onclick=&#8221;link_image&#8221;][\/vc_column_inner][vc_column_inner width=&#8221;1\/3&#8243;][vc_single_image image=&#8221;3265&#8243; img_size=&#8221;large&#8221; onclick=&#8221;link_image&#8221;][\/vc_column_inner][vc_column_inner width=&#8221;1\/3&#8243;][vc_single_image image=&#8221;3259&#8243; img_size=&#8221;large&#8221; onclick=&#8221;link_image&#8221;][\/vc_column_inner][\/vc_row_inner][vc_row_inner][vc_column_inner width=&#8221;1\/3&#8243;][vc_single_image image=&#8221;3262&#8243; img_size=&#8221;large&#8221; onclick=&#8221;link_image&#8221;][\/vc_column_inner][vc_column_inner width=&#8221;1\/3&#8243;][vc_single_image image=&#8221;2383&#8243; img_size=&#8221;large&#8221; add_caption=&#8221;yes&#8221; onclick=&#8221;link_image&#8221;][\/vc_column_inner][vc_column_inner width=&#8221;1\/3&#8243;][vc_single_image image=&#8221;2381&#8243; img_size=&#8221;large&#8221; onclick=&#8221;link_image&#8221;][\/vc_column_inner][\/vc_row_inner][\/vc_column][\/vc_row][vc_row type=&#8221;1&#8243; bg_cover=&#8221;true&#8221; enable_parallax=&#8221;false&#8221;][vc_column][vc_empty_space][vc_column_text]<\/p>\n<h3>1992\u2026 &#8211; Studio Fontenay-sous-Bois<\/h3>\n<p>[\/vc_column_text][vc_row_inner][vc_column_inner width=&#8221;1\/3&#8243;][vc_single_image image=&#8221;2245&#8243; img_size=&#8221;large&#8221; onclick=&#8221;link_image&#8221;][\/vc_column_inner][vc_column_inner width=&#8221;1\/3&#8243;][vc_single_image image=&#8221;2273&#8243; img_size=&#8221;large&#8221; onclick=&#8221;link_image&#8221;][\/vc_column_inner][vc_column_inner width=&#8221;1\/3&#8243;][vc_single_image image=&#8221;2247&#8243; img_size=&#8221;large&#8221; onclick=&#8221;link_image&#8221;][\/vc_column_inner][\/vc_row_inner][vc_row_inner][vc_column_inner width=&#8221;2\/3&#8243;][vc_single_image image=&#8221;2243&#8243; img_size=&#8221;large&#8221; onclick=&#8221;link_image&#8221;][\/vc_column_inner][vc_column_inner width=&#8221;1\/3&#8243;][vc_single_image image=&#8221;2275&#8243; img_size=&#8221;large&#8221; onclick=&#8221;link_image&#8221;][\/vc_column_inner][\/vc_row_inner][\/vc_column][\/vc_row][vc_row][vc_column][vc_empty_space][vc_column_text]<\/p>\n<h3>Mus\u00e9e de sculpture en plein air, For\u00eat de S\u00e9nart, Essonne<\/h3>\n<p>[\/vc_column_text][vc_row_inner][vc_column_inner width=&#8221;1\/3&#8243;][vc_single_image image=&#8221;2131&#8243; img_size=&#8221;large&#8221; add_caption=&#8221;yes&#8221; onclick=&#8221;link_image&#8221;][\/vc_column_inner][vc_column_inner width=&#8221;1\/3&#8243;][vc_single_image image=&#8221;2003&#8243; img_size=&#8221;large&#8221; onclick=&#8221;link_image&#8221;][\/vc_column_inner][vc_column_inner width=&#8221;1\/3&#8243;][vc_single_image image=&#8221;2005&#8243; img_size=&#8221;large&#8221; onclick=&#8221;link_image&#8221;][\/vc_column_inner][\/vc_row_inner][vc_single_image image=&#8221;1779&#8243; img_size=&#8221;large&#8221; add_caption=&#8221;yes&#8221; onclick=&#8221;link_image&#8221;][\/vc_column][\/vc_row][vc_row type=&#8221;1&#8243; bg_cover=&#8221;true&#8221; enable_parallax=&#8221;false&#8221;][vc_column][vc_empty_space height=&#8221;62px&#8221;][vc_column_text]<\/p>\n<h3>Solo Exhibition, Mus\u00e9e d&#8217;Art Moderne of Troyes 2002<\/h3>\n<p>[\/vc_column_text][vc_row_inner][vc_column_inner width=&#8221;2\/3&#8243;]\n<div class=\"slider-simple shortcode-photo-slider owl-carousel dt-owl-carousel-init photoSlider\" data-width=\"800\" data-height=\"600\" data-autoslide=\"8000\" data-paused=\"true\" style=\"width: 100%\" data-img-mode=\"fill\">\n\t<div class=\"slide-item\">\n\t\t<img loading=\"lazy\" decoding=\"async\" class=\"preload-me aspect\" src=\"https:\/\/dietrich-mohr.com\/site\/wp-content\/uploads\/2017\/09\/Philippe-Chabert-et-Dietrich-Mohr-Troyes-2002.jpg\" srcset=\"https:\/\/dietrich-mohr.com\/site\/wp-content\/uploads\/2017\/09\/Philippe-Chabert-et-Dietrich-Mohr-Troyes-2002.jpg 1250w\" style=\"--ratio: 1250 \/ 748\" sizes=\"auto, (max-width: 1250px) 100vw, 1250px\" width=\"1250\" height=\"748\"  alt=\"\"  \/>\n\t\t<div class=\"slider-post-caption\">\n\t\t\t<div class=\"slider-post-inner\">\n\t\t\t\t<h4>Philippe Chabert et Dietrich-Mohr, Troyes, 2002<\/h4>\n\t\t\t<\/div>\n\t\t<\/div><\/div>\n\t<div class=\"slide-item\">\n\t\t<img loading=\"lazy\" decoding=\"async\" class=\"preload-me aspect\" src=\"https:\/\/dietrich-mohr.com\/site\/wp-content\/uploads\/2017\/09\/Chu-teh-Chun-Elisabeth-Thoma-Troyes-2002.jpg\" srcset=\"https:\/\/dietrich-mohr.com\/site\/wp-content\/uploads\/2017\/09\/Chu-teh-Chun-Elisabeth-Thoma-Troyes-2002.jpg 1250w\" style=\"--ratio: 1250 \/ 896\" sizes=\"auto, (max-width: 1250px) 100vw, 1250px\" width=\"1250\" height=\"896\"  alt=\"\"  \/>\n\t\t<div class=\"slider-post-caption\">\n\t\t\t<div class=\"slider-post-inner\">\n\t\t\t\t<h4>Chu-teh-Chun, Ching-Chao Chu, Elisabeth Thoma, Troyes 2002<\/h4>\n\t\t\t<\/div>\n\t\t<\/div><\/div>\n\t<div class=\"slide-item\">\n\t\t<img loading=\"lazy\" decoding=\"async\" class=\"preload-me aspect\" src=\"https:\/\/dietrich-mohr.com\/site\/wp-content\/uploads\/2017\/09\/Chu-teh-Chun-Dietrich-Mohr-Jose-Subira-Puig.jpg\" srcset=\"https:\/\/dietrich-mohr.com\/site\/wp-content\/uploads\/2017\/09\/Chu-teh-Chun-Dietrich-Mohr-Jose-Subira-Puig.jpg 1250w\" style=\"--ratio: 1250 \/ 844\" sizes=\"auto, (max-width: 1250px) 100vw, 1250px\" width=\"1250\" height=\"844\"  alt=\"\"  \/>\n\t\t<div class=\"slider-post-caption\">\n\t\t\t<div class=\"slider-post-inner\">\n\t\t\t\t<h4>Chu-teh-Chun, Dietrich-Mohr, Jos\u00e9 Subira-Puig, vernissage, 2002<\/h4>\n\t\t\t<\/div>\n\t\t<\/div><\/div>\n\t<div class=\"slide-item\">\n\t\t<img loading=\"lazy\" decoding=\"async\" class=\"preload-me aspect\" src=\"https:\/\/dietrich-mohr.com\/site\/wp-content\/uploads\/2017\/09\/Deborah-Boher-Dietrich-Mohr-Troyes-2002.jpg\" srcset=\"https:\/\/dietrich-mohr.com\/site\/wp-content\/uploads\/2017\/09\/Deborah-Boher-Dietrich-Mohr-Troyes-2002.jpg 1250w\" style=\"--ratio: 1250 \/ 845\" sizes=\"auto, (max-width: 1250px) 100vw, 1250px\" width=\"1250\" height=\"845\"  alt=\"\"  \/>\n\t\t<div class=\"slider-post-caption\">\n\t\t\t<div class=\"slider-post-inner\">\n\t\t\t\t<h4>Deborah Boxer, Dietrich-Mohr, Troyes 2002<\/h4>\n\t\t\t<\/div>\n\t\t<\/div><\/div>\n\t<div class=\"slide-item\">\n\t\t<img loading=\"lazy\" decoding=\"async\" class=\"preload-me aspect\" src=\"https:\/\/dietrich-mohr.com\/site\/wp-content\/uploads\/2017\/09\/Denis-Monfleur-Mary-Ann-Jean-Claude-Lethiais-Troyes-2002.jpg\" srcset=\"https:\/\/dietrich-mohr.com\/site\/wp-content\/uploads\/2017\/09\/Denis-Monfleur-Mary-Ann-Jean-Claude-Lethiais-Troyes-2002.jpg 1250w\" style=\"--ratio: 1250 \/ 842\" sizes=\"auto, (max-width: 1250px) 100vw, 1250px\" width=\"1250\" height=\"842\"  alt=\"\"  \/>\n\t\t<div class=\"slider-post-caption\">\n\t\t\t<div class=\"slider-post-inner\">\n\t\t\t\t<h4>Denis Monfleur, Mary Ann Mohr, Jean-Claude Lethiais, Troyes 2002<\/h4>\n\t\t\t<\/div>\n\t\t<\/div><\/div>\n\t<div class=\"slide-item\">\n\t\t<img loading=\"lazy\" decoding=\"async\" class=\"preload-me aspect\" src=\"https:\/\/dietrich-mohr.com\/site\/wp-content\/uploads\/2017\/09\/Silvia-et-Wolfgang-FeryVernissage-Troyes-2002.jpg\" srcset=\"https:\/\/dietrich-mohr.com\/site\/wp-content\/uploads\/2017\/09\/Silvia-et-Wolfgang-FeryVernissage-Troyes-2002.jpg 1250w\" style=\"--ratio: 1250 \/ 973\" sizes=\"auto, (max-width: 1250px) 100vw, 1250px\" width=\"1250\" height=\"973\"  alt=\"\"  \/>\n\t\t<div class=\"slider-post-caption\">\n\t\t\t<div class=\"slider-post-inner\">\n\t\t\t\t<h4>Silvia et Wolfgang Fery, vernissage Troyes<\/h4>\n\t\t\t<\/div>\n\t\t<\/div><\/div>\n\t<div class=\"slide-item\">\n\t\t<img loading=\"lazy\" decoding=\"async\" class=\"preload-me aspect\" src=\"https:\/\/dietrich-mohr.com\/site\/wp-content\/uploads\/2017\/09\/Georges-Bayon-Dimas-Macedo-Jean-Claude-Lethiais-Dietrich-Mohr.jpg\" srcset=\"https:\/\/dietrich-mohr.com\/site\/wp-content\/uploads\/2017\/09\/Georges-Bayon-Dimas-Macedo-Jean-Claude-Lethiais-Dietrich-Mohr.jpg 1250w\" style=\"--ratio: 1250 \/ 793\" sizes=\"auto, (max-width: 1250px) 100vw, 1250px\" width=\"1250\" height=\"793\"  alt=\"\"  \/>\n\t\t<div class=\"slider-post-caption\">\n\t\t\t<div class=\"slider-post-inner\">\n\t\t\t\t<h4>Jacques Boyon, Dimas Macedo, Jean-Claude Lethiais, Dietrich-Mohr, vernissage<\/h4>\n\t\t\t<\/div>\n\t\t<\/div><\/div>\n\t<div class=\"slide-item\">\n\t\t<img loading=\"lazy\" decoding=\"async\" class=\"preload-me aspect\" src=\"https:\/\/dietrich-mohr.com\/site\/wp-content\/uploads\/2017\/09\/Louis-Streissel-Christian-Troyes-2002.jpg\" srcset=\"https:\/\/dietrich-mohr.com\/site\/wp-content\/uploads\/2017\/09\/Louis-Streissel-Christian-Troyes-2002.jpg 1250w\" style=\"--ratio: 1250 \/ 889\" sizes=\"auto, (max-width: 1250px) 100vw, 1250px\" width=\"1250\" height=\"889\"  alt=\"\"  \/>\n\t\t<div class=\"slider-post-caption\">\n\t\t\t<div class=\"slider-post-inner\">\n\t\t\t\t<h4>Louis Streissel, Christian, vernissage, Troyes 2002<\/h4>\n\t\t\t<\/div>\n\t\t<\/div><\/div>\n\t<div class=\"slide-item\">\n\t\t<img loading=\"lazy\" decoding=\"async\" class=\"preload-me aspect\" src=\"https:\/\/dietrich-mohr.com\/site\/wp-content\/uploads\/2017\/09\/Mary-Ann-et-Dietrich-Mohr-Troyes-2002.jpg\" srcset=\"https:\/\/dietrich-mohr.com\/site\/wp-content\/uploads\/2017\/09\/Mary-Ann-et-Dietrich-Mohr-Troyes-2002.jpg 1250w\" style=\"--ratio: 1250 \/ 935\" sizes=\"auto, (max-width: 1250px) 100vw, 1250px\" width=\"1250\" height=\"935\"  alt=\"\"  \/>\n\t\t<div class=\"slider-post-caption\">\n\t\t\t<div class=\"slider-post-inner\">\n\t\t\t\t<h4>Mary Ann et Dietrich-Mohr, vernissage, Troyes 2002<\/h4>\n\t\t\t<\/div>\n\t\t<\/div><\/div>\n\t<div class=\"slide-item\">\n\t\t<img loading=\"lazy\" decoding=\"async\" class=\"preload-me aspect\" src=\"https:\/\/dietrich-mohr.com\/site\/wp-content\/uploads\/2017\/09\/Philippe-Chabert-et-Dietrich-Mohr-Troyes-2002-V2.jpg\" srcset=\"https:\/\/dietrich-mohr.com\/site\/wp-content\/uploads\/2017\/09\/Philippe-Chabert-et-Dietrich-Mohr-Troyes-2002-V2.jpg 1250w\" style=\"--ratio: 1250 \/ 927\" sizes=\"auto, (max-width: 1250px) 100vw, 1250px\" width=\"1250\" height=\"927\"  alt=\"\"  \/>\n\t\t<div class=\"slider-post-caption\">\n\t\t\t<div class=\"slider-post-inner\">\n\t\t\t\t<h4>Philippe Chabert et Dietrich-Mohr, vernissage, Troyes 2002<\/h4>\n\t\t\t<\/div>\n\t\t<\/div><\/div>\n\t<div class=\"slide-item\">\n\t\t<img loading=\"lazy\" decoding=\"async\" class=\"preload-me aspect\" src=\"https:\/\/dietrich-mohr.com\/site\/wp-content\/uploads\/2017\/09\/Chu-teh-Chun-Dietrich-et-Mary-Ann-Mohr-Patrick-Gilles-Persin-2002.jpg\" srcset=\"https:\/\/dietrich-mohr.com\/site\/wp-content\/uploads\/2017\/09\/Chu-teh-Chun-Dietrich-et-Mary-Ann-Mohr-Patrick-Gilles-Persin-2002.jpg 1250w\" style=\"--ratio: 1250 \/ 845\" sizes=\"auto, (max-width: 1250px) 100vw, 1250px\" width=\"1250\" height=\"845\"  alt=\"\"  \/>\n\t\t<div class=\"slider-post-caption\">\n\t\t\t<div class=\"slider-post-inner\">\n\t\t\t\t<h4>Chu-teh-Chun, Dietrich et Mary Ann Mohr, Patrick-Gilles Persin, Troyes 2002<\/h4>\n\t\t\t<\/div>\n\t\t<\/div><\/div>\n\t<div class=\"slide-item\">\n\t\t<img loading=\"lazy\" decoding=\"async\" class=\"preload-me aspect\" src=\"https:\/\/dietrich-mohr.com\/site\/wp-content\/uploads\/2017\/09\/Pierre-Cabanne-et-Dietrich-Mohr-Troyes-2002.jpg\" srcset=\"https:\/\/dietrich-mohr.com\/site\/wp-content\/uploads\/2017\/09\/Pierre-Cabanne-et-Dietrich-Mohr-Troyes-2002.jpg 1250w\" style=\"--ratio: 1250 \/ 853\" sizes=\"auto, (max-width: 1250px) 100vw, 1250px\" width=\"1250\" height=\"853\"  alt=\"\"  \/>\n\t\t<div class=\"slider-post-caption\">\n\t\t\t<div class=\"slider-post-inner\">\n\t\t\t\t<h4>Pierre Cabanne et Dietrich-Mohr, Troyes 2002<\/h4>\n\t\t\t<\/div>\n\t\t<\/div><\/div><\/div>[\/vc_column_inner][vc_column_inner width=&#8221;1\/3&#8243;][vc_single_image image=&#8221;2525&#8243; img_size=&#8221;large&#8221; add_caption=&#8221;yes&#8221;][\/vc_column_inner][\/vc_row_inner][vc_empty_space height=&#8221;62px&#8221;][\/vc_column][\/vc_row][vc_row][vc_column][vc_empty_space height=&#8221;62px&#8221;][vc_column_text]<\/p>\n<h3>Solo Exhibition,\u00a0Ch\u00e2teau of Carrouges,\u00a0Orne\u00a02004<\/h3>\n<p>[\/vc_column_text][vc_row_inner][vc_column_inner width=&#8221;2\/3&#8243;]\n<div class=\"slider-simple shortcode-photo-slider owl-carousel dt-owl-carousel-init photoSlider\" data-width=\"800\" data-height=\"600\" data-autoslide=\"8000\" data-paused=\"true\" style=\"width: 100%\" data-img-mode=\"fill\">\n\t<div class=\"slide-item\">\n\t\t<img loading=\"lazy\" decoding=\"async\" class=\"preload-me aspect\" src=\"https:\/\/dietrich-mohr.com\/site\/wp-content\/uploads\/2017\/08\/Carrouges-Orne-2004.jpg\" srcset=\"https:\/\/dietrich-mohr.com\/site\/wp-content\/uploads\/2017\/08\/Carrouges-Orne-2004.jpg 1280w\" style=\"--ratio: 1280 \/ 960\" sizes=\"auto, (max-width: 1280px) 100vw, 1280px\" width=\"1280\" height=\"960\"  alt=\"\"  \/>\n\t\t<div class=\"slider-post-caption\">\n\t\t\t<div class=\"slider-post-inner\">\n\t\t\t\t<h4>Exhibition Ch\u00e2teau de Carrouges, 2004<\/h4>\n\t\t\t<\/div>\n\t\t<\/div><\/div>\n\t<div class=\"slide-item\">\n\t\t<img loading=\"lazy\" decoding=\"async\" class=\"preload-me aspect\" src=\"https:\/\/dietrich-mohr.com\/site\/wp-content\/uploads\/2017\/06\/Chateau-de-Carrouges-2004-Dietrich-et-Gilles-Hittinger-Roux-vernissage.jpg\" srcset=\"https:\/\/dietrich-mohr.com\/site\/wp-content\/uploads\/2017\/06\/Chateau-de-Carrouges-2004-Dietrich-et-Gilles-Hittinger-Roux-vernissage.jpg 1280w\" style=\"--ratio: 1280 \/ 960\" sizes=\"auto, (max-width: 1280px) 100vw, 1280px\" width=\"1280\" height=\"960\"  alt=\"\"  \/>\n\t\t<div class=\"slider-post-caption\">\n\t\t\t<div class=\"slider-post-inner\">\n\t\t\t\t<h4>Cha\u0302teau de Carrouges, 2004, Dietrich et Gilles Hittinger-Roux vernissage<\/h4>\n\t\t\t<\/div>\n\t\t<\/div><\/div>\n\t<div class=\"slide-item\">\n\t\t<img loading=\"lazy\" decoding=\"async\" class=\"preload-me aspect\" src=\"https:\/\/dietrich-mohr.com\/site\/wp-content\/uploads\/2017\/08\/Chateau-de-Carrouges-2004-Jean-Paul-Lemoine.jpg\" srcset=\"https:\/\/dietrich-mohr.com\/site\/wp-content\/uploads\/2017\/08\/Chateau-de-Carrouges-2004-Jean-Paul-Lemoine.jpg 1280w\" style=\"--ratio: 1280 \/ 960\" sizes=\"auto, (max-width: 1280px) 100vw, 1280px\" width=\"1280\" height=\"960\"  alt=\"\"  \/>\n\t\t<div class=\"slider-post-caption\">\n\t\t\t<div class=\"slider-post-inner\">\n\t\t\t\t<h4>Ch\u00e2teau de Carrouges, 2004, Jean-Paul Lemoine<\/h4>\n\t\t\t<\/div>\n\t\t<\/div><\/div>\n\t<div class=\"slide-item\">\n\t\t<img loading=\"lazy\" decoding=\"async\" class=\"preload-me aspect\" src=\"https:\/\/dietrich-mohr.com\/site\/wp-content\/uploads\/2017\/09\/Chateau-de-Carrouges-2004-Martine-Gasnier-Mary-Ann-Mohr.jpg\" srcset=\"https:\/\/dietrich-mohr.com\/site\/wp-content\/uploads\/2017\/09\/Chateau-de-Carrouges-2004-Martine-Gasnier-Mary-Ann-Mohr.jpg 1250w\" style=\"--ratio: 1250 \/ 957\" sizes=\"auto, (max-width: 1250px) 100vw, 1250px\" width=\"1250\" height=\"957\"  alt=\"\"  \/>\n\t\t<div class=\"slider-post-caption\">\n\t\t\t<div class=\"slider-post-inner\">\n\t\t\t\t<h4>Cha\u0302teau de Carrouges, Martine Gasnier, Mary Ann Mohr, 2004<\/h4>\n\t\t\t<\/div>\n\t\t<\/div><\/div>\n\t<div class=\"slide-item\">\n\t\t<img loading=\"lazy\" decoding=\"async\" class=\"preload-me aspect\" src=\"https:\/\/dietrich-mohr.com\/site\/wp-content\/uploads\/2017\/09\/Chateau-de-Carrouges-Orne-2004-Jean-Paul-Lemoine-et-Dietrich-Mohr.jpg\" srcset=\"https:\/\/dietrich-mohr.com\/site\/wp-content\/uploads\/2017\/09\/Chateau-de-Carrouges-Orne-2004-Jean-Paul-Lemoine-et-Dietrich-Mohr.jpg 1250w\" style=\"--ratio: 1250 \/ 938\" sizes=\"auto, (max-width: 1250px) 100vw, 1250px\" width=\"1250\" height=\"938\"  alt=\"\"  \/>\n\t\t<div class=\"slider-post-caption\">\n\t\t\t<div class=\"slider-post-inner\">\n\t\t\t\t<h4>Cha\u0302teau de Carrouges, Jean-Paul Lemoine et Dietrich-Mohr, Orne 2004<\/h4>\n\t\t\t<\/div>\n\t\t<\/div><\/div>\n\t<div class=\"slide-item\">\n\t\t<img loading=\"lazy\" decoding=\"async\" class=\"preload-me aspect\" src=\"https:\/\/dietrich-mohr.com\/site\/wp-content\/uploads\/2017\/08\/Chateau-de-Carrouges-Orne-2004.jpg\" srcset=\"https:\/\/dietrich-mohr.com\/site\/wp-content\/uploads\/2017\/08\/Chateau-de-Carrouges-Orne-2004.jpg 1280w\" style=\"--ratio: 1280 \/ 960\" sizes=\"auto, (max-width: 1280px) 100vw, 1280px\" width=\"1280\" height=\"960\"  alt=\"\"  \/>\n\t\t<div class=\"slider-post-caption\">\n\t\t\t<div class=\"slider-post-inner\">\n\t\t\t\t<h4>Ch\u00e2teau de Carrouges, Orne, 2004, Jacqueline Macedo, Colette Mercier, Kishida, Dietrich et Mary Ann Mohr, Simone Subira-Puig, Serge Goldberg<\/h4>\n\t\t\t<\/div>\n\t\t<\/div><\/div><\/div>[\/vc_column_inner][vc_column_inner width=&#8221;1\/3&#8243;][vc_single_image image=&#8221;2593&#8243; img_size=&#8221;large&#8221; add_caption=&#8221;yes&#8221;][\/vc_column_inner][\/vc_row_inner][vc_empty_space height=&#8221;62px&#8221;][\/vc_column][\/vc_row][vc_row type=&#8221;1&#8243; bg_cover=&#8221;true&#8221; enable_parallax=&#8221;false&#8221;][vc_column][vc_empty_space height=&#8221;62px&#8221;][vc_column_text]<\/p>\n<h3>Group Exhibition Villers d&#8217;Art, Villers-l\u00e8s-Nancy 2007<\/h3>\n<p>Monumental Sculpture Exhibition, Ch\u00e2teau and Park of Madame De Graffigny<\/p>\n<p>[\/vc_column_text][vc_row_inner][vc_column_inner width=&#8221;1\/2&#8243;][vc_single_image image=&#8221;2099&#8243; img_size=&#8221;large&#8221; add_caption=&#8221;yes&#8221;][\/vc_column_inner][vc_column_inner width=&#8221;1\/2&#8243;][vc_single_image image=&#8221;2101&#8243; img_size=&#8221;large&#8221; add_caption=&#8221;yes&#8221;][\/vc_column_inner][\/vc_row_inner][vc_empty_space height=&#8221;62px&#8221;][\/vc_column][\/vc_row][vc_row][vc_column][vc_empty_space height=&#8221;62px&#8221;][vc_column_text]<\/p>\n<h3>Solo Exhibition, Mus\u00e9e d&#8217;Evreux 2011<\/h3>\n<p>[\/vc_column_text][vc_row_inner][vc_column_inner width=&#8221;2\/3&#8243;]\n<div class=\"slider-simple shortcode-photo-slider owl-carousel dt-owl-carousel-init photoSlider\" data-width=\"800\" data-height=\"600\" data-autoslide=\"8000\" data-paused=\"true\" style=\"width: 100%\" data-img-mode=\"fill\">\n\t<div class=\"slide-item\">\n\t\t<img loading=\"lazy\" decoding=\"async\" class=\"preload-me aspect\" src=\"https:\/\/dietrich-mohr.com\/site\/wp-content\/uploads\/2017\/07\/Dualite-Scintillante-2.jpg\" srcset=\"https:\/\/dietrich-mohr.com\/site\/wp-content\/uploads\/2017\/07\/Dualite-Scintillante-2.jpg 1250w\" style=\"--ratio: 1250 \/ 830\" sizes=\"auto, (max-width: 1250px) 100vw, 1250px\" width=\"1250\" height=\"830\"  alt=\"\"  \/>\n\t\t<div class=\"slider-post-caption\">\n\t\t\t<div class=\"slider-post-inner\">\n\t\t\t\t<h4>Dualit\u00e9 Scintillante<\/h4>\n\t\t\t<\/div>\n\t\t<\/div><\/div>\n\t<div class=\"slide-item\">\n\t\t<img loading=\"lazy\" decoding=\"async\" class=\"preload-me aspect\" src=\"https:\/\/dietrich-mohr.com\/site\/wp-content\/uploads\/2017\/06\/DSC_0158.jpg\" srcset=\"https:\/\/dietrich-mohr.com\/site\/wp-content\/uploads\/2017\/06\/DSC_0158.jpg 1280w\" style=\"--ratio: 1280 \/ 850\" sizes=\"auto, (max-width: 1280px) 100vw, 1280px\" width=\"1280\" height=\"850\"  alt=\"\"  \/>\n\t\t<div class=\"slider-post-caption\">\n\t\t\t<div class=\"slider-post-inner\">\n\t\t\t\t<h4>Micha\u00ebl von Bradke, Dietrich-Mohr, Ursula von Bradke, Ulla Reynis<\/h4>\n\t\t\t<\/div>\n\t\t<\/div><\/div>\n\t<div class=\"slide-item\">\n\t\t<img loading=\"lazy\" decoding=\"async\" class=\"preload-me aspect\" src=\"https:\/\/dietrich-mohr.com\/site\/wp-content\/uploads\/2017\/07\/Mary-Ann-Mohr-et-Felicie-Michaeli-Musee-d-Evreux-2011-vernissage.jpg\" srcset=\"https:\/\/dietrich-mohr.com\/site\/wp-content\/uploads\/2017\/07\/Mary-Ann-Mohr-et-Felicie-Michaeli-Musee-d-Evreux-2011-vernissage.jpg 1250w\" style=\"--ratio: 1250 \/ 878\" sizes=\"auto, (max-width: 1250px) 100vw, 1250px\" width=\"1250\" height=\"878\"  alt=\"\"  \/>\n\t\t<div class=\"slider-post-caption\">\n\t\t\t<div class=\"slider-post-inner\">\n\t\t\t\t<h4>Mary Ann Mohr et F\u00e9licie Micha\u00ebli<\/h4>\n\t\t\t<\/div>\n\t\t<\/div><\/div>\n\t<div class=\"slide-item\">\n\t\t<img loading=\"lazy\" decoding=\"async\" class=\"preload-me aspect\" src=\"https:\/\/dietrich-mohr.com\/site\/wp-content\/uploads\/2017\/07\/Dietrich-Mohr-et-Michel-Champredon-Maire-dEvreux-et-Vice-president-du-Departement-de-l-Eure.jpg\" srcset=\"https:\/\/dietrich-mohr.com\/site\/wp-content\/uploads\/2017\/07\/Dietrich-Mohr-et-Michel-Champredon-Maire-dEvreux-et-Vice-president-du-Departement-de-l-Eure.jpg 1250w\" style=\"--ratio: 1250 \/ 830\" sizes=\"auto, (max-width: 1250px) 100vw, 1250px\" width=\"1250\" height=\"830\"  alt=\"\"  \/>\n\t\t<div class=\"slider-post-caption\">\n\t\t\t<div class=\"slider-post-inner\">\n\t\t\t\t<h4>Dietrich-Mohr et Michel Champredon, Maire d&#8217;Evreux et Vice-pr\u00e9sident du D\u00e9partement de l&#8217;Eure<\/h4>\n\t\t\t<\/div>\n\t\t<\/div><\/div>\n\t<div class=\"slide-item\">\n\t\t<img loading=\"lazy\" decoding=\"async\" class=\"preload-me aspect\" src=\"https:\/\/dietrich-mohr.com\/site\/wp-content\/uploads\/2017\/07\/Dietrich-et-Patrick-Gilles-Persin-Musee-d-Evreux-2011-.jpg\" srcset=\"https:\/\/dietrich-mohr.com\/site\/wp-content\/uploads\/2017\/07\/Dietrich-et-Patrick-Gilles-Persin-Musee-d-Evreux-2011-.jpg 1250w\" style=\"--ratio: 1250 \/ 830\" sizes=\"auto, (max-width: 1250px) 100vw, 1250px\" width=\"1250\" height=\"830\"  alt=\"\"  \/>\n\t\t<div class=\"slider-post-caption\">\n\t\t\t<div class=\"slider-post-inner\">\n\t\t\t\t<h4>Patrick-Gilles Persin et Dietrich-Mohr<\/h4>\n\t\t\t<\/div>\n\t\t<\/div><\/div>\n\t<div class=\"slide-item\">\n\t\t<img loading=\"lazy\" decoding=\"async\" class=\"preload-me aspect\" src=\"https:\/\/dietrich-mohr.com\/site\/wp-content\/uploads\/2017\/07\/Walter-Strack-Daniel-Revel-Dietrich-Evreux-2011.jpg\" srcset=\"https:\/\/dietrich-mohr.com\/site\/wp-content\/uploads\/2017\/07\/Walter-Strack-Daniel-Revel-Dietrich-Evreux-2011.jpg 1280w\" style=\"--ratio: 1280 \/ 850\" sizes=\"auto, (max-width: 1280px) 100vw, 1280px\" width=\"1280\" height=\"850\"  alt=\"\"  \/>\n\t\t<div class=\"slider-post-caption\">\n\t\t\t<div class=\"slider-post-inner\">\n\t\t\t\t<h4>Walter Strack, Daniel Revel, Dietrich-Mohr<\/h4>\n\t\t\t<\/div>\n\t\t<\/div><\/div>\n\t<div class=\"slide-item\">\n\t\t<img loading=\"lazy\" decoding=\"async\" class=\"preload-me aspect\" src=\"https:\/\/dietrich-mohr.com\/site\/wp-content\/uploads\/2017\/07\/Yvan-et-Anne-Valerie-Chu.jpg\" srcset=\"https:\/\/dietrich-mohr.com\/site\/wp-content\/uploads\/2017\/07\/Yvan-et-Anne-Valerie-Chu.jpg 1250w\" style=\"--ratio: 1250 \/ 870\" sizes=\"auto, (max-width: 1250px) 100vw, 1250px\" width=\"1250\" height=\"870\"  alt=\"\"  \/>\n\t\t<div class=\"slider-post-caption\">\n\t\t\t<div class=\"slider-post-inner\">\n\t\t\t\t<h4>Yvon et Anne-Val\u00e9rie Chu et Dietrich-Mohr<\/h4>\n\t\t\t<\/div>\n\t\t<\/div><\/div>\n\t<div class=\"slide-item\">\n\t\t<img loading=\"lazy\" decoding=\"async\" class=\"preload-me aspect\" src=\"https:\/\/dietrich-mohr.com\/site\/wp-content\/uploads\/2017\/07\/DM-Cedric-Pannevel-Musee-d-Evreux-2011.jpg\" srcset=\"https:\/\/dietrich-mohr.com\/site\/wp-content\/uploads\/2017\/07\/DM-Cedric-Pannevel-Musee-d-Evreux-2011.jpg 1250w\" style=\"--ratio: 1250 \/ 933\" sizes=\"auto, (max-width: 1250px) 100vw, 1250px\" width=\"1250\" height=\"933\"  alt=\"\"  \/>\n\t\t<div class=\"slider-post-caption\">\n\t\t\t<div class=\"slider-post-inner\">\n\t\t\t\t<h4>Dietrich-Mohr et Ce\u0301dric Pannevel<\/h4>\n\t\t\t<\/div>\n\t\t<\/div><\/div>\n\t<div class=\"slide-item\">\n\t\t<img loading=\"lazy\" decoding=\"async\" class=\"preload-me aspect\" src=\"https:\/\/dietrich-mohr.com\/site\/wp-content\/uploads\/2017\/07\/DM-Daniel-Duchose-et-Mme.-Evreux-2011.jpg\" srcset=\"https:\/\/dietrich-mohr.com\/site\/wp-content\/uploads\/2017\/07\/DM-Daniel-Duchose-et-Mme.-Evreux-2011.jpg 1250w\" style=\"--ratio: 1250 \/ 1135\" sizes=\"auto, (max-width: 1250px) 100vw, 1250px\" width=\"1250\" height=\"1135\"  alt=\"\"  \/>\n\t\t<div class=\"slider-post-caption\">\n\t\t\t<div class=\"slider-post-inner\">\n\t\t\t\t<h4>Dietrich-Mohr, Daniel et Colette Duchoze, 2011<\/h4>\n\t\t\t<\/div>\n\t\t<\/div><\/div>\n\t<div class=\"slide-item\">\n\t\t<img loading=\"lazy\" decoding=\"async\" class=\"preload-me aspect\" src=\"https:\/\/dietrich-mohr.com\/site\/wp-content\/uploads\/2017\/07\/Musee-dEvreux-2011.jpg\" srcset=\"https:\/\/dietrich-mohr.com\/site\/wp-content\/uploads\/2017\/07\/Musee-dEvreux-2011.jpg 1250w\" style=\"--ratio: 1250 \/ 938\" sizes=\"auto, (max-width: 1250px) 100vw, 1250px\" width=\"1250\" height=\"938\"  alt=\"\"  \/>\n\t\t<div class=\"slider-post-caption\">\n\t\t\t<div class=\"slider-post-inner\">\n\t\t\t\t<h4>Salle du mus\u00e9e d&#8217;Evreux<\/h4>\n\t\t\t<\/div>\n\t\t<\/div><\/div>\n\t<div class=\"slide-item\">\n\t\t<img loading=\"lazy\" decoding=\"async\" class=\"preload-me aspect\" src=\"https:\/\/dietrich-mohr.com\/site\/wp-content\/uploads\/2017\/05\/exposition-au-Musee-d-Evreux-2011.jpg\" srcset=\"https:\/\/dietrich-mohr.com\/site\/wp-content\/uploads\/2017\/05\/exposition-au-Musee-d-Evreux-2011.jpg 1250w\" style=\"--ratio: 1250 \/ 784\" sizes=\"auto, (max-width: 1250px) 100vw, 1250px\" width=\"1250\" height=\"784\"  alt=\"\"  \/>\n\t\t<div class=\"slider-post-caption\">\n\t\t\t<div class=\"slider-post-inner\">\n\t\t\t\t<h4>Salle du mus\u00e9e d&#8217;Evreux<\/h4>\n\t\t\t<\/div>\n\t\t<\/div><\/div>\n\t<div class=\"slide-item\">\n\t\t<img loading=\"lazy\" decoding=\"async\" class=\"preload-me aspect\" src=\"https:\/\/dietrich-mohr.com\/site\/wp-content\/uploads\/2017\/07\/DSC_0047.jpg\" srcset=\"https:\/\/dietrich-mohr.com\/site\/wp-content\/uploads\/2017\/07\/DSC_0047.jpg 1250w\" style=\"--ratio: 1250 \/ 828\" sizes=\"auto, (max-width: 1250px) 100vw, 1250px\" width=\"1250\" height=\"828\"  alt=\"\"  \/>\n\t\t<div class=\"slider-post-caption\">\n\t\t\t<div class=\"slider-post-inner\">\n\t\t\t\t<h4>Salle du mus\u00e9e d&#8217;Evreux<\/h4>\n\t\t\t<\/div>\n\t\t<\/div><\/div>\n\t<div class=\"slide-item\">\n\t\t<img loading=\"lazy\" decoding=\"async\" class=\"preload-me aspect\" src=\"https:\/\/dietrich-mohr.com\/site\/wp-content\/uploads\/2017\/07\/DSC_0149.jpg\" srcset=\"https:\/\/dietrich-mohr.com\/site\/wp-content\/uploads\/2017\/07\/DSC_0149.jpg 1250w\" style=\"--ratio: 1250 \/ 866\" sizes=\"auto, (max-width: 1250px) 100vw, 1250px\" width=\"1250\" height=\"866\"  alt=\"\"  \/>\n\t\t<div class=\"slider-post-caption\">\n\t\t\t<div class=\"slider-post-inner\">\n\t\t\t\t<h4>Salle du mus\u00e9e d&#8217;Evreux<\/h4>\n\t\t\t<\/div>\n\t\t<\/div><\/div>\n\t<div class=\"slide-item\">\n\t\t<img loading=\"lazy\" decoding=\"async\" class=\"preload-me aspect\" src=\"https:\/\/dietrich-mohr.com\/site\/wp-content\/uploads\/2017\/07\/DSC_0157.jpg\" srcset=\"https:\/\/dietrich-mohr.com\/site\/wp-content\/uploads\/2017\/07\/DSC_0157.jpg 1250w\" style=\"--ratio: 1250 \/ 830\" sizes=\"auto, (max-width: 1250px) 100vw, 1250px\" width=\"1250\" height=\"830\"  alt=\"\"  \/>\n\t\t<div class=\"slider-post-caption\">\n\t\t\t<div class=\"slider-post-inner\">\n\t\t\t\t<h4>Salle du mus\u00e9e d&#8217;Evreux, Les chevaliers errants<\/h4>\n\t\t\t<\/div>\n\t\t<\/div><\/div>\n\t<div class=\"slide-item\">\n\t\t<img loading=\"lazy\" decoding=\"async\" class=\"preload-me aspect\" src=\"https:\/\/dietrich-mohr.com\/site\/wp-content\/uploads\/2017\/07\/Sabine-Wenkums-et-Silvia-Fery-Musee-d-Evreux-2011-vernissage.jpg\" srcset=\"https:\/\/dietrich-mohr.com\/site\/wp-content\/uploads\/2017\/07\/Sabine-Wenkums-et-Silvia-Fery-Musee-d-Evreux-2011-vernissage.jpg 1250w\" style=\"--ratio: 1250 \/ 830\" sizes=\"auto, (max-width: 1250px) 100vw, 1250px\" width=\"1250\" height=\"830\"  alt=\"\"  \/>\n\t\t<div class=\"slider-post-caption\">\n\t\t\t<div class=\"slider-post-inner\">\n\t\t\t\t<h4>Sabine Wenkums et Silvia Fery<\/h4>\n\t\t\t<\/div>\n\t\t<\/div><\/div>\n\t<div class=\"slide-item\">\n\t\t<img loading=\"lazy\" decoding=\"async\" class=\"preload-me aspect\" src=\"https:\/\/dietrich-mohr.com\/site\/wp-content\/uploads\/2017\/07\/DSC_0241.jpg\" srcset=\"https:\/\/dietrich-mohr.com\/site\/wp-content\/uploads\/2017\/07\/DSC_0241.jpg 1250w\" style=\"--ratio: 1250 \/ 830\" sizes=\"auto, (max-width: 1250px) 100vw, 1250px\" width=\"1250\" height=\"830\"  alt=\"\"  \/>\n\t\t<div class=\"slider-post-caption\">\n\t\t\t<div class=\"slider-post-inner\">\n\t\t\t\t<h4>Silvia Fery et Eva Chevalier<\/h4>\n\t\t\t<\/div>\n\t\t<\/div><\/div>\n\t<div class=\"slide-item\">\n\t\t<img loading=\"lazy\" decoding=\"async\" class=\"preload-me aspect\" src=\"https:\/\/dietrich-mohr.com\/site\/wp-content\/uploads\/2017\/07\/Cedric-Pannevel-Michele-Broutta-Dietrich-Mohr.jpg\" srcset=\"https:\/\/dietrich-mohr.com\/site\/wp-content\/uploads\/2017\/07\/Cedric-Pannevel-Michele-Broutta-Dietrich-Mohr.jpg 1280w\" style=\"--ratio: 1280 \/ 960\" sizes=\"auto, (max-width: 1280px) 100vw, 1280px\" width=\"1280\" height=\"960\"  alt=\"\"  \/>\n\t\t<div class=\"slider-post-caption\">\n\t\t\t<div class=\"slider-post-inner\">\n\t\t\t\t<h4>C\u00e9dric Pannevel, Mich\u00e8le Broutta et Dietrich-Mohr<\/h4>\n\t\t\t<\/div>\n\t\t<\/div><\/div>\n\t<div class=\"slide-item\">\n\t\t<img loading=\"lazy\" decoding=\"async\" class=\"preload-me aspect\" src=\"https:\/\/dietrich-mohr.com\/site\/wp-content\/uploads\/2017\/07\/Dietrich-avec-le-Grand-Dialogue-Evreux-2011.jpg\" srcset=\"https:\/\/dietrich-mohr.com\/site\/wp-content\/uploads\/2017\/07\/Dietrich-avec-le-Grand-Dialogue-Evreux-2011.jpg 1280w\" style=\"--ratio: 1280 \/ 1082\" sizes=\"auto, (max-width: 1280px) 100vw, 1280px\" width=\"1280\" height=\"1082\"  alt=\"\"  \/>\n\t\t<div class=\"slider-post-caption\">\n\t\t\t<div class=\"slider-post-inner\">\n\t\t\t\t<h4>Dietrich avec le Grand Dialogue<\/h4>\n\t\t\t<\/div>\n\t\t<\/div><\/div>\n\t<div class=\"slide-item\">\n\t\t<img loading=\"lazy\" decoding=\"async\" class=\"preload-me aspect\" src=\"https:\/\/dietrich-mohr.com\/site\/wp-content\/uploads\/2017\/07\/Olivier-Guillaume-et-Dietrich-Musee-dEvreux.jpg\" srcset=\"https:\/\/dietrich-mohr.com\/site\/wp-content\/uploads\/2017\/07\/Olivier-Guillaume-et-Dietrich-Musee-dEvreux.jpg 1280w\" style=\"--ratio: 1280 \/ 850\" sizes=\"auto, (max-width: 1280px) 100vw, 1280px\" width=\"1280\" height=\"850\"  alt=\"\"  \/>\n\t\t<div class=\"slider-post-caption\">\n\t\t\t<div class=\"slider-post-inner\">\n\t\t\t\t<h4>Olivier Guillaume et Dietrich<\/h4>\n\t\t\t<\/div>\n\t\t<\/div><\/div>\n\t<div class=\"slide-item\">\n\t\t<img loading=\"lazy\" decoding=\"async\" class=\"preload-me aspect\" src=\"https:\/\/dietrich-mohr.com\/site\/wp-content\/uploads\/2017\/09\/Dietrich-Mohr-et-Emmanuel-Lescuyer.jpg\" srcset=\"https:\/\/dietrich-mohr.com\/site\/wp-content\/uploads\/2017\/09\/Dietrich-Mohr-et-Emmanuel-Lescuyer.jpg 1250w\" style=\"--ratio: 1250 \/ 830\" sizes=\"auto, (max-width: 1250px) 100vw, 1250px\" width=\"1250\" height=\"830\"  alt=\"\"  \/>\n\t\t<div class=\"slider-post-caption\">\n\t\t\t<div class=\"slider-post-inner\">\n\t\t\t\t<h4>Dietrich-Mohr, Emmanuel Lescuyer et Michel Grandjean<\/h4>\n\t\t\t<\/div>\n\t\t<\/div><\/div>\n\t<div class=\"slide-item\">\n\t\t<img loading=\"lazy\" decoding=\"async\" class=\"preload-me aspect\" src=\"https:\/\/dietrich-mohr.com\/site\/wp-content\/uploads\/2017\/07\/Vue-de-lexposition-d-Evreux-2011-Interpenetration-lumineuse.jpg\" srcset=\"https:\/\/dietrich-mohr.com\/site\/wp-content\/uploads\/2017\/07\/Vue-de-lexposition-d-Evreux-2011-Interpenetration-lumineuse.jpg 1280w\" style=\"--ratio: 1280 \/ 977\" sizes=\"auto, (max-width: 1280px) 100vw, 1280px\" width=\"1280\" height=\"977\"  alt=\"\"  \/>\n\t\t<div class=\"slider-post-caption\">\n\t\t\t<div class=\"slider-post-inner\">\n\t\t\t\t<h4>Salle du mus\u00e9e d&#8217;Evreux<\/h4>\n\t\t\t<\/div>\n\t\t<\/div><\/div><\/div>[\/vc_column_inner][vc_column_inner width=&#8221;1\/3&#8243;][vc_single_image image=&#8221;2127&#8243; img_size=&#8221;large&#8221; add_caption=&#8221;yes&#8221;][\/vc_column_inner][\/vc_row_inner][vc_empty_space height=&#8221;62px&#8221;][\/vc_column][\/vc_row][vc_row type=&#8221;1&#8243; bg_cover=&#8221;true&#8221; enable_parallax=&#8221;false&#8221;][vc_column][vc_empty_space height=&#8221;62px&#8221;][vc_column_text]<\/p>\n<h3>Solo Exhibition, Luxembourg<\/h3>\n<p>Galerie F. Hessler 2012[\/vc_column_text][vc_row_inner][vc_column_inner width=&#8221;2\/3&#8243;]\n<div class=\"slider-simple shortcode-photo-slider owl-carousel dt-owl-carousel-init photoSlider\" data-width=\"800\" data-height=\"600\" data-autoslide=\"8000\" data-paused=\"true\" style=\"width: 100%\" data-img-mode=\"fill\">\n\t<div class=\"slide-item\">\n\t\t<img loading=\"lazy\" decoding=\"async\" class=\"preload-me aspect\" src=\"https:\/\/dietrich-mohr.com\/site\/wp-content\/uploads\/2017\/07\/DM-F.-Hessler-Luxembourg.jpg\" srcset=\"https:\/\/dietrich-mohr.com\/site\/wp-content\/uploads\/2017\/07\/DM-F.-Hessler-Luxembourg.jpg 1250w\" style=\"--ratio: 1250 \/ 958\" sizes=\"auto, (max-width: 1250px) 100vw, 1250px\" width=\"1250\" height=\"958\"  alt=\"\"  \/>\n\t\t<div class=\"slider-post-caption\">\n\t\t\t<div class=\"slider-post-inner\">\n\t\t\t\t<h4>Dietrich-Mohr et Fr\u00e9d\u00e9ric Hessler<\/h4>\n\t\t\t<\/div>\n\t\t<\/div><\/div>\n\t<div class=\"slide-item\">\n\t\t<img loading=\"lazy\" decoding=\"async\" class=\"preload-me aspect\" src=\"https:\/\/dietrich-mohr.com\/site\/wp-content\/uploads\/2017\/07\/F-Hessler-DM-Luxembourg-2012.jpg\" srcset=\"https:\/\/dietrich-mohr.com\/site\/wp-content\/uploads\/2017\/07\/F-Hessler-DM-Luxembourg-2012.jpg 1250w\" style=\"--ratio: 1250 \/ 938\" sizes=\"auto, (max-width: 1250px) 100vw, 1250px\" width=\"1250\" height=\"938\"  alt=\"\"  \/>\n\t\t<div class=\"slider-post-caption\">\n\t\t\t<div class=\"slider-post-inner\">\n\t\t\t\t<h4>Fr\u00e9d\u00e9ric Hessler et Dietrich-Mohr<\/h4>\n\t\t\t<\/div>\n\t\t<\/div><\/div>\n\t<div class=\"slide-item\">\n\t\t<img loading=\"lazy\" decoding=\"async\" class=\"preload-me aspect\" src=\"https:\/\/dietrich-mohr.com\/site\/wp-content\/uploads\/2017\/06\/Luxembourg-2012-Galerie-F.-Hessler-Dietrich-et-Sylie-Lethiais.jpg\" srcset=\"https:\/\/dietrich-mohr.com\/site\/wp-content\/uploads\/2017\/06\/Luxembourg-2012-Galerie-F.-Hessler-Dietrich-et-Sylie-Lethiais.jpg 1280w\" style=\"--ratio: 1280 \/ 853\" sizes=\"auto, (max-width: 1280px) 100vw, 1280px\" width=\"1280\" height=\"853\"  alt=\"\"  \/>\n\t\t<div class=\"slider-post-caption\">\n\t\t\t<div class=\"slider-post-inner\">\n\t\t\t\t<h4>Dietrich-Mohr et Sylvie Lethiais<\/h4>\n\t\t\t<\/div>\n\t\t<\/div><\/div>\n\t<div class=\"slide-item\">\n\t\t<img loading=\"lazy\" decoding=\"async\" class=\"preload-me aspect\" src=\"https:\/\/dietrich-mohr.com\/site\/wp-content\/uploads\/2017\/06\/Simone-Subira-Puig-et-Patick-Gilles-Persin-Luxembourg.jpg\" srcset=\"https:\/\/dietrich-mohr.com\/site\/wp-content\/uploads\/2017\/06\/Simone-Subira-Puig-et-Patick-Gilles-Persin-Luxembourg.jpg 1280w\" style=\"--ratio: 1280 \/ 960\" sizes=\"auto, (max-width: 1280px) 100vw, 1280px\" width=\"1280\" height=\"960\"  alt=\"\"  \/>\n\t\t<div class=\"slider-post-caption\">\n\t\t\t<div class=\"slider-post-inner\">\n\t\t\t\t<h4>Simone Subira-Puig et Patrick-Gilles Persin<\/h4>\n\t\t\t<\/div>\n\t\t<\/div><\/div>\n\t<div class=\"slide-item\">\n\t\t<img loading=\"lazy\" decoding=\"async\" class=\"preload-me aspect\" src=\"https:\/\/dietrich-mohr.com\/site\/wp-content\/uploads\/2017\/07\/Luxembourg-Galerie-F.-Hessler-R.-Schumann-DM-Marie-Odile-et-Jacques-Boyon-.jpg\" srcset=\"https:\/\/dietrich-mohr.com\/site\/wp-content\/uploads\/2017\/07\/Luxembourg-Galerie-F.-Hessler-R.-Schumann-DM-Marie-Odile-et-Jacques-Boyon-.jpg 1250w\" style=\"--ratio: 1250 \/ 938\" sizes=\"auto, (max-width: 1250px) 100vw, 1250px\" width=\"1250\" height=\"938\"  alt=\"\"  \/>\n\t\t<div class=\"slider-post-caption\">\n\t\t\t<div class=\"slider-post-inner\">\n\t\t\t\t<h4>R. Schumann, Dietrich-Mohr, Marie-Odile et Jacques Boyon<\/h4>\n\t\t\t<\/div>\n\t\t<\/div><\/div><\/div>[\/vc_column_inner][vc_column_inner width=&#8221;1\/3&#8243;][vc_single_image image=&#8221;2479&#8243; img_size=&#8221;large&#8221; add_caption=&#8221;yes&#8221;][\/vc_column_inner][\/vc_row_inner][vc_empty_space height=&#8221;62px&#8221;][\/vc_column][\/vc_row][vc_row][vc_column][vc_empty_space height=&#8221;62px&#8221;][vc_column_text]<\/p>\n<h3>Solo Exhibition, City Hall, Fontenay-sous-Bois 2014<\/h3>\n<p>[\/vc_column_text][vc_row_inner][vc_column_inner width=&#8221;1\/2&#8243;][vc_single_image image=&#8221;2453&#8243; img_size=&#8221;large&#8221; add_caption=&#8221;yes&#8221;][\/vc_column_inner][vc_column_inner width=&#8221;1\/2&#8243;][vc_single_image image=&#8221;2455&#8243; img_size=&#8221;large&#8221; add_caption=&#8221;yes&#8221;][\/vc_column_inner][\/vc_row_inner][vc_empty_space height=&#8221;62px&#8221;][\/vc_column][\/vc_row][vc_row type=&#8221;1&#8243; bg_cover=&#8221;true&#8221; enable_parallax=&#8221;false&#8221;][vc_column][vc_empty_space height=&#8221;62px&#8221;][vc_column_text]<\/p>\n<h3>Solo Exhibition, Eur\u00e9lium, Chartres 2015<\/h3>\n<p>[\/vc_column_text][vc_row_inner][vc_column_inner width=&#8221;2\/3&#8243;]\n<div class=\"slider-simple shortcode-photo-slider owl-carousel dt-owl-carousel-init photoSlider\" data-width=\"800\" data-height=\"600\" data-autoslide=\"8000\" data-paused=\"true\" style=\"width: 100%\" data-img-mode=\"fill\">\n\t<div class=\"slide-item\">\n\t\t<img loading=\"lazy\" decoding=\"async\" class=\"preload-me aspect\" src=\"https:\/\/dietrich-mohr.com\/site\/wp-content\/uploads\/2017\/07\/Expo-Erelium-Chartres-1.jpg\" srcset=\"https:\/\/dietrich-mohr.com\/site\/wp-content\/uploads\/2017\/07\/Expo-Erelium-Chartres-1.jpg 1250w\" style=\"--ratio: 1250 \/ 833\" sizes=\"auto, (max-width: 1250px) 100vw, 1250px\" width=\"1250\" height=\"833\"  alt=\"\"  \/>\n\t\t<div class=\"slider-post-caption\">\n\t\t\t<div class=\"slider-post-inner\">\n\t\t\t\t<h4>Exhibition Eur\u00e9lium, Chartres, 2015<\/h4>\n\t\t\t<\/div>\n\t\t<\/div><\/div>\n\t<div class=\"slide-item\">\n\t\t<img loading=\"lazy\" decoding=\"async\" class=\"preload-me aspect\" src=\"https:\/\/dietrich-mohr.com\/site\/wp-content\/uploads\/2017\/07\/Eurelium-Chartres-2015-installation.jpg\" srcset=\"https:\/\/dietrich-mohr.com\/site\/wp-content\/uploads\/2017\/07\/Eurelium-Chartres-2015-installation.jpg 1250w\" style=\"--ratio: 1250 \/ 1250\" sizes=\"auto, (max-width: 1250px) 100vw, 1250px\" width=\"1250\" height=\"1250\"  alt=\"\"  \/>\n\t\t<div class=\"slider-post-caption\">\n\t\t\t<div class=\"slider-post-inner\">\n\t\t\t\t<h4>Eur\u00e9lium, installation sculptures<\/h4>\n\t\t\t<\/div>\n\t\t<\/div><\/div>\n\t<div class=\"slide-item\">\n\t\t<img loading=\"lazy\" decoding=\"async\" class=\"preload-me aspect\" src=\"https:\/\/dietrich-mohr.com\/site\/wp-content\/uploads\/2017\/07\/Dietrich-Lydia-Harambourg-Jean-Claude-Lethiais-Eurelium-Chartres-2015.jpg\" srcset=\"https:\/\/dietrich-mohr.com\/site\/wp-content\/uploads\/2017\/07\/Dietrich-Lydia-Harambourg-Jean-Claude-Lethiais-Eurelium-Chartres-2015.jpg 1250w\" style=\"--ratio: 1250 \/ 833\" sizes=\"auto, (max-width: 1250px) 100vw, 1250px\" width=\"1250\" height=\"833\"  alt=\"\"  \/>\n\t\t<div class=\"slider-post-caption\">\n\t\t\t<div class=\"slider-post-inner\">\n\t\t\t\t<h4>Dietrich-Mohr, Lydia Harambourg et Jean-Claude Lethiais<\/h4>\n\t\t\t<\/div>\n\t\t<\/div><\/div>\n\t<div class=\"slide-item\">\n\t\t<img loading=\"lazy\" decoding=\"async\" class=\"preload-me aspect\" src=\"https:\/\/dietrich-mohr.com\/site\/wp-content\/uploads\/2017\/09\/Jean-Claude-Lethiais.jpg\" srcset=\"https:\/\/dietrich-mohr.com\/site\/wp-content\/uploads\/2017\/09\/Jean-Claude-Lethiais.jpg 1250w\" style=\"--ratio: 1250 \/ 951\" sizes=\"auto, (max-width: 1250px) 100vw, 1250px\" width=\"1250\" height=\"951\"  alt=\"\"  \/>\n\t\t<div class=\"slider-post-caption\">\n\t\t\t<div class=\"slider-post-inner\">\n\t\t\t\t<h4>Jean-Claude Lethiais<\/h4>\n\t\t\t<\/div>\n\t\t<\/div><\/div>\n\t<div class=\"slide-item\">\n\t\t<img loading=\"lazy\" decoding=\"async\" class=\"preload-me aspect\" src=\"https:\/\/dietrich-mohr.com\/site\/wp-content\/uploads\/2017\/07\/Dietrich-Eurelium-Charters.jpg\" srcset=\"https:\/\/dietrich-mohr.com\/site\/wp-content\/uploads\/2017\/07\/Dietrich-Eurelium-Charters.jpg 1250w\" style=\"--ratio: 1250 \/ 833\" sizes=\"auto, (max-width: 1250px) 100vw, 1250px\" width=\"1250\" height=\"833\"  alt=\"\"  \/>\n\t\t<div class=\"slider-post-caption\">\n\t\t\t<div class=\"slider-post-inner\">\n\t\t\t\t<h4>Discours Dietrich-Mohr, Jean-Claude Lethiais et Evelyne Lefebvre<\/h4>\n\t\t\t<\/div>\n\t\t<\/div><\/div>\n\t<div class=\"slide-item\">\n\t\t<img loading=\"lazy\" decoding=\"async\" class=\"preload-me aspect\" src=\"https:\/\/dietrich-mohr.com\/site\/wp-content\/uploads\/2017\/09\/Daniel-Couturier-et-Patrick-Gilles-Persin-lEurelium-2011.jpg\" srcset=\"https:\/\/dietrich-mohr.com\/site\/wp-content\/uploads\/2017\/09\/Daniel-Couturier-et-Patrick-Gilles-Persin-lEurelium-2011.jpg 1250w\" style=\"--ratio: 1250 \/ 836\" sizes=\"auto, (max-width: 1250px) 100vw, 1250px\" width=\"1250\" height=\"836\"  alt=\"\"  \/>\n\t\t<div class=\"slider-post-caption\">\n\t\t\t<div class=\"slider-post-inner\">\n\t\t\t\t<h4>Daniel Couturier et Patrick-Gilles Persin<\/h4>\n\t\t\t<\/div>\n\t\t<\/div><\/div>\n\t<div class=\"slide-item\">\n\t\t<img loading=\"lazy\" decoding=\"async\" class=\"preload-me aspect\" src=\"https:\/\/dietrich-mohr.com\/site\/wp-content\/uploads\/2017\/09\/Malouviers-Dietrich-Eurelium.jpg\" srcset=\"https:\/\/dietrich-mohr.com\/site\/wp-content\/uploads\/2017\/09\/Malouviers-Dietrich-Eurelium.jpg 1250w\" style=\"--ratio: 1250 \/ 833\" sizes=\"auto, (max-width: 1250px) 100vw, 1250px\" width=\"1250\" height=\"833\"  alt=\"\"  \/>\n\t\t<div class=\"slider-post-caption\">\n\t\t\t<div class=\"slider-post-inner\">\n\t\t\t\t<h4>Dietrich-Mohr, Celia et Guy Malouvier<\/h4>\n\t\t\t<\/div>\n\t\t<\/div><\/div>\n\t<div class=\"slide-item\">\n\t\t<img loading=\"lazy\" decoding=\"async\" class=\"preload-me aspect\" src=\"https:\/\/dietrich-mohr.com\/site\/wp-content\/uploads\/2017\/07\/Dietrich-Eurelium-Chartres-portrait.jpg\" srcset=\"https:\/\/dietrich-mohr.com\/site\/wp-content\/uploads\/2017\/07\/Dietrich-Eurelium-Chartres-portrait.jpg 1250w\" style=\"--ratio: 1250 \/ 972\" sizes=\"auto, (max-width: 1250px) 100vw, 1250px\" width=\"1250\" height=\"972\"  alt=\"\"  \/>\n\t\t<div class=\"slider-post-caption\">\n\t\t\t<div class=\"slider-post-inner\">\n\t\t\t\t<h4>Dietrich-Mohr<\/h4>\n\t\t\t<\/div>\n\t\t<\/div><\/div>\n\t<div class=\"slide-item\">\n\t\t<img loading=\"lazy\" decoding=\"async\" class=\"preload-me aspect\" src=\"https:\/\/dietrich-mohr.com\/site\/wp-content\/uploads\/2017\/09\/Jacques-Loir-Mary-Ann-Mohr.jpg\" srcset=\"https:\/\/dietrich-mohr.com\/site\/wp-content\/uploads\/2017\/09\/Jacques-Loir-Mary-Ann-Mohr.jpg 1250w\" style=\"--ratio: 1250 \/ 841\" sizes=\"auto, (max-width: 1250px) 100vw, 1250px\" width=\"1250\" height=\"841\"  alt=\"\"  \/>\n\t\t<div class=\"slider-post-caption\">\n\t\t\t<div class=\"slider-post-inner\">\n\t\t\t\t<h4>Jacques Loire et Mary Ann Mohr<\/h4>\n\t\t\t<\/div>\n\t\t<\/div><\/div>\n\t<div class=\"slide-item\">\n\t\t<img loading=\"lazy\" decoding=\"async\" class=\"preload-me aspect\" src=\"https:\/\/dietrich-mohr.com\/site\/wp-content\/uploads\/2017\/06\/Gertrude-Streissel-Vernissage.jpg\" srcset=\"https:\/\/dietrich-mohr.com\/site\/wp-content\/uploads\/2017\/06\/Gertrude-Streissel-Vernissage.jpg 1250w\" style=\"--ratio: 1250 \/ 953\" sizes=\"auto, (max-width: 1250px) 100vw, 1250px\" width=\"1250\" height=\"953\"  alt=\"\"  \/>\n\t\t<div class=\"slider-post-caption\">\n\t\t\t<div class=\"slider-post-inner\">\n\t\t\t\t<h4>Gertrude Streissel, Vernissage<\/h4>\n\t\t\t<\/div>\n\t\t<\/div><\/div>\n\t<div class=\"slide-item\">\n\t\t<img loading=\"lazy\" decoding=\"async\" class=\"preload-me aspect\" src=\"https:\/\/dietrich-mohr.com\/site\/wp-content\/uploads\/2017\/07\/IMG_4326.jpg\" srcset=\"https:\/\/dietrich-mohr.com\/site\/wp-content\/uploads\/2017\/07\/IMG_4326.jpg 1250w\" style=\"--ratio: 1250 \/ 833\" sizes=\"auto, (max-width: 1250px) 100vw, 1250px\" width=\"1250\" height=\"833\"  alt=\"\"  \/>\n\t\t<div class=\"slider-post-caption\">\n\t\t\t<div class=\"slider-post-inner\">\n\t\t\t\t<h4>Vernissage Eur\u00e9lium<\/h4>\n\t\t\t<\/div>\n\t\t<\/div><\/div>\n\t<div class=\"slide-item\">\n\t\t<img loading=\"lazy\" decoding=\"async\" class=\"preload-me aspect\" src=\"https:\/\/dietrich-mohr.com\/site\/wp-content\/uploads\/2017\/07\/IMG_4303.jpg\" srcset=\"https:\/\/dietrich-mohr.com\/site\/wp-content\/uploads\/2017\/07\/IMG_4303.jpg 1250w\" style=\"--ratio: 1250 \/ 833\" sizes=\"auto, (max-width: 1250px) 100vw, 1250px\" width=\"1250\" height=\"833\"  alt=\"\"  \/>\n\t\t<div class=\"slider-post-caption\">\n\t\t\t<div class=\"slider-post-inner\">\n\t\t\t\t<h4>Didier et Marie-Laure Roquet<\/h4>\n\t\t\t<\/div>\n\t\t<\/div><\/div>\n\t<div class=\"slide-item\">\n\t\t<img loading=\"lazy\" decoding=\"async\" class=\"preload-me aspect\" src=\"https:\/\/dietrich-mohr.com\/site\/wp-content\/uploads\/2017\/07\/132976-SCULPTEUR-EXPO-DIETRICH-MOHR.jpg\" srcset=\"https:\/\/dietrich-mohr.com\/site\/wp-content\/uploads\/2017\/07\/132976-SCULPTEUR-EXPO-DIETRICH-MOHR.jpg 1250w\" style=\"--ratio: 1250 \/ 832\" sizes=\"auto, (max-width: 1250px) 100vw, 1250px\" width=\"1250\" height=\"832\"  alt=\"\"  \/>\n\t\t<div class=\"slider-post-caption\">\n\t\t\t<div class=\"slider-post-inner\">\n\t\t\t\t<h4>Silence, stainless steel<\/h4>\n\t\t\t<\/div>\n\t\t<\/div><\/div>\n\t<div class=\"slide-item\">\n\t\t<img loading=\"lazy\" decoding=\"async\" class=\"preload-me aspect\" src=\"https:\/\/dietrich-mohr.com\/site\/wp-content\/uploads\/2017\/07\/132953-SCULPTEUR-EXPO-DIETRICH-MOHR.jpg\" srcset=\"https:\/\/dietrich-mohr.com\/site\/wp-content\/uploads\/2017\/07\/132953-SCULPTEUR-EXPO-DIETRICH-MOHR.jpg 1250w\" style=\"--ratio: 1250 \/ 832\" sizes=\"auto, (max-width: 1250px) 100vw, 1250px\" width=\"1250\" height=\"832\"  alt=\"\"  \/>\n\t\t<div class=\"slider-post-caption\">\n\t\t\t<div class=\"slider-post-inner\">\n\t\t\t\t<h4>Salle d&#8217;exposition Eur\u00e9lium, Grand Dialogue<\/h4>\n\t\t\t<\/div>\n\t\t<\/div><\/div>\n\t<div class=\"slide-item\">\n\t\t<img loading=\"lazy\" decoding=\"async\" class=\"preload-me aspect\" src=\"https:\/\/dietrich-mohr.com\/site\/wp-content\/uploads\/2017\/07\/132952-SCULPTEUR-EXPO-DIETRICH-MOHR.jpg\" srcset=\"https:\/\/dietrich-mohr.com\/site\/wp-content\/uploads\/2017\/07\/132952-SCULPTEUR-EXPO-DIETRICH-MOHR.jpg 1250w\" style=\"--ratio: 1250 \/ 832\" sizes=\"auto, (max-width: 1250px) 100vw, 1250px\" width=\"1250\" height=\"832\"  alt=\"\"  \/>\n\t\t<div class=\"slider-post-caption\">\n\t\t\t<div class=\"slider-post-inner\">\n\t\t\t\t<h4>Salle d&#8217;exposition Eur\u00e9lium<\/h4>\n\t\t\t<\/div>\n\t\t<\/div><\/div><\/div>[\/vc_column_inner][vc_column_inner width=&#8221;1\/3&#8243;][vc_single_image image=&#8221;2459&#8243; img_size=&#8221;large&#8221; add_caption=&#8221;yes&#8221;][\/vc_column_inner][\/vc_row_inner][vc_empty_space height=&#8221;62px&#8221;][\/vc_column][\/vc_row][vc_row][vc_column width=&#8221;2\/3&#8243;][vc_empty_space height=&#8221;62px&#8221;][vc_column_text]<\/p>\n<h3>Album<\/h3>\n<p>[\/vc_column_text]\n<div class=\"slider-simple shortcode-photo-slider owl-carousel dt-owl-carousel-init photoSlider\" data-width=\"800\" data-height=\"600\" data-autoslide=\"8000\" data-paused=\"true\" style=\"width: 100%\" data-img-mode=\"fill\">\n\t<div class=\"slide-item\">\n\t\t<img loading=\"lazy\" decoding=\"async\" class=\"preload-me aspect\" src=\"https:\/\/dietrich-mohr.com\/site\/wp-content\/uploads\/2017\/06\/Dietrich-on-vespa-avec-Cornelia-Reuker-Klauser-Tessin-Switzerland-1950.jpg\" srcset=\"https:\/\/dietrich-mohr.com\/site\/wp-content\/uploads\/2017\/06\/Dietrich-on-vespa-avec-Cornelia-Reuker-Klauser-Tessin-Switzerland-1950.jpg 1280w\" style=\"--ratio: 1280 \/ 814\" sizes=\"auto, (max-width: 1280px) 100vw, 1280px\" width=\"1280\" height=\"814\"  alt=\"\"  \/>\n\t\t<div class=\"slider-post-caption\">\n\t\t\t<div class=\"slider-post-inner\">\n\t\t\t\t<h4>Dietrich-Mohr \u00e0 Vespa avec Cornelia Reuker-Klauser, Tessin, Switzerland 1950<\/h4>\n\t\t\t<\/div>\n\t\t<\/div><\/div>\n\t<div class=\"slide-item\">\n\t\t<img loading=\"lazy\" decoding=\"async\" class=\"preload-me aspect\" src=\"https:\/\/dietrich-mohr.com\/site\/wp-content\/uploads\/2017\/05\/DSC_0347-W.jpg\" srcset=\"https:\/\/dietrich-mohr.com\/site\/wp-content\/uploads\/2017\/05\/DSC_0347-W.jpg 1250w\" style=\"--ratio: 1250 \/ 909\" sizes=\"auto, (max-width: 1250px) 100vw, 1250px\" width=\"1250\" height=\"909\"  alt=\"\"  \/>\n\t\t<div class=\"slider-post-caption\">\n\t\t\t<div class=\"slider-post-inner\">\n\t\t\t\t<h4>G\u00fcnther Wenkums, Gerd Lutz et Dietrich, D\u00fcsseldorf 1957<\/h4>\n\t\t\t<\/div>\n\t\t<\/div><\/div>\n\t<div class=\"slide-item\">\n\t\t<img loading=\"lazy\" decoding=\"async\" class=\"preload-me aspect\" src=\"https:\/\/dietrich-mohr.com\/site\/wp-content\/uploads\/2017\/05\/DSC_0343-W.jpg\" srcset=\"https:\/\/dietrich-mohr.com\/site\/wp-content\/uploads\/2017\/05\/DSC_0343-W.jpg 1250w\" style=\"--ratio: 1250 \/ 956\" sizes=\"auto, (max-width: 1250px) 100vw, 1250px\" width=\"1250\" height=\"956\"  alt=\"\"  \/>\n\t\t<div class=\"slider-post-caption\">\n\t\t\t<div class=\"slider-post-inner\">\n\t\t\t\t<h4>G\u00fcnther Wenkums, Mary Ann et Dietrich-Mohr, Paris 1966<\/h4>\n\t\t\t<\/div>\n\t\t<\/div><\/div>\n\t<div class=\"slide-item\">\n\t\t<img loading=\"lazy\" decoding=\"async\" class=\"preload-me aspect\" src=\"https:\/\/dietrich-mohr.com\/site\/wp-content\/uploads\/2017\/05\/DSC_0342-W.jpg\" srcset=\"https:\/\/dietrich-mohr.com\/site\/wp-content\/uploads\/2017\/05\/DSC_0342-W.jpg 1250w\" style=\"--ratio: 1250 \/ 952\" sizes=\"auto, (max-width: 1250px) 100vw, 1250px\" width=\"1250\" height=\"952\"  alt=\"\"  \/>\n\t\t<div class=\"slider-post-caption\">\n\t\t\t<div class=\"slider-post-inner\">\n\t\t\t\t<h4>Illa Wenkums, Mary Ann et Dietrich-Mohr, Paris 1966<\/h4>\n\t\t\t<\/div>\n\t\t<\/div><\/div>\n\t<div class=\"slide-item\">\n\t\t<img loading=\"lazy\" decoding=\"async\" class=\"preload-me aspect\" src=\"https:\/\/dietrich-mohr.com\/site\/wp-content\/uploads\/2017\/06\/Bandeira-Chavegnier-Fachard-Ferran-Guino.jpg\" srcset=\"https:\/\/dietrich-mohr.com\/site\/wp-content\/uploads\/2017\/06\/Bandeira-Chavegnier-Fachard-Ferran-Guino.jpg 1250w\" style=\"--ratio: 1250 \/ 918\" sizes=\"auto, (max-width: 1250px) 100vw, 1250px\" width=\"1250\" height=\"918\"  alt=\"\"  \/>\n\t\t<div class=\"slider-post-caption\">\n\t\t\t<div class=\"slider-post-inner\">\n\t\t\t\t<h4>Michel Guino, Louis Chavignier, guide, Dietrich-Mohr, Antonio Bandeira, Gerlinde Baugarts, Robert Fachard, Albert F\u00e9raud, Berlin, 1967<\/h4>\n\t\t\t<\/div>\n\t\t<\/div><\/div>\n\t<div class=\"slide-item\">\n\t\t<img loading=\"lazy\" decoding=\"async\" class=\"preload-me aspect\" src=\"https:\/\/dietrich-mohr.com\/site\/wp-content\/uploads\/2017\/09\/Mary-Ann-Pierre-Dietrich-Mohr-1982.jpg\" srcset=\"https:\/\/dietrich-mohr.com\/site\/wp-content\/uploads\/2017\/09\/Mary-Ann-Pierre-Dietrich-Mohr-1982.jpg 1250w\" style=\"--ratio: 1250 \/ 838\" sizes=\"auto, (max-width: 1250px) 100vw, 1250px\" width=\"1250\" height=\"838\"  alt=\"\"  \/>\n\t\t<div class=\"slider-post-caption\">\n\t\t\t<div class=\"slider-post-inner\">\n\t\t\t\t<h4>Mary Ann, Pierre Linden, Dietrich-Mohr, C\u00e9vennes 1975<\/h4>\n\t\t\t<\/div>\n\t\t<\/div><\/div>\n\t<div class=\"slide-item\">\n\t\t<img loading=\"lazy\" decoding=\"async\" class=\"preload-me aspect\" src=\"https:\/\/dietrich-mohr.com\/site\/wp-content\/uploads\/2017\/09\/diner-copains-img132.jpg\" srcset=\"https:\/\/dietrich-mohr.com\/site\/wp-content\/uploads\/2017\/09\/diner-copains-img132.jpg 1250w\" style=\"--ratio: 1250 \/ 929\" sizes=\"auto, (max-width: 1250px) 100vw, 1250px\" width=\"1250\" height=\"929\"  alt=\"\"  \/>\n\t\t<div class=\"slider-post-caption\">\n\t\t\t<div class=\"slider-post-inner\">\n\t\t\t\t<h4>Marie-Yvonne Parigi, Jos\u00e9 Subira-Puig, Colette Mercier, Marcel Van Thienen, Dietrich-Mohr, Simone Subira-Puig, Renato Parigi, Paris 1977<\/h4>\n\t\t\t<\/div>\n\t\t<\/div><\/div>\n\t<div class=\"slide-item\">\n\t\t<img loading=\"lazy\" decoding=\"async\" class=\"preload-me aspect\" src=\"https:\/\/dietrich-mohr.com\/site\/wp-content\/uploads\/2017\/11\/Albert-Feraud-Dietrich-Mohr-Chu-teh-Chun-1978-79-photographe-Gerard-Bloncourt.jpg\" srcset=\"https:\/\/dietrich-mohr.com\/site\/wp-content\/uploads\/2017\/11\/Albert-Feraud-Dietrich-Mohr-Chu-teh-Chun-1978-79-photographe-Gerard-Bloncourt.jpg 1379w\" style=\"--ratio: 1379 \/ 900\" sizes=\"auto, (max-width: 1379px) 100vw, 1379px\" width=\"1379\" height=\"900\"  alt=\"\"  \/>\n\t\t<div class=\"slider-post-caption\">\n\t\t\t<div class=\"slider-post-inner\">\n\t\t\t\t<h4>Albert Feraud, Dietrich-Mohr, Chu-teh-Chun, 1978-79, Paris<\/h4>\n\t\t\t<\/div>\n\t\t<\/div><\/div>\n\t<div class=\"slide-item\">\n\t\t<img loading=\"lazy\" decoding=\"async\" class=\"preload-me aspect\" src=\"https:\/\/dietrich-mohr.com\/site\/wp-content\/uploads\/2017\/09\/Claude-Mercier-Mary-Ann-et-Dietrich-Mohr-1981.jpg\" srcset=\"https:\/\/dietrich-mohr.com\/site\/wp-content\/uploads\/2017\/09\/Claude-Mercier-Mary-Ann-et-Dietrich-Mohr-1981.jpg 1250w\" style=\"--ratio: 1250 \/ 871\" sizes=\"auto, (max-width: 1250px) 100vw, 1250px\" width=\"1250\" height=\"871\"  alt=\"\"  \/>\n\t\t<div class=\"slider-post-caption\">\n\t\t\t<div class=\"slider-post-inner\">\n\t\t\t\t<h4>Claude Mercier, Mary Ann et Dietrich-Mohr, Fran\u00e7ois-Xavier Fagniez, centre culturel de Troyes, 1981<\/h4>\n\t\t\t<\/div>\n\t\t<\/div><\/div>\n\t<div class=\"slide-item\">\n\t\t<img loading=\"lazy\" decoding=\"async\" class=\"preload-me aspect\" src=\"https:\/\/dietrich-mohr.com\/site\/wp-content\/uploads\/2017\/06\/Hans-Thoma-Scheel-et-Dietrich-Mohr-Busloup-1988.jpg\" srcset=\"https:\/\/dietrich-mohr.com\/site\/wp-content\/uploads\/2017\/06\/Hans-Thoma-Scheel-et-Dietrich-Mohr-Busloup-1988.jpg 1250w\" style=\"--ratio: 1250 \/ 950\" sizes=\"auto, (max-width: 1250px) 100vw, 1250px\" width=\"1250\" height=\"950\"  alt=\"\"  \/>\n\t\t<div class=\"slider-post-caption\">\n\t\t\t<div class=\"slider-post-inner\">\n\t\t\t\t<h4>Hans-Thoma Scheel et Dietrich-Mohr, Busloup 1988<\/h4>\n\t\t\t<\/div>\n\t\t<\/div><\/div>\n\t<div class=\"slide-item\">\n\t\t<img loading=\"lazy\" decoding=\"async\" class=\"preload-me aspect\" src=\"https:\/\/dietrich-mohr.com\/site\/wp-content\/uploads\/2017\/09\/Boa-et-Reinhold-Vester-Mary-Ann-et-Dietrich-Mohr-Dusseldorf-1989.jpg\" srcset=\"https:\/\/dietrich-mohr.com\/site\/wp-content\/uploads\/2017\/09\/Boa-et-Reinhold-Vester-Mary-Ann-et-Dietrich-Mohr-Dusseldorf-1989.jpg 1250w\" style=\"--ratio: 1250 \/ 845\" sizes=\"auto, (max-width: 1250px) 100vw, 1250px\" width=\"1250\" height=\"845\"  alt=\"\"  \/>\n\t\t<div class=\"slider-post-caption\">\n\t\t\t<div class=\"slider-post-inner\">\n\t\t\t\t<h4>Boa et Reinhold Vester, Dietrich et Mary Ann Mohr, D\u00fcsseldorf 1989<\/h4>\n\t\t\t<\/div>\n\t\t<\/div><\/div>\n\t<div class=\"slide-item\">\n\t\t<img loading=\"lazy\" decoding=\"async\" class=\"preload-me aspect\" src=\"https:\/\/dietrich-mohr.com\/site\/wp-content\/uploads\/2017\/11\/DM-Ursula-Giebel-Paris-1991.jpg\" srcset=\"https:\/\/dietrich-mohr.com\/site\/wp-content\/uploads\/2017\/11\/DM-Ursula-Giebel-Paris-1991.jpg 1250w\" style=\"--ratio: 1250 \/ 843\" sizes=\"auto, (max-width: 1250px) 100vw, 1250px\" width=\"1250\" height=\"843\"  alt=\"\"  \/>\n\t\t<div class=\"slider-post-caption\">\n\t\t\t<div class=\"slider-post-inner\">\n\t\t\t\t<h4>Dietrich-Mohr et Ursula Giebel, studio Cit\u00e9 Magenta, Paris, 1991<\/h4>\n\t\t\t<\/div>\n\t\t<\/div><\/div>\n\t<div class=\"slide-item\">\n\t\t<img loading=\"lazy\" decoding=\"async\" class=\"preload-me aspect\" src=\"https:\/\/dietrich-mohr.com\/site\/wp-content\/uploads\/2017\/07\/Bernhard-Giebel-et-Mary-Ann-Saarlouis.jpg\" srcset=\"https:\/\/dietrich-mohr.com\/site\/wp-content\/uploads\/2017\/07\/Bernhard-Giebel-et-Mary-Ann-Saarlouis.jpg 1250w\" style=\"--ratio: 1250 \/ 800\" sizes=\"auto, (max-width: 1250px) 100vw, 1250px\" width=\"1250\" height=\"800\"  alt=\"\"  \/>\n\t\t<div class=\"slider-post-caption\">\n\t\t\t<div class=\"slider-post-inner\">\n\t\t\t\t<h4>Bernhard Giebel et Mary Ann Mohr dans les casemates de Vauban, Saarlouis 1991<\/h4>\n\t\t\t<\/div>\n\t\t<\/div><\/div>\n\t<div class=\"slide-item\">\n\t\t<img loading=\"lazy\" decoding=\"async\" class=\"preload-me aspect\" src=\"https:\/\/dietrich-mohr.com\/site\/wp-content\/uploads\/2018\/03\/img029-M-Mme-Meinrad-Musee-Haus-Ludivig-Saarlouis_1991.jpg\" srcset=\"https:\/\/dietrich-mohr.com\/site\/wp-content\/uploads\/2018\/03\/img029-M-Mme-Meinrad-Musee-Haus-Ludivig-Saarlouis_1991.jpg 1250w\" style=\"--ratio: 1250 \/ 900\" sizes=\"auto, (max-width: 1250px) 100vw, 1250px\" width=\"1250\" height=\"900\"  alt=\"\"  \/>\n\t\t<div class=\"slider-post-caption\">\n\t\t\t<div class=\"slider-post-inner\">\n\t\t\t\t<h4>M et Mme Meinrad, Mus\u00e9e Haus Ludivig, Saarlouis 1991<\/h4>\n\t\t\t<\/div>\n\t\t<\/div><\/div>\n\t<div class=\"slide-item\">\n\t\t<img loading=\"lazy\" decoding=\"async\" class=\"preload-me aspect\" src=\"https:\/\/dietrich-mohr.com\/site\/wp-content\/uploads\/2017\/09\/dejeuner-copains-V2.jpg\" srcset=\"https:\/\/dietrich-mohr.com\/site\/wp-content\/uploads\/2017\/09\/dejeuner-copains-V2.jpg 1250w\" style=\"--ratio: 1250 \/ 950\" sizes=\"auto, (max-width: 1250px) 100vw, 1250px\" width=\"1250\" height=\"950\"  alt=\"\"  \/>\n\t\t<div class=\"slider-post-caption\">\n\t\t\t<div class=\"slider-post-inner\">\n\t\t\t\t<h4>D\u00e9jeuner \u00e0 Busloup 1993<\/h4>\n\t\t\t<\/div>\n\t\t<\/div><\/div>\n\t<div class=\"slide-item\">\n\t\t<img loading=\"lazy\" decoding=\"async\" class=\"preload-me aspect\" src=\"https:\/\/dietrich-mohr.com\/site\/wp-content\/uploads\/2017\/06\/Klaus-Schlutz-PhilippeScrive-Dietrich-Mohr-Conde-Longjumeau-Essonne.jpg\" srcset=\"https:\/\/dietrich-mohr.com\/site\/wp-content\/uploads\/2017\/06\/Klaus-Schlutz-PhilippeScrive-Dietrich-Mohr-Conde-Longjumeau-Essonne.jpg 1250w\" style=\"--ratio: 1250 \/ 840\" sizes=\"auto, (max-width: 1250px) 100vw, 1250px\" width=\"1250\" height=\"840\"  alt=\"\"  \/>\n\t\t<div class=\"slider-post-caption\">\n\t\t\t<div class=\"slider-post-inner\">\n\t\t\t\t<h4>Klaus Schultz, Philippe Scrive, Dietrich-Mohr, Cond\u00e9, \u00dcberlingen, Germany 1993<\/h4>\n\t\t\t<\/div>\n\t\t<\/div><\/div>\n\t<div class=\"slide-item\">\n\t\t<img loading=\"lazy\" decoding=\"async\" class=\"preload-me aspect\" src=\"https:\/\/dietrich-mohr.com\/site\/wp-content\/uploads\/2018\/03\/img032-DM-Karin-Scheid-et-Elke-Scheiner-Saarlouis-1994.jpg\" srcset=\"https:\/\/dietrich-mohr.com\/site\/wp-content\/uploads\/2018\/03\/img032-DM-Karin-Scheid-et-Elke-Scheiner-Saarlouis-1994.jpg 1250w\" style=\"--ratio: 1250 \/ 886\" sizes=\"auto, (max-width: 1250px) 100vw, 1250px\" width=\"1250\" height=\"886\"  alt=\"\"  \/>\n\t\t<div class=\"slider-post-caption\">\n\t\t\t<div class=\"slider-post-inner\">\n\t\t\t\t<h4>Dietrich-Mohr, Karin Scheid et Elke Scheiner, Saarlouis 1994<\/h4>\n\t\t\t<\/div>\n\t\t<\/div><\/div>\n\t<div class=\"slide-item\">\n\t\t<img loading=\"lazy\" decoding=\"async\" class=\"preload-me aspect\" src=\"https:\/\/dietrich-mohr.com\/site\/wp-content\/uploads\/2017\/06\/Lydia-Harambourg-Longobardi-Chu-Teck-Chu-He\u0301le\u0300ne-Longobardi-Dietrich-Mohr-.jpg\" srcset=\"https:\/\/dietrich-mohr.com\/site\/wp-content\/uploads\/2017\/06\/Lydia-Harambourg-Longobardi-Chu-Teck-Chu-He\u0301le\u0300ne-Longobardi-Dietrich-Mohr-.jpg 1250w\" style=\"--ratio: 1250 \/ 844\" sizes=\"auto, (max-width: 1250px) 100vw, 1250px\" width=\"1250\" height=\"844\"  alt=\"\"  \/>\n\t\t<div class=\"slider-post-caption\">\n\t\t\t<div class=\"slider-post-inner\">\n\t\t\t\t<h4>Lydia Harambourg, Xavier Longobardi, Ching-Chao Chu, He\u0301le\u0300ne Longobardi, Dietrich-Mohr, Paris 1995<\/h4>\n\t\t\t<\/div>\n\t\t<\/div><\/div>\n\t<div class=\"slide-item\">\n\t\t<img loading=\"lazy\" decoding=\"async\" class=\"preload-me aspect\" src=\"https:\/\/dietrich-mohr.com\/site\/wp-content\/uploads\/2018\/03\/img014-6-mai-Paris-1995-Chez-les-Thomas.jpg\" srcset=\"https:\/\/dietrich-mohr.com\/site\/wp-content\/uploads\/2018\/03\/img014-6-mai-Paris-1995-Chez-les-Thomas.jpg 1250w\" style=\"--ratio: 1250 \/ 822\" sizes=\"auto, (max-width: 1250px) 100vw, 1250px\" width=\"1250\" height=\"822\"  alt=\"\"  \/>\n\t\t<div class=\"slider-post-caption\">\n\t\t\t<div class=\"slider-post-inner\">\n\t\t\t\t<h4>Kijno, Henriett et Albert F\u00e9raud, Dietrich-Mohr, Chu-teh-Chun, chez les Thomas 1995<\/h4>\n\t\t\t<\/div>\n\t\t<\/div><\/div>\n\t<div class=\"slide-item\">\n\t\t<img loading=\"lazy\" decoding=\"async\" class=\"preload-me aspect\" src=\"https:\/\/dietrich-mohr.com\/site\/wp-content\/uploads\/2017\/06\/Dietrich-Mohr-et-Marta-Pan-salon-des-Grands-et-Jeunes-vernissage-1986.jpg\" srcset=\"https:\/\/dietrich-mohr.com\/site\/wp-content\/uploads\/2017\/06\/Dietrich-Mohr-et-Marta-Pan-salon-des-Grands-et-Jeunes-vernissage-1986.jpg 1250w\" style=\"--ratio: 1250 \/ 835\" sizes=\"auto, (max-width: 1250px) 100vw, 1250px\" width=\"1250\" height=\"835\"  alt=\"\"  \/>\n\t\t<div class=\"slider-post-caption\">\n\t\t\t<div class=\"slider-post-inner\">\n\t\t\t\t<h4>Dietrich-Mohr et Marta Pan, salon des Grands et Jeunes d\u2019Aujourd\u2019hui, 1996<\/h4>\n\t\t\t<\/div>\n\t\t<\/div><\/div>\n\t<div class=\"slide-item\">\n\t\t<img loading=\"lazy\" decoding=\"async\" class=\"preload-me aspect\" src=\"https:\/\/dietrich-mohr.com\/site\/wp-content\/uploads\/2017\/06\/Marta-Pan-Patrick-Gilles-Persin-Dietrich-Mohr-Satoru-Sato-1986.jpg\" srcset=\"https:\/\/dietrich-mohr.com\/site\/wp-content\/uploads\/2017\/06\/Marta-Pan-Patrick-Gilles-Persin-Dietrich-Mohr-Satoru-Sato-1986.jpg 1250w\" style=\"--ratio: 1250 \/ 810\" sizes=\"auto, (max-width: 1250px) 100vw, 1250px\" width=\"1250\" height=\"810\"  alt=\"\"  \/>\n\t\t<div class=\"slider-post-caption\">\n\t\t\t<div class=\"slider-post-inner\">\n\t\t\t\t<h4>Marta Pan, Patrick-Gilles Persin, Dietrich-Mohr, Satoru Sato, salon des Grands et Jeunes d\u2019Aujourd\u2019hui, vernissage 1996<\/h4>\n\t\t\t<\/div>\n\t\t<\/div><\/div>\n\t<div class=\"slide-item\">\n\t\t<img loading=\"lazy\" decoding=\"async\" class=\"preload-me aspect\" src=\"https:\/\/dietrich-mohr.com\/site\/wp-content\/uploads\/2017\/06\/Charles-Bezin-et-Districh-Mohr-Busloup-1996.jpg\" srcset=\"https:\/\/dietrich-mohr.com\/site\/wp-content\/uploads\/2017\/06\/Charles-Bezin-et-Districh-Mohr-Busloup-1996.jpg 1250w\" style=\"--ratio: 1250 \/ 952\" sizes=\"auto, (max-width: 1250px) 100vw, 1250px\" width=\"1250\" height=\"952\"  alt=\"\"  \/>\n\t\t<div class=\"slider-post-caption\">\n\t\t\t<div class=\"slider-post-inner\">\n\t\t\t\t<h4>Charles Bezie et Dietrich-Mohr, Busloup 1996<\/h4>\n\t\t\t<\/div>\n\t\t<\/div><\/div>\n\t<div class=\"slide-item\">\n\t\t<img loading=\"lazy\" decoding=\"async\" class=\"preload-me aspect\" src=\"https:\/\/dietrich-mohr.com\/site\/wp-content\/uploads\/2018\/05\/Peter-et-Elsa-Genese-Le-percheron-1996-mg045-V2.jpg\" srcset=\"https:\/\/dietrich-mohr.com\/site\/wp-content\/uploads\/2018\/05\/Peter-et-Elsa-Genese-Le-percheron-1996-mg045-V2.jpg 1580w\" style=\"--ratio: 1580 \/ 1078\" sizes=\"auto, (max-width: 1580px) 100vw, 1580px\" width=\"1580\" height=\"1078\"  alt=\"\"  \/>\n\t\t<div class=\"slider-post-caption\">\n\t\t\t<div class=\"slider-post-inner\">\n\t\t\t\t<h4>Peter et Elsa Genese en chariot et percheron, 1996 arriv\u00e9e \u00e0 la Blotterie<\/h4>\n\t\t\t<\/div>\n\t\t<\/div><\/div>\n\t<div class=\"slide-item\">\n\t\t<img loading=\"lazy\" decoding=\"async\" class=\"preload-me aspect\" src=\"https:\/\/dietrich-mohr.com\/site\/wp-content\/uploads\/2017\/06\/DM-Marino-di-Teana-Wolfgang-fery.jpg\" srcset=\"https:\/\/dietrich-mohr.com\/site\/wp-content\/uploads\/2017\/06\/DM-Marino-di-Teana-Wolfgang-fery.jpg 1250w\" style=\"--ratio: 1250 \/ 871\" sizes=\"auto, (max-width: 1250px) 100vw, 1250px\" width=\"1250\" height=\"871\"  alt=\"\"  \/>\n\t\t<div class=\"slider-post-caption\">\n\t\t\t<div class=\"slider-post-inner\">\n\t\t\t\t<h4>Dietrich-Mohr, Marino di Teana et Wolfgang Fery, Perigny 1996<\/h4>\n\t\t\t<\/div>\n\t\t<\/div><\/div>\n\t<div class=\"slide-item\">\n\t\t<img loading=\"lazy\" decoding=\"async\" class=\"preload-me aspect\" src=\"https:\/\/dietrich-mohr.com\/site\/wp-content\/uploads\/2018\/03\/img015-Grace-et-Elisbeth-Sheel-Dietrich-Fontaine-St-Radegonde-La-Blotterie-Busloup-.jpg\" srcset=\"https:\/\/dietrich-mohr.com\/site\/wp-content\/uploads\/2018\/03\/img015-Grace-et-Elisbeth-Sheel-Dietrich-Fontaine-St-Radegonde-La-Blotterie-Busloup-.jpg 1250w\" style=\"--ratio: 1250 \/ 825\" sizes=\"auto, (max-width: 1250px) 100vw, 1250px\" width=\"1250\" height=\"825\"  alt=\"\"  \/>\n\t\t<div class=\"slider-post-caption\">\n\t\t\t<div class=\"slider-post-inner\">\n\t\t\t\t<h4>Graciella Scheel et Catherine avec Dietrich-Mohr Fontaine St-Radegonde, La Blotterie, Busloup 1998<\/h4>\n\t\t\t<\/div>\n\t\t<\/div><\/div>\n\t<div class=\"slide-item\">\n\t\t<img loading=\"lazy\" decoding=\"async\" class=\"preload-me aspect\" src=\"https:\/\/dietrich-mohr.com\/site\/wp-content\/uploads\/2018\/03\/img026-Mary-Ann-Dietrich-et-M-Zender-Saarlouis.jpg\" srcset=\"https:\/\/dietrich-mohr.com\/site\/wp-content\/uploads\/2018\/03\/img026-Mary-Ann-Dietrich-et-M-Zender-Saarlouis.jpg 1250w\" style=\"--ratio: 1250 \/ 894\" sizes=\"auto, (max-width: 1250px) 100vw, 1250px\" width=\"1250\" height=\"894\"  alt=\"\"  \/>\n\t\t<div class=\"slider-post-caption\">\n\t\t\t<div class=\"slider-post-inner\">\n\t\t\t\t<h4>Mary-Ann, Dietrich-Mohr et M. Zender, Saarlouis 1998<\/h4>\n\t\t\t<\/div>\n\t\t<\/div><\/div>\n\t<div class=\"slide-item\">\n\t\t<img loading=\"lazy\" decoding=\"async\" class=\"preload-me aspect\" src=\"https:\/\/dietrich-mohr.com\/site\/wp-content\/uploads\/2017\/09\/Guy-de-Lussigny-Wolfgang-Fery-Dietrich-Mohr-exposition-Guy-de-Lussigny-Paris-1998.jpg\" srcset=\"https:\/\/dietrich-mohr.com\/site\/wp-content\/uploads\/2017\/09\/Guy-de-Lussigny-Wolfgang-Fery-Dietrich-Mohr-exposition-Guy-de-Lussigny-Paris-1998.jpg 1250w\" style=\"--ratio: 1250 \/ 869\" sizes=\"auto, (max-width: 1250px) 100vw, 1250px\" width=\"1250\" height=\"869\"  alt=\"\"  \/>\n\t\t<div class=\"slider-post-caption\">\n\t\t\t<div class=\"slider-post-inner\">\n\t\t\t\t<h4>Guy de Lussigny, Wolfgang Fery, Dietrich-Mohr, exposition Guy de Lussigny, Paris 1998<\/h4>\n\t\t\t<\/div>\n\t\t<\/div><\/div>\n\t<div class=\"slide-item\">\n\t\t<img loading=\"lazy\" decoding=\"async\" class=\"preload-me aspect\" src=\"https:\/\/dietrich-mohr.com\/site\/wp-content\/uploads\/2018\/03\/img013-Claude-Mercier-DM-La-Blotterie-Busloup-1999.jpg\" srcset=\"https:\/\/dietrich-mohr.com\/site\/wp-content\/uploads\/2018\/03\/img013-Claude-Mercier-DM-La-Blotterie-Busloup-1999.jpg 1250w\" style=\"--ratio: 1250 \/ 813\" sizes=\"auto, (max-width: 1250px) 100vw, 1250px\" width=\"1250\" height=\"813\"  alt=\"\"  \/>\n\t\t<div class=\"slider-post-caption\">\n\t\t\t<div class=\"slider-post-inner\">\n\t\t\t\t<h4>Claude Mercier, Dietrich-Mohr, La Blotterie, Busloup 1999<\/h4>\n\t\t\t<\/div>\n\t\t<\/div><\/div>\n\t<div class=\"slide-item\">\n\t\t<img loading=\"lazy\" decoding=\"async\" class=\"preload-me aspect\" src=\"https:\/\/dietrich-mohr.com\/site\/wp-content\/uploads\/2017\/06\/Dietrich-Mohr-Dana-Roman-vernissage-Saarlouis-2011.jpg\" srcset=\"https:\/\/dietrich-mohr.com\/site\/wp-content\/uploads\/2017\/06\/Dietrich-Mohr-Dana-Roman-vernissage-Saarlouis-2011.jpg 1250w\" style=\"--ratio: 1250 \/ 950\" sizes=\"auto, (max-width: 1250px) 100vw, 1250px\" width=\"1250\" height=\"950\"  alt=\"\"  \/>\n\t\t<div class=\"slider-post-caption\">\n\t\t\t<div class=\"slider-post-inner\">\n\t\t\t\t<h4>Dietrich-Mohr et Dana Roman, \u00ab\u00a0Six Sculpteurs\u00a0\u00bb, Treffpunkt Kunst, Museum Haus Ludwig, Saarlouis 2001, Germany<\/h4>\n\t\t\t<\/div>\n\t\t<\/div><\/div>\n\t<div class=\"slide-item\">\n\t\t<img loading=\"lazy\" decoding=\"async\" class=\"preload-me aspect\" src=\"https:\/\/dietrich-mohr.com\/site\/wp-content\/uploads\/2017\/06\/Jennifer-Contreras-Aline-Robin-Ivan-Contreras.jpg\" srcset=\"https:\/\/dietrich-mohr.com\/site\/wp-content\/uploads\/2017\/06\/Jennifer-Contreras-Aline-Robin-Ivan-Contreras.jpg 1250w\" style=\"--ratio: 1250 \/ 793\" sizes=\"auto, (max-width: 1250px) 100vw, 1250px\" width=\"1250\" height=\"793\"  alt=\"\"  \/>\n\t\t<div class=\"slider-post-caption\">\n\t\t\t<div class=\"slider-post-inner\">\n\t\t\t\t<h4>Jennifer Contreras-Brunet, Aline Robin, Yvan Contreras-Brunet, vernissage, Bonneval  2001<\/h4>\n\t\t\t<\/div>\n\t\t<\/div><\/div>\n\t<div class=\"slide-item\">\n\t\t<img loading=\"lazy\" decoding=\"async\" class=\"preload-me aspect\" src=\"https:\/\/dietrich-mohr.com\/site\/wp-content\/uploads\/2018\/03\/img011-DM-Peter-Lodermayer-2005-Saarlouis-Musee-Ludwig.jpg\" srcset=\"https:\/\/dietrich-mohr.com\/site\/wp-content\/uploads\/2018\/03\/img011-DM-Peter-Lodermayer-2005-Saarlouis-Musee-Ludwig.jpg 1250w\" style=\"--ratio: 1250 \/ 941\" sizes=\"auto, (max-width: 1250px) 100vw, 1250px\" width=\"1250\" height=\"941\"  alt=\"\"  \/>\n\t\t<div class=\"slider-post-caption\">\n\t\t\t<div class=\"slider-post-inner\">\n\t\t\t\t<h4>Dietrich-Mohr, Peter Lodermeyer, 2005 Saarlouis, Mus\u00e9e Ludwig<\/h4>\n\t\t\t<\/div>\n\t\t<\/div><\/div>\n\t<div class=\"slide-item\">\n\t\t<img loading=\"lazy\" decoding=\"async\" class=\"preload-me aspect\" src=\"https:\/\/dietrich-mohr.com\/site\/wp-content\/uploads\/2017\/09\/V2-A9e_Picasso_Paris_2006_.jpg\" srcset=\"https:\/\/dietrich-mohr.com\/site\/wp-content\/uploads\/2017\/09\/V2-A9e_Picasso_Paris_2006_.jpg 1250w\" style=\"--ratio: 1250 \/ 911\" sizes=\"auto, (max-width: 1250px) 100vw, 1250px\" width=\"1250\" height=\"911\"  alt=\"\"  \/>\n\t\t<div class=\"slider-post-caption\">\n\t\t\t<div class=\"slider-post-inner\">\n\t\t\t\t<h4>Dietrich-Mohr et Charlotte M\u00f6rtl, Mus\u00e9e Picasso, Paris 2006<\/h4>\n\t\t\t<\/div>\n\t\t<\/div><\/div>\n\t<div class=\"slide-item\">\n\t\t<img loading=\"lazy\" decoding=\"async\" class=\"preload-me aspect\" src=\"https:\/\/dietrich-mohr.com\/site\/wp-content\/uploads\/2017\/06\/Bettina-Charlotte-Wenkums-Morti-Dietrich-et-Bine-Wendums.jpg\" srcset=\"https:\/\/dietrich-mohr.com\/site\/wp-content\/uploads\/2017\/06\/Bettina-Charlotte-Wenkums-Morti-Dietrich-et-Bine-Wendums.jpg 1280w\" style=\"--ratio: 1280 \/ 842\" sizes=\"auto, (max-width: 1280px) 100vw, 1280px\" width=\"1280\" height=\"842\"  alt=\"\"  \/>\n\t\t<div class=\"slider-post-caption\">\n\t\t\t<div class=\"slider-post-inner\">\n\t\t\t\t<h4>Bettina Charlotte Wenkums M\u00f6rtl, Dietrich et Sabine Wenkums, Paris 2006<\/h4>\n\t\t\t<\/div>\n\t\t<\/div><\/div>\n\t<div class=\"slide-item\">\n\t\t<img loading=\"lazy\" decoding=\"async\" class=\"preload-me aspect\" src=\"https:\/\/dietrich-mohr.com\/site\/wp-content\/uploads\/2017\/06\/Jose-Claude-Dietrich-Robert.jpg\" srcset=\"https:\/\/dietrich-mohr.com\/site\/wp-content\/uploads\/2017\/06\/Jose-Claude-Dietrich-Robert.jpg 1280w\" style=\"--ratio: 1280 \/ 960\" sizes=\"auto, (max-width: 1280px) 100vw, 1280px\" width=\"1280\" height=\"960\"  alt=\"\"  \/>\n\t\t<div class=\"slider-post-caption\">\n\t\t\t<div class=\"slider-post-inner\">\n\t\t\t\t<h4>Jos\u00e9 Subira-Puig, Claude Mercier, Dietrich-Mohr, Robert Fachard, Pithiviers 2006<\/h4>\n\t\t\t<\/div>\n\t\t<\/div><\/div>\n\t<div class=\"slide-item\">\n\t\t<img loading=\"lazy\" decoding=\"async\" class=\"preload-me aspect\" src=\"https:\/\/dietrich-mohr.com\/site\/wp-content\/uploads\/2017\/06\/Dietrich-Mohr-et-Didier-Roquet-Bonneval-2007.jpg\" srcset=\"https:\/\/dietrich-mohr.com\/site\/wp-content\/uploads\/2017\/06\/Dietrich-Mohr-et-Didier-Roquet-Bonneval-2007.jpg 1250w\" style=\"--ratio: 1250 \/ 980\" sizes=\"auto, (max-width: 1250px) 100vw, 1250px\" width=\"1250\" height=\"980\"  alt=\"\"  \/>\n\t\t<div class=\"slider-post-caption\">\n\t\t\t<div class=\"slider-post-inner\">\n\t\t\t\t<h4>Dietrich-Mohr et Didier Roquet, Bonneval 2007<\/h4>\n\t\t\t<\/div>\n\t\t<\/div><\/div>\n\t<div class=\"slide-item\">\n\t\t<img loading=\"lazy\" decoding=\"async\" class=\"preload-me aspect\" src=\"https:\/\/dietrich-mohr.com\/site\/wp-content\/uploads\/2017\/07\/Daniel-Duchoze-et-Dietrich-Rouen-Galerie-Duchoze-2007.jpg\" srcset=\"https:\/\/dietrich-mohr.com\/site\/wp-content\/uploads\/2017\/07\/Daniel-Duchoze-et-Dietrich-Rouen-Galerie-Duchoze-2007.jpg 1280w\" style=\"--ratio: 1280 \/ 927\" sizes=\"auto, (max-width: 1280px) 100vw, 1280px\" width=\"1280\" height=\"927\"  alt=\"\"  \/>\n\t\t<div class=\"slider-post-caption\">\n\t\t\t<div class=\"slider-post-inner\">\n\t\t\t\t<h4>Daniel Duchoze et Dietrich, Galerie Duchoze, Rouen 2007<\/h4>\n\t\t\t<\/div>\n\t\t<\/div><\/div>\n\t<div class=\"slide-item\">\n\t\t<img loading=\"lazy\" decoding=\"async\" class=\"preload-me aspect\" src=\"https:\/\/dietrich-mohr.com\/site\/wp-content\/uploads\/2017\/09\/Tekna-avec-Dietrich-Mohr-ch-reaumur.jpg\" srcset=\"https:\/\/dietrich-mohr.com\/site\/wp-content\/uploads\/2017\/09\/Tekna-avec-Dietrich-Mohr-ch-reaumur.jpg 1250w\" style=\"--ratio: 1250 \/ 990\" sizes=\"auto, (max-width: 1250px) 100vw, 1250px\" width=\"1250\" height=\"990\"  alt=\"\"  \/>\n\t\t<div class=\"slider-post-caption\">\n\t\t\t<div class=\"slider-post-inner\">\n\t\t\t\t<h4>Le peintre sculpteur Tenka, Daniel Couturier, le sculpteur Sylvianne Leger et Dietrich-Mohr, Ch\u00e2teau de R\u00e9aumur 2008<\/h4>\n\t\t\t<\/div>\n\t\t<\/div><\/div>\n\t<div class=\"slide-item\">\n\t\t<img loading=\"lazy\" decoding=\"async\" class=\"preload-me aspect\" src=\"https:\/\/dietrich-mohr.com\/site\/wp-content\/uploads\/2017\/06\/Dietrich-Mohr-et-Ge\u0301rardXusiguera-_signature-du-livre-Regard-sur-la-sculpture-contemporaine_-Paris-2008.jpg\" srcset=\"https:\/\/dietrich-mohr.com\/site\/wp-content\/uploads\/2017\/06\/Dietrich-Mohr-et-Ge\u0301rardXusiguera-_signature-du-livre-Regard-sur-la-sculpture-contemporaine_-Paris-2008.jpg 1250w\" style=\"--ratio: 1250 \/ 848\" sizes=\"auto, (max-width: 1250px) 100vw, 1250px\" width=\"1250\" height=\"848\"  alt=\"\"  \/>\n\t\t<div class=\"slider-post-caption\">\n\t\t\t<div class=\"slider-post-inner\">\n\t\t\t\t<h4>Dietrich-Mohr et Ge\u0301rard Xuriguera, signature du livre Regard sur la sculpture contemporaine Paris, 2008<\/h4>\n\t\t\t<\/div>\n\t\t<\/div><\/div>\n\t<div class=\"slide-item\">\n\t\t<img loading=\"lazy\" decoding=\"async\" class=\"preload-me aspect\" src=\"https:\/\/dietrich-mohr.com\/site\/wp-content\/uploads\/2017\/08\/DM-Francois-Weil-1999-Paris.jpg\" srcset=\"https:\/\/dietrich-mohr.com\/site\/wp-content\/uploads\/2017\/08\/DM-Francois-Weil-1999-Paris.jpg 1280w\" style=\"--ratio: 1280 \/ 835\" sizes=\"auto, (max-width: 1280px) 100vw, 1280px\" width=\"1280\" height=\"835\"  alt=\"\"  \/>\n\t\t<div class=\"slider-post-caption\">\n\t\t\t<div class=\"slider-post-inner\">\n\t\t\t\t<h4>Dietrich-Mohr et Francois Weil, signature du livre &#8220;Regard sur la sculpture contemporaine&#8221; de G\u00e9rard Xuriguera, Paris 2008<\/h4>\n\t\t\t<\/div>\n\t\t<\/div><\/div>\n\t<div class=\"slide-item\">\n\t\t<img loading=\"lazy\" decoding=\"async\" class=\"preload-me aspect\" src=\"https:\/\/dietrich-mohr.com\/site\/wp-content\/uploads\/2017\/08\/Hommage-a-G-Xuriguera-CREPS-Chatenay-Malabry.jpg\" srcset=\"https:\/\/dietrich-mohr.com\/site\/wp-content\/uploads\/2017\/08\/Hommage-a-G-Xuriguera-CREPS-Chatenay-Malabry.jpg 1280w\" style=\"--ratio: 1280 \/ 964\" sizes=\"auto, (max-width: 1280px) 100vw, 1280px\" width=\"1280\" height=\"964\"  alt=\"\"  \/>\n\t\t<div class=\"slider-post-caption\">\n\t\t\t<div class=\"slider-post-inner\">\n\t\t\t\t<h4>Nissim Mercado, Dietrich-Mohr, signature du livre &#8220;Regard sur la sculpture contemporaine&#8221; de G\u00e9rard Xuriguera, Paris 2008<\/h4>\n\t\t\t<\/div>\n\t\t<\/div><\/div>\n\t<div class=\"slide-item\">\n\t\t<img loading=\"lazy\" decoding=\"async\" class=\"preload-me aspect\" src=\"https:\/\/dietrich-mohr.com\/site\/wp-content\/uploads\/2017\/06\/Dietrich-et-Gisela-Wenkums-Fontenay-sous-Bois-2008.jpg\" srcset=\"https:\/\/dietrich-mohr.com\/site\/wp-content\/uploads\/2017\/06\/Dietrich-et-Gisela-Wenkums-Fontenay-sous-Bois-2008.jpg 1250w\" style=\"--ratio: 1250 \/ 938\" sizes=\"auto, (max-width: 1250px) 100vw, 1250px\" width=\"1250\" height=\"938\"  alt=\"\"  \/>\n\t\t<div class=\"slider-post-caption\">\n\t\t\t<div class=\"slider-post-inner\">\n\t\t\t\t<h4>Dietrich et Gisela Wenkums, Fontenay-sous-Bois 2008<\/h4>\n\t\t\t<\/div>\n\t\t<\/div><\/div>\n\t<div class=\"slide-item\">\n\t\t<img loading=\"lazy\" decoding=\"async\" class=\"preload-me aspect\" src=\"https:\/\/dietrich-mohr.com\/site\/wp-content\/uploads\/2017\/09\/Lydia-Haramburg-Raphael-Dupuy-Dietrich-Borne-les-Mimosas-2008.jpg\" srcset=\"https:\/\/dietrich-mohr.com\/site\/wp-content\/uploads\/2017\/09\/Lydia-Haramburg-Raphael-Dupuy-Dietrich-Borne-les-Mimosas-2008.jpg 1250w\" style=\"--ratio: 1250 \/ 938\" sizes=\"auto, (max-width: 1250px) 100vw, 1250px\" width=\"1250\" height=\"938\"  alt=\"\"  \/>\n\t\t<div class=\"slider-post-caption\">\n\t\t\t<div class=\"slider-post-inner\">\n\t\t\t\t<h4>Lydia Harambourg, Rapha\u00ebl Dupouy, Dietrich-Mohr, hommage \u00e0 Marcel et Lalan Van Thienen, Le Lavandou (Var), 2008<\/h4>\n\t\t\t<\/div>\n\t\t<\/div><\/div>\n\t<div class=\"slide-item\">\n\t\t<img loading=\"lazy\" decoding=\"async\" class=\"preload-me aspect\" src=\"https:\/\/dietrich-mohr.com\/site\/wp-content\/uploads\/2017\/06\/Michael-von-Bradke-et-Dietrich-a-Aerodrome-Blois-le-Breuil-Loir-et-Cher-.jpg\" srcset=\"https:\/\/dietrich-mohr.com\/site\/wp-content\/uploads\/2017\/06\/Michael-von-Bradke-et-Dietrich-a-Aerodrome-Blois-le-Breuil-Loir-et-Cher-.jpg 1280w\" style=\"--ratio: 1280 \/ 959\" sizes=\"auto, (max-width: 1280px) 100vw, 1280px\" width=\"1280\" height=\"959\"  alt=\"\"  \/>\n\t\t<div class=\"slider-post-caption\">\n\t\t\t<div class=\"slider-post-inner\">\n\t\t\t\t<h4>Micha\u00ebl von Bradke et Dietrich \u00e0 A\u00e9rodrome Blois le Breuil, Loir-et-Cher 2008<\/h4>\n\t\t\t<\/div>\n\t\t<\/div><\/div>\n\t<div class=\"slide-item\">\n\t\t<img loading=\"lazy\" decoding=\"async\" class=\"preload-me aspect\" src=\"https:\/\/dietrich-mohr.com\/site\/wp-content\/uploads\/2017\/06\/Dietrich-Mohr-chez-Wolfgang-Fery-Bons-2008.jpg\" srcset=\"https:\/\/dietrich-mohr.com\/site\/wp-content\/uploads\/2017\/06\/Dietrich-Mohr-chez-Wolfgang-Fery-Bons-2008.jpg 1250w\" style=\"--ratio: 1250 \/ 954\" sizes=\"auto, (max-width: 1250px) 100vw, 1250px\" width=\"1250\" height=\"954\"  alt=\"\"  \/>\n\t\t<div class=\"slider-post-caption\">\n\t\t\t<div class=\"slider-post-inner\">\n\t\t\t\t<h4>Dietrich-Mohr chez Wolfgang Fery, Bous Saarlouis 2008, Germany<\/h4>\n\t\t\t<\/div>\n\t\t<\/div><\/div>\n\t<div class=\"slide-item\">\n\t\t<img loading=\"lazy\" decoding=\"async\" class=\"preload-me aspect\" src=\"https:\/\/dietrich-mohr.com\/site\/wp-content\/uploads\/2017\/09\/Tetsuo-Harada-Simone-Subira-Puig-Dietrich-et-Mary-Ann-Mohr-Musee-de-Meudon-2002.jpg\" srcset=\"https:\/\/dietrich-mohr.com\/site\/wp-content\/uploads\/2017\/09\/Tetsuo-Harada-Simone-Subira-Puig-Dietrich-et-Mary-Ann-Mohr-Musee-de-Meudon-2002.jpg 1250w\" style=\"--ratio: 1250 \/ 958\" sizes=\"auto, (max-width: 1250px) 100vw, 1250px\" width=\"1250\" height=\"958\"  alt=\"\"  \/>\n\t\t<div class=\"slider-post-caption\">\n\t\t\t<div class=\"slider-post-inner\">\n\t\t\t\t<h4>Tetsuo Harada, Jos\u00e9 et Simone Subira-Puig, Dietrich et Mary Ann Mohr Mus\u00e9e de Meudon &#8220;D&#8217;Acier, de Bois, de Pierre&#8221; Mus\u00e9e de Meudon 2008<\/h4>\n\t\t\t<\/div>\n\t\t<\/div><\/div>\n\t<div class=\"slide-item\">\n\t\t<img loading=\"lazy\" decoding=\"async\" class=\"preload-me aspect\" src=\"https:\/\/dietrich-mohr.com\/site\/wp-content\/uploads\/2017\/06\/V2_Jean-Claude-Lethiais-Dietrich-Mohr-Bernhard-Giebel-Stuttgart-2009-V2.jpg\" srcset=\"https:\/\/dietrich-mohr.com\/site\/wp-content\/uploads\/2017\/06\/V2_Jean-Claude-Lethiais-Dietrich-Mohr-Bernhard-Giebel-Stuttgart-2009-V2.jpg 1250w\" style=\"--ratio: 1250 \/ 900\" sizes=\"auto, (max-width: 1250px) 100vw, 1250px\" width=\"1250\" height=\"900\"  alt=\"\"  \/>\n\t\t<div class=\"slider-post-caption\">\n\t\t\t<div class=\"slider-post-inner\">\n\t\t\t\t<h4>Jean-Claude Lethiais, Dietrich-Mohr, Bernhard Giebel, Stuttgart 2009<\/h4>\n\t\t\t<\/div>\n\t\t<\/div><\/div>\n\t<div class=\"slide-item\">\n\t\t<img loading=\"lazy\" decoding=\"async\" class=\"preload-me aspect\" src=\"https:\/\/dietrich-mohr.com\/site\/wp-content\/uploads\/2017\/07\/Musee-de-Cambrai-Festival-de-la-Sculpture-.DM-Mael-Bellec-2011.jpg\" srcset=\"https:\/\/dietrich-mohr.com\/site\/wp-content\/uploads\/2017\/07\/Musee-de-Cambrai-Festival-de-la-Sculpture-.DM-Mael-Bellec-2011.jpg 1250w\" style=\"--ratio: 1250 \/ 883\" sizes=\"auto, (max-width: 1250px) 100vw, 1250px\" width=\"1250\" height=\"883\"  alt=\"\"  \/>\n\t\t<div class=\"slider-post-caption\">\n\t\t\t<div class=\"slider-post-inner\">\n\t\t\t\t<h4>Andr\u00e9 Lebosec, Dietrich-Mohr, Mae\u0308l Bellec, Muse\u0301e de Cambrai, Escaut. Rives, d\u00e9rives, Festival de la Sculpture 2011<\/h4>\n\t\t\t<\/div>\n\t\t<\/div><\/div>\n\t<div class=\"slide-item\">\n\t\t<img loading=\"lazy\" decoding=\"async\" class=\"preload-me aspect\" src=\"https:\/\/dietrich-mohr.com\/site\/wp-content\/uploads\/2017\/06\/Grace-Scheel-et-Dietrich-Musee-d-Evreux-2011.jpg\" srcset=\"https:\/\/dietrich-mohr.com\/site\/wp-content\/uploads\/2017\/06\/Grace-Scheel-et-Dietrich-Musee-d-Evreux-2011.jpg 1250w\" style=\"--ratio: 1250 \/ 938\" sizes=\"auto, (max-width: 1250px) 100vw, 1250px\" width=\"1250\" height=\"938\"  alt=\"\"  \/>\n\t\t<div class=\"slider-post-caption\">\n\t\t\t<div class=\"slider-post-inner\">\n\t\t\t\t<h4>Graciella Scheel et Dietrich, Mus\u00e9e d Evreux 2011<\/h4>\n\t\t\t<\/div>\n\t\t<\/div><\/div>\n\t<div class=\"slide-item\">\n\t\t<img loading=\"lazy\" decoding=\"async\" class=\"preload-me aspect\" src=\"https:\/\/dietrich-mohr.com\/site\/wp-content\/uploads\/2018\/03\/Dietrich-et-Mary-Ann-Mohr-Lyane-et-Olivie-r-Guillaume-et-Michele-Dolo-Paris-2011.jpg\" srcset=\"https:\/\/dietrich-mohr.com\/site\/wp-content\/uploads\/2018\/03\/Dietrich-et-Mary-Ann-Mohr-Lyane-et-Olivie-r-Guillaume-et-Michele-Dolo-Paris-2011.jpg 1250w\" style=\"--ratio: 1250 \/ 938\" sizes=\"auto, (max-width: 1250px) 100vw, 1250px\" width=\"1250\" height=\"938\"  alt=\"\"  \/>\n\t\t<div class=\"slider-post-caption\">\n\t\t\t<div class=\"slider-post-inner\">\n\t\t\t\t<h4>Dietrich et Mary-Ann Mohr, Lyane et Olivier Guillaume et Mich\u00e8le Dolo, Paris 2011<\/h4>\n\t\t\t<\/div>\n\t\t<\/div><\/div>\n\t<div class=\"slide-item\">\n\t\t<img loading=\"lazy\" decoding=\"async\" class=\"preload-me aspect\" src=\"https:\/\/dietrich-mohr.com\/site\/wp-content\/uploads\/2017\/10\/Dany-et-Didier-Lautraite-Dietrich-Mohr-Busloup-2011.jpg\" srcset=\"https:\/\/dietrich-mohr.com\/site\/wp-content\/uploads\/2017\/10\/Dany-et-Didier-Lautraite-Dietrich-Mohr-Busloup-2011.jpg 1250w\" style=\"--ratio: 1250 \/ 938\" sizes=\"auto, (max-width: 1250px) 100vw, 1250px\" width=\"1250\" height=\"938\"  alt=\"\"  \/>\n\t\t<div class=\"slider-post-caption\">\n\t\t\t<div class=\"slider-post-inner\">\n\t\t\t\t<h4>Dany et Didier Lautraite, Dietrich-Mohr, Busloup 2011<\/h4>\n\t\t\t<\/div>\n\t\t<\/div><\/div>\n\t<div class=\"slide-item\">\n\t\t<img loading=\"lazy\" decoding=\"async\" class=\"preload-me aspect\" src=\"https:\/\/dietrich-mohr.com\/site\/wp-content\/uploads\/2017\/07\/Dietrich-Sato-Roo-Saarlouis-2011.jpg\" srcset=\"https:\/\/dietrich-mohr.com\/site\/wp-content\/uploads\/2017\/07\/Dietrich-Sato-Roo-Saarlouis-2011.jpg 1250w\" style=\"--ratio: 1250 \/ 938\" sizes=\"auto, (max-width: 1250px) 100vw, 1250px\" width=\"1250\" height=\"938\"  alt=\"\"  \/>\n\t\t<div class=\"slider-post-caption\">\n\t\t\t<div class=\"slider-post-inner\">\n\t\t\t\t<h4>Dietrich et Satoru Sato, Bous, Saarlouis 2011<\/h4>\n\t\t\t<\/div>\n\t\t<\/div><\/div>\n\t<div class=\"slide-item\">\n\t\t<img loading=\"lazy\" decoding=\"async\" class=\"preload-me aspect\" src=\"https:\/\/dietrich-mohr.com\/site\/wp-content\/uploads\/2017\/06\/Juliette-Lambert-Romano-Zanotti-et-Dietrich-Mohr-2012.jpg\" srcset=\"https:\/\/dietrich-mohr.com\/site\/wp-content\/uploads\/2017\/06\/Juliette-Lambert-Romano-Zanotti-et-Dietrich-Mohr-2012.jpg 1250w\" style=\"--ratio: 1250 \/ 938\" sizes=\"auto, (max-width: 1250px) 100vw, 1250px\" width=\"1250\" height=\"938\"  alt=\"\"  \/>\n\t\t<div class=\"slider-post-caption\">\n\t\t\t<div class=\"slider-post-inner\">\n\t\t\t\t<h4>Juliette Lambert, Romano Zanotti et Dietrich-Mohr, La Ferri\u00e8re, Eure 2012<\/h4>\n\t\t\t<\/div>\n\t\t<\/div><\/div>\n\t<div class=\"slide-item\">\n\t\t<img loading=\"lazy\" decoding=\"async\" class=\"preload-me aspect\" src=\"https:\/\/dietrich-mohr.com\/site\/wp-content\/uploads\/2017\/07\/Mian-Zhao-JlaingDM-Le-Lavandou.jpg\" srcset=\"https:\/\/dietrich-mohr.com\/site\/wp-content\/uploads\/2017\/07\/Mian-Zhao-JlaingDM-Le-Lavandou.jpg 1250w\" style=\"--ratio: 1250 \/ 938\" sizes=\"auto, (max-width: 1250px) 100vw, 1250px\" width=\"1250\" height=\"938\"  alt=\"\"  \/>\n\t\t<div class=\"slider-post-caption\">\n\t\t\t<div class=\"slider-post-inner\">\n\t\t\t\t<h4>Mian et Jia-ling Zhao, Dietrich-Mohr, Le Lavandou 2012<\/h4>\n\t\t\t<\/div>\n\t\t<\/div><\/div>\n\t<div class=\"slide-item\">\n\t\t<img loading=\"lazy\" decoding=\"async\" class=\"preload-me aspect\" src=\"https:\/\/dietrich-mohr.com\/site\/wp-content\/uploads\/2017\/07\/Marcel-Giebel-DM-Saarlouis-2012.jpg\" srcset=\"https:\/\/dietrich-mohr.com\/site\/wp-content\/uploads\/2017\/07\/Marcel-Giebel-DM-Saarlouis-2012.jpg 1250w\" style=\"--ratio: 1250 \/ 1046\" sizes=\"auto, (max-width: 1250px) 100vw, 1250px\" width=\"1250\" height=\"1046\"  alt=\"\"  \/>\n\t\t<div class=\"slider-post-caption\">\n\t\t\t<div class=\"slider-post-inner\">\n\t\t\t\t<h4>Marcel Giebel, Dietrich-Mohr, Saarlouis 2012<\/h4>\n\t\t\t<\/div>\n\t\t<\/div><\/div>\n\t<div class=\"slide-item\">\n\t\t<img loading=\"lazy\" decoding=\"async\" class=\"preload-me aspect\" src=\"https:\/\/dietrich-mohr.com\/site\/wp-content\/uploads\/2017\/06\/Dietrich-Mohr-avec-Bernard-Fauchille-Saarlouis.jpg\" srcset=\"https:\/\/dietrich-mohr.com\/site\/wp-content\/uploads\/2017\/06\/Dietrich-Mohr-avec-Bernard-Fauchille-Saarlouis.jpg 1280w\" style=\"--ratio: 1280 \/ 877\" sizes=\"auto, (max-width: 1280px) 100vw, 1280px\" width=\"1280\" height=\"877\"  alt=\"\"  \/>\n\t\t<div class=\"slider-post-caption\">\n\t\t\t<div class=\"slider-post-inner\">\n\t\t\t\t<h4>Dietrich-Mohr avec Bernard Fauchille, Saarlouis 2012<\/h4>\n\t\t\t<\/div>\n\t\t<\/div><\/div>\n\t<div class=\"slide-item\">\n\t\t<img loading=\"lazy\" decoding=\"async\" class=\"preload-me aspect\" src=\"https:\/\/dietrich-mohr.com\/site\/wp-content\/uploads\/2017\/07\/DM-Bernhard-Giebel-Saarlouis-2012.jpg\" srcset=\"https:\/\/dietrich-mohr.com\/site\/wp-content\/uploads\/2017\/07\/DM-Bernhard-Giebel-Saarlouis-2012.jpg 1250w\" style=\"--ratio: 1250 \/ 938\" sizes=\"auto, (max-width: 1250px) 100vw, 1250px\" width=\"1250\" height=\"938\"  alt=\"\"  \/>\n\t\t<div class=\"slider-post-caption\">\n\t\t\t<div class=\"slider-post-inner\">\n\t\t\t\t<h4>Dietrich-Mohr, Bernhard Giebel, Saarlouis 2012<\/h4>\n\t\t\t<\/div>\n\t\t<\/div><\/div>\n\t<div class=\"slide-item\">\n\t\t<img loading=\"lazy\" decoding=\"async\" class=\"preload-me aspect\" src=\"https:\/\/dietrich-mohr.com\/site\/wp-content\/uploads\/2018\/05\/Dietrich-Mohr-Bruno-Stahly-Musee-de-Meudon-2012.jpg\" srcset=\"https:\/\/dietrich-mohr.com\/site\/wp-content\/uploads\/2018\/05\/Dietrich-Mohr-Bruno-Stahly-Musee-de-Meudon-2012.jpg 1250w\" style=\"--ratio: 1250 \/ 938\" sizes=\"auto, (max-width: 1250px) 100vw, 1250px\" width=\"1250\" height=\"938\"  alt=\"\"  \/>\n\t\t<div class=\"slider-post-caption\">\n\t\t\t<div class=\"slider-post-inner\">\n\t\t\t\t<h4>Dietrich-Mohr, Bruno Stahly, Mus\u00e9e de Meudon, 2012<\/h4>\n\t\t\t<\/div>\n\t\t<\/div><\/div>\n\t<div class=\"slide-item\">\n\t\t<img loading=\"lazy\" decoding=\"async\" class=\"preload-me aspect\" src=\"https:\/\/dietrich-mohr.com\/site\/wp-content\/uploads\/2017\/06\/Reinhold-Braun-et-Dietrich-Saarlouis-2013.jpg\" srcset=\"https:\/\/dietrich-mohr.com\/site\/wp-content\/uploads\/2017\/06\/Reinhold-Braun-et-Dietrich-Saarlouis-2013.jpg 1250w\" style=\"--ratio: 1250 \/ 952\" sizes=\"auto, (max-width: 1250px) 100vw, 1250px\" width=\"1250\" height=\"952\"  alt=\"\"  \/>\n\t\t<div class=\"slider-post-caption\">\n\t\t\t<div class=\"slider-post-inner\">\n\t\t\t\t<h4>Reinhold Braun et Dietrich, Saarlouis, 2013<\/h4>\n\t\t\t<\/div>\n\t\t<\/div><\/div>\n\t<div class=\"slide-item\">\n\t\t<img loading=\"lazy\" decoding=\"async\" class=\"preload-me aspect\" src=\"https:\/\/dietrich-mohr.com\/site\/wp-content\/uploads\/2017\/10\/Bernard-et-Ulla-Reynis-Mary-Ann-Mohr-Cite-Fleurie-Paris-2013.jpg\" srcset=\"https:\/\/dietrich-mohr.com\/site\/wp-content\/uploads\/2017\/10\/Bernard-et-Ulla-Reynis-Mary-Ann-Mohr-Cite-Fleurie-Paris-2013.jpg 1280w\" style=\"--ratio: 1280 \/ 900\" sizes=\"auto, (max-width: 1280px) 100vw, 1280px\" width=\"1280\" height=\"900\"  alt=\"\"  \/>\n\t\t<div class=\"slider-post-caption\">\n\t\t\t<div class=\"slider-post-inner\">\n\t\t\t\t<h4>Bernard et Ulla Reynis, Mary Ann Mohr, Cit\u00e9 Fleurie, Paris, 2013<\/h4>\n\t\t\t<\/div>\n\t\t<\/div><\/div>\n\t<div class=\"slide-item\">\n\t\t<img loading=\"lazy\" decoding=\"async\" class=\"preload-me aspect\" src=\"https:\/\/dietrich-mohr.com\/site\/wp-content\/uploads\/2017\/07\/Bernard-Reynis-et-Dietrich-2013.jpg\" srcset=\"https:\/\/dietrich-mohr.com\/site\/wp-content\/uploads\/2017\/07\/Bernard-Reynis-et-Dietrich-2013.jpg 1250w\" style=\"--ratio: 1250 \/ 938\" sizes=\"auto, (max-width: 1250px) 100vw, 1250px\" width=\"1250\" height=\"938\"  alt=\"\"  \/>\n\t\t<div class=\"slider-post-caption\">\n\t\t\t<div class=\"slider-post-inner\">\n\t\t\t\t<h4>Bernard Reynis et Dietrich-Mohr, Paris  2013<\/h4>\n\t\t\t<\/div>\n\t\t<\/div><\/div>\n\t<div class=\"slide-item\">\n\t\t<img loading=\"lazy\" decoding=\"async\" class=\"preload-me aspect\" src=\"https:\/\/dietrich-mohr.com\/site\/wp-content\/uploads\/2017\/06\/Charles-Bezie-Dietrich-et-Wolfgang-Fery-Saarlouis-2014.jpg\" srcset=\"https:\/\/dietrich-mohr.com\/site\/wp-content\/uploads\/2017\/06\/Charles-Bezie-Dietrich-et-Wolfgang-Fery-Saarlouis-2014.jpg 1250w\" style=\"--ratio: 1250 \/ 938\" sizes=\"auto, (max-width: 1250px) 100vw, 1250px\" width=\"1250\" height=\"938\"  alt=\"\"  \/>\n\t\t<div class=\"slider-post-caption\">\n\t\t\t<div class=\"slider-post-inner\">\n\t\t\t\t<h4>Charles Bezie, Dietrich-Mohr et Wolfgang Fery, Saarlouis 2014<\/h4>\n\t\t\t<\/div>\n\t\t<\/div><\/div>\n\t<div class=\"slide-item\">\n\t\t<img loading=\"lazy\" decoding=\"async\" class=\"preload-me aspect\" src=\"https:\/\/dietrich-mohr.com\/site\/wp-content\/uploads\/2017\/06\/Dietrich-Mary-Ann-et-Gilles-Hittinger-Roux-Bonneval-2014.jpg\" srcset=\"https:\/\/dietrich-mohr.com\/site\/wp-content\/uploads\/2017\/06\/Dietrich-Mary-Ann-et-Gilles-Hittinger-Roux-Bonneval-2014.jpg 1250w\" style=\"--ratio: 1250 \/ 834\" sizes=\"auto, (max-width: 1250px) 100vw, 1250px\" width=\"1250\" height=\"834\"  alt=\"\"  \/>\n\t\t<div class=\"slider-post-caption\">\n\t\t\t<div class=\"slider-post-inner\">\n\t\t\t\t<h4>Dietrich, Mary Ann et Gilles Hittinger-Roux, Bonneval 2014<\/h4>\n\t\t\t<\/div>\n\t\t<\/div><\/div>\n\t<div class=\"slide-item\">\n\t\t<img loading=\"lazy\" decoding=\"async\" class=\"preload-me aspect\" src=\"https:\/\/dietrich-mohr.com\/site\/wp-content\/uploads\/2017\/06\/Dietricn-et-Patrick-Bauchet-Chapelle-de-la-St.-Radegonde.jpg\" srcset=\"https:\/\/dietrich-mohr.com\/site\/wp-content\/uploads\/2017\/06\/Dietricn-et-Patrick-Bauchet-Chapelle-de-la-St.-Radegonde.jpg 1280w\" style=\"--ratio: 1280 \/ 960\" sizes=\"auto, (max-width: 1280px) 100vw, 1280px\" width=\"1280\" height=\"960\"  alt=\"\"  \/>\n\t\t<div class=\"slider-post-caption\">\n\t\t\t<div class=\"slider-post-inner\">\n\t\t\t\t<h4>Dietrich-Mohr et Patrick Bauchet, &#8220;Chapelle Sainte-Radegonde&#8221;, Busloup 2015<\/h4>\n\t\t\t<\/div>\n\t\t<\/div><\/div>\n\t<div class=\"slide-item\">\n\t\t<img loading=\"lazy\" decoding=\"async\" class=\"preload-me aspect\" src=\"https:\/\/dietrich-mohr.com\/site\/wp-content\/uploads\/2017\/06\/Dietrich-et-Klaus-Schultz-2015.jpg\" srcset=\"https:\/\/dietrich-mohr.com\/site\/wp-content\/uploads\/2017\/06\/Dietrich-et-Klaus-Schultz-2015.jpg 1250w\" style=\"--ratio: 1250 \/ 938\" sizes=\"auto, (max-width: 1250px) 100vw, 1250px\" width=\"1250\" height=\"938\"  alt=\"\"  \/>\n\t\t<div class=\"slider-post-caption\">\n\t\t\t<div class=\"slider-post-inner\">\n\t\t\t\t<h4>Dietrich et Klaus Schultz, Fontenay-aux-Roses 2015<\/h4>\n\t\t\t<\/div>\n\t\t<\/div><\/div>\n\t<div class=\"slide-item\">\n\t\t<img loading=\"lazy\" decoding=\"async\" class=\"preload-me aspect\" src=\"https:\/\/dietrich-mohr.com\/site\/wp-content\/uploads\/2017\/06\/Dietrich-Mohr-chez-Benoit-Luyx-2016.jpg\" srcset=\"https:\/\/dietrich-mohr.com\/site\/wp-content\/uploads\/2017\/06\/Dietrich-Mohr-chez-Benoit-Luyx-2016.jpg 1250w\" style=\"--ratio: 1250 \/ 938\" sizes=\"auto, (max-width: 1250px) 100vw, 1250px\" width=\"1250\" height=\"938\"  alt=\"\"  \/>\n\t\t<div class=\"slider-post-caption\">\n\t\t\t<div class=\"slider-post-inner\">\n\t\t\t\t<h4>Dietrich-Mohr chez Benoit Luyckx, Joinville 2016<\/h4>\n\t\t\t<\/div>\n\t\t<\/div><\/div>\n\t<div class=\"slide-item\">\n\t\t<img loading=\"lazy\" decoding=\"async\" class=\"preload-me aspect\" src=\"https:\/\/dietrich-mohr.com\/site\/wp-content\/uploads\/2017\/06\/Therese-Chu-teh-Chun-Yvon-et-Valerie-Chu-et-Mary-Ann-Mohr.jpg\" srcset=\"https:\/\/dietrich-mohr.com\/site\/wp-content\/uploads\/2017\/06\/Therese-Chu-teh-Chun-Yvon-et-Valerie-Chu-et-Mary-Ann-Mohr.jpg 1280w\" style=\"--ratio: 1280 \/ 850\" sizes=\"auto, (max-width: 1280px) 100vw, 1280px\" width=\"1280\" height=\"850\"  alt=\"\"  \/>\n\t\t<div class=\"slider-post-caption\">\n\t\t\t<div class=\"slider-post-inner\">\n\t\t\t\t<h4>Ching-Chao Chu, Yvon Chu, Mary Ann Mohr et Val\u00e9rie Chu, inauguration Fonds de Dotation, Paris 2016<\/h4>\n\t\t\t<\/div>\n\t\t<\/div><\/div>\n\t<div class=\"slide-item\">\n\t\t<img loading=\"lazy\" decoding=\"async\" class=\"preload-me aspect\" src=\"https:\/\/dietrich-mohr.com\/site\/wp-content\/uploads\/2017\/06\/Therese-Chu-teh-Chun-Dietrich-et-Mary-Ann-2016.jpg\" srcset=\"https:\/\/dietrich-mohr.com\/site\/wp-content\/uploads\/2017\/06\/Therese-Chu-teh-Chun-Dietrich-et-Mary-Ann-2016.jpg 1280w\" style=\"--ratio: 1280 \/ 902\" sizes=\"auto, (max-width: 1280px) 100vw, 1280px\" width=\"1280\" height=\"902\"  alt=\"\"  \/>\n\t\t<div class=\"slider-post-caption\">\n\t\t\t<div class=\"slider-post-inner\">\n\t\t\t\t<h4>Ching-Chao Chu, Dietrich et Mary Ann Mohr, Paris 2016<\/h4>\n\t\t\t<\/div>\n\t\t<\/div><\/div><\/div>[vc_empty_space height=&#8221;62px&#8221;][\/vc_column][vc_column width=&#8221;1\/3&#8243;][\/vc_column][\/vc_row]<\/p>\n<\/div>","protected":false},"excerpt":{"rendered":"<p>[vc_row][vc_column][vc_column_text] Iconography [\/vc_column_text][\/vc_column][\/vc_row][vc_row type=&#8221;1&#8243; bg_cover=&#8221;true&#8221; enable_parallax=&#8221;false&#8221;][vc_column][vc_empty_space height=&#8221;62px&#8221;][vc_column_text] The Studios of Dietrich-Mohr [\/vc_column_text][vc_empty_space][\/vc_column][\/vc_row][vc_row][vc_column][vc_empty_space][vc_column_text] 1951-1953 &#8211; Acad\u00e9mie de La Grande Chaumi\u00e8re OSSIP\u00a0ZADKINE in front of his studio, Acad\u00e9mie de La Grande Chaumi\u00e8re [\/vc_column_text][vc_row_inner][vc_column_inner width=&#8221;1\/3&#8243;][vc_single_image image=&#8221;1995&#8243; img_size=&#8221;large&#8221; onclick=&#8221;link_image&#8221;][\/vc_column_inner][vc_column_inner width=&#8221;1\/3&#8243;][\/vc_column_inner][vc_column_inner width=&#8221;1\/3&#8243;][\/vc_column_inner][\/vc_row_inner][\/vc_column][\/vc_row][vc_row type=&#8221;1&#8243; bg_cover=&#8221;true&#8221; enable_parallax=&#8221;false&#8221;][vc_column][vc_empty_space][vc_column_text] 1954-1966 Studio Cit\u00e9 Falgui\u00e8re [\/vc_column_text][vc_row_inner][vc_column_inner width=&#8221;1\/3&#8243;][vc_single_image image=&#8221;1999&#8243; img_size=&#8221;large&#8221; onclick=&#8221;link_image&#8221;][\/vc_column_inner][vc_column_inner width=&#8221;1\/3&#8243;][vc_single_image image=&#8221;1997&#8243; img_size=&#8221;large&#8221; onclick=&#8221;link_image&#8221;][\/vc_column_inner][vc_column_inner width=&#8221;1\/3&#8243;][vc_single_image image=&#8221;2227&#8243;&hellip;<\/p>\n","protected":false},"author":1,"featured_media":0,"parent":0,"menu_order":0,"comment_status":"closed","ping_status":"closed","template":"","meta":{"footnotes":""},"class_list":["post-2652","page","type-page","status-publish","hentry","description-off"],"_links":{"self":[{"href":"https:\/\/dietrich-mohr.com\/en\/wp-json\/wp\/v2\/pages\/2652","targetHints":{"allow":["GET"]}}],"collection":[{"href":"https:\/\/dietrich-mohr.com\/en\/wp-json\/wp\/v2\/pages"}],"about":[{"href":"https:\/\/dietrich-mohr.com\/en\/wp-json\/wp\/v2\/types\/page"}],"author":[{"embeddable":true,"href":"https:\/\/dietrich-mohr.com\/en\/wp-json\/wp\/v2\/users\/1"}],"replies":[{"embeddable":true,"href":"https:\/\/dietrich-mohr.com\/en\/wp-json\/wp\/v2\/comments?post=2652"}],"version-history":[{"count":16,"href":"https:\/\/dietrich-mohr.com\/en\/wp-json\/wp\/v2\/pages\/2652\/revisions"}],"predecessor-version":[{"id":187425,"href":"https:\/\/dietrich-mohr.com\/en\/wp-json\/wp\/v2\/pages\/2652\/revisions\/187425"}],"wp:attachment":[{"href":"https:\/\/dietrich-mohr.com\/en\/wp-json\/wp\/v2\/media?parent=2652"}],"curies":[{"name":"wp","href":"https:\/\/api.w.org\/{rel}","templated":true}]}}