{"id":2648,"date":"2017-05-02T15:05:25","date_gmt":"2017-05-02T13:05:25","guid":{"rendered":"https:\/\/dietrich-mohr.com\/site\/biographie\/"},"modified":"2022-01-24T12:46:51","modified_gmt":"2022-01-24T11:46:51","slug":"biographie","status":"publish","type":"page","link":"https:\/\/dietrich-mohr.com\/de\/biographie\/","title":{"rendered":"Biographie"},"content":{"rendered":"<div class=\"wpb-content-wrapper\"><p>[vc_row css=&#8220;.vc_custom_1495646102662{margin-bottom: 100px !important;}&#8220;][vc_column][vc_column_text]<\/p>\n<h1 class=\"p2\">Biographie<\/h1>\n<p class=\"p1\">[\/vc_column_text][\/vc_column][\/vc_row][vc_row type=&#8220;1&#8243; bg_cover=&#8220;true&#8220; enable_parallax=&#8220;false&#8220; css=&#8220;.vc_custom_1498645532998{margin-bottom: 100px !important;}&#8220;][vc_column][vc_empty_space height=&#8220;42px&#8220;][vc_column_text]<\/p>\n<p class=\"p3\" style=\"text-align: center;\"><b>Diese Website erm\u00f6glicht die Begegnung mit dem Bildhauer, der sein Metall verzauberte: Dietrich-Mohr.<\/b><\/p>\n<p class=\"p4\" style=\"text-align: center;\">\u201eCOR-TEN-Stahl\u201d, sagte er, \u201eist ein geheimnisvolles Metall \u2026.\u201d<\/p>\n<p class=\"p4\" style=\"text-align: center;\">Dietrich-Mohr, stahlblauer Blick, Worte wie aus Erz gegossen \u2013 rostfrei\u00a0! -, kennt sich in Mysterien aus \u2026 Inmitten seiner Werke stehend: \u201eDer Schaffensprozess ist nicht immer bewusst. Ich wei\u03b2 nicht, was meine Skulpturen \u00fcber mich aussagen \u2026\u201d<\/p>\n<p class=\"p4\" style=\"text-align: center;\">Was feststeht\u00a0: Sie sprechen.<\/p>\n<p class=\"p4\" style=\"text-align: center;\">\u201eGanz von selbst zieht das Eisen seinen Mann an\u201d, schrieb Homer. Ganz von selbst zogen die Metalle ihren K\u00fcnstler an\u00a0: Dietrich-Mohr.<\/p>\n<pre class=\"p5\" style=\"text-align: right;\">Christophe Jouan<\/pre>\n<p class=\"p1\">[\/vc_column_text][\/vc_column][\/vc_row][vc_row][vc_column][vc_text_separator title=&#8220;Dietrich-Mohr&#8220; i_icon_fontawesome=&#8220;fa fa-quote-left&#8220; i_color=&#8220;green&#8220; title_align=&#8220;separator_align_left&#8220; color=&#8220;green&#8220; add_icon=&#8220;true&#8220;][vc_row_inner][vc_column_inner width=&#8220;2\/3&#8243;][vc_column_text]<\/p>\n<p class=\"p1\">Dietrich-Mohr wird am 20. Juni 1924 in D\u00fcsseldorf geboren.<\/p>\n<p class=\"p1\">Sein Vater Erich Mohr, dessen Vorfahren seit Generationen evangelische Pfarrer waren, ist Mathematiker. Seine Mutter Maria Reuker, bis zu ihrer Heirat Grundschullehrerin, schreibt Kinderb\u00fccher. Seine \u00e4ltere Schwester wird Malerin. Zusammen mit ihr w\u00e4chst Dietrich in<span class=\"Apple-converted-space\">\u00a0 <\/span>D\u00fcsseldorf auf.<\/p>\n<p class=\"p1\">Schon als Gymnasiast beginnt er zu zeichnen und zu modellieren. Seine ersten \u00ab\u00a0Kreationen\u00a0\u00bb sind Krippenfiguren, die er auf Bitten seiner Mutter schnitzt.<\/p>\n<p class=\"p1\">Nach dem Abitur studiert er an den Kunstgewerbeschulen Krefeld und Basel, anschlie\u03b2end an der Akademie der Bildenden K\u00fcnste Karlsruhe, wo er das Modellieren<span class=\"Apple-converted-space\">\u00a0<\/span>nach Modell und das direkte Mei\u03b2eln am Block (Holz oder Stein) lernt.<\/p>\n<p class=\"p1\">1944 geht er nach Wien und studiert bei Hans Laurer Zeichnen. Laurer macht ein Portr\u00e4t von ihm.<\/p>\n<p class=\"p1\">1951 siedelt er nach Paris \u00fcber und setzt bis 1953 sein Studium an der \u00ab\u00a0Acad\u00e9mie de la Grande-Chaumi\u00e8re\u00a0\u00bb (Montparnasse) im Atelier von Ossip Zadkine fort.<\/p>\n<p class=\"p1\">1954 findet er sein erstes Atelier in der \u00ab\u00a0Cit\u00e9 Falgui\u00e8re\u00a0\u00bb. Er arbeitet nun mit Holz, Stein, Ton und schafft ab 1959 seine ersten Metallskulpturen.<\/p>\n<p class=\"p1\">1955 nimmt er, von Etienne Martin empfohlen, zum ersten Mal am \u00ab\u00a0Salon de la Jeune Sculpture\u00a0\u00bb teil, der in den G\u00e4rten des Mus\u00e9e Rodin veranstaltet wird.<\/p>\n<p class=\"p1\">Seine Bildhauerkunst, die bis 1958 figurativ bleibt, entwickelt dann immer systematischer geometrische Formen, und schon bald bilden sich lichtdurchl\u00e4ssige und zellenartige Strukturen heraus.<\/p>\n<p class=\"p1\">1964 begegnet er seiner zuk\u00fcnftigen Ehefrau, der Amerikanerin Mary Ann.<\/p>\n<p class=\"p1\">1978 er\u00f6ffnet er ein zweites Atelier im D\u00e9partement Loir-et-Cher und realisiert dort<span class=\"Apple-converted-space\">\u00a0 <\/span>zahlreiche Gro\u03b2plastiken.<\/p>\n<p class=\"p1\">2003 wird er in Paris f\u00fcr sein Gesamtwerk mit der \u00ab\u00a0M\u00e9daille des Arts\u00a0de l\u2019Acad\u00e9mie d\u2019Architecture\u00a0\u00bb ausgezeichnet.<\/p>\n<p class=\"p1\">Im Lauf der Jahre werden zahlreiche nur ihm gewidmete Ausstellungen organisiert, zum Beispiel in den Museen von Arras (1978), Metz (1979), Meudon (1989), Le Mans (1990), im\u00a0\u00ab\u00a0Mus\u00e9e d\u2019Art Moderne de Troyes\u00a0\u00bb (2002), im \u00ab\u00a0Mus\u00e9e d\u2019Evreux\u00a0\u00bb (2011) und im \u00ab\u00a0Eur\u00e9lium\u00a0\u00bb in Chartres (2015)<\/p>\n<p class=\"p1\">2015 gr\u00fcndet er mit seiner Ehefrau den \u00ab\u00a0Fonds de Dotation Dietrich-Mohr\u00a0\u00bb.<\/p>\n<p class=\"p1\">[\/vc_column_text][\/vc_column_inner][vc_column_inner width=&#8220;1\/3&#8243;][vc_single_image image=&#8220;2474&#8243; img_size=&#8220;large&#8220; add_caption=&#8220;yes&#8220;][\/vc_column_inner][\/vc_row_inner][\/vc_column][\/vc_row][vc_row type=&#8220;1&#8243; full_width=&#8220;stretch_row_content&#8220; bg_cover=&#8220;true&#8220; enable_parallax=&#8220;false&#8220; css=&#8220;.vc_custom_1498550236985{background-image: url(https:\/\/dietrich-mohr.com\/site\/wp-content\/uploads\/2017\/06\/02_Atelier-parallax.jpg?id=) !important;}&#8220; bg_image=&#8220;https:\/\/dietrich-mohr.com\/site\/wp-content\/uploads\/2017\/06\/01_Atelier-parallax.jpg&#8220;][vc_column][vc_empty_space height=&#8220;42px&#8220;][vc_column_text]<\/p>\n<h3 class=\"p6\">Einzelausstellungen:<\/h3>\n<p class=\"p1\">[\/vc_column_text][vc_row_inner][vc_column_inner width=&#8220;1\/2&#8243;][vc_column_text]<\/p>\n<h3 class=\"p7\">1959<\/h3>\n<p class=\"p1\">Galerie A.G. Paris mit dem Maler Paul Kamper<br \/>\nKunstsalon Fischer, Bielefeld, mit dem Maler Paul Kamper<br \/>\nGalerie Fecht, Stuttgart, mit dem Maler Henry Royer<\/p>\n<p class=\"p1\">\n<div class=\"hr-thin\"><\/div>\n<h3 class=\"p7\">1961<\/h3>\n<p class=\"p1\">Galerie Murator, Nizza, Frankreich<\/p>\n<p class=\"p1\">\n<div class=\"hr-thin\"><\/div>\n<h3 class=\"p7\">1963<\/h3>\n<p class=\"p1\">Galerie de l\u2019Universit\u00e9, Paris<\/p>\n<p class=\"p1\">\n<div class=\"hr-thin\"><\/div>\n<h3 class=\"p7\">1975<\/h3>\n<p class=\"p1\">Galerie Paris-Sculpt, Paris<\/p>\n<p class=\"p1\">\n<div class=\"hr-thin\"><\/div>\n<h3 class=\"p7\">1977-78<\/h3>\n<p class=\"p1\">Von G\u00e9rard Xuriguera organisierte Wanderausstellung,:\u00a0Centre d\u2019Action Culturel, Montb\u00e9liard ; Mus\u00e9e Barrois, Bar-le-Duc ; Maison\u00a0de la Culture, Saint-Etienne ; Maison \u00ab Andr\u00e9 Malraux \u00bb, Le Pecq ;\u00a0 M.J.C.\u00a0\u00ab Les Hauts de Belleville \u00bb, Paris ; M.J.C., Epernay ; Centre Culturel, Sarcelles ; Maison des Arts et Loisirs, Thonon-les-Bains ; Galerie Arts et Lettres, Saint-Nazaire ;\u00a0 Mus\u00e9e des Beaux-Arts, Arras, Frankreich.<\/p>\n<p class=\"p1\">\n<div class=\"hr-thin\"><\/div>\n<h3 class=\"p7\">1978<\/h3>\n<p class=\"p1\">Galerie d\u2019Eendt, Amsterdam, mit dem Maler J\u00fcrgen Ehre<\/p>\n<p class=\"p1\">C.F.D.T., Paris<\/p>\n<p class=\"p1\">\n<div class=\"hr-thin\"><\/div>\n<h3 class=\"p7\">1979<\/h3>\n<p class=\"p1\">Palais des Arts et de la Culture, Brest, Frankreich<\/p>\n<p class=\"p1\">Centre Culturel de la Villedieu, Saint-Quentin-en-Yvelines, Frankreich<\/p>\n<p class=\"p1\">Mus\u00e9e de Metz, Frankreich<\/p>\n<p class=\"p1\">Galerie Bruck, Luxemburg, mit dem Maler F-X. Fagniez<\/p>\n<p class=\"p1\">\n<div class=\"hr-thin\"><\/div>\n<h3 class=\"p7\">1981<\/h3>\n<p class=\"p1\">H\u00f4tel de Ville, Ch\u00e2teauroux, Frankreich, mit Grafiken von G\u00fcnther Grass<\/p>\n<p class=\"p1\">Centre Culturel, Troyes, Frankreich<\/p>\n<p class=\"p1\">Galerie Bellint, Paris<\/p>\n<p class=\"p1\">\n<div class=\"hr-thin\"><\/div>\n<h3 class=\"p7\">1982<\/h3>\n<p class=\"p1\">Maison de la Culture, Orl\u00e9ans, Frankreich<\/p>\n<p class=\"p1\">\n<div class=\"hr-thin\"><\/div>\n<h3 class=\"p7\">1985<\/h3>\n<p class=\"p1\">Galerie Bellint, Paris<\/p>\n<p class=\"p1\">\n<div class=\"hr-thin\"><\/div>\n<h3 class=\"p7\">1986<\/h3>\n<p class=\"p1\">Galerie de Sluis, Leitschendam, Niederlande, mit dem Maler F-X.Fagniez<\/p>\n<p class=\"p1\">\n<div class=\"hr-thin\"><\/div>\n<h3 class=\"p7\">1989<\/h3>\n<p class=\"p1\">Ch\u00e2teau et Mus\u00e9e de Blois Frankreich<\/p>\n<p class=\"p1\">Mus\u00e9e d\u2019Art et d\u2019Histoire, Meudon, Frankreich<\/p>\n<p class=\"p1\">Galerie Bellint, Paris<\/p>\n<p class=\"p1\">\n<div class=\"hr-thin\"><\/div>\n<p>[\/vc_column_text][\/vc_column_inner][vc_column_inner width=&#8220;1\/2&#8243;][vc_column_text]<\/p>\n<h3 class=\"p7\">1990<\/h3>\n<p class=\"p1\">Les Mus\u00e9es du Mans, Frankreich<\/p>\n<p class=\"p1\">\n<div class=\"hr-thin\"><\/div>\n<h3 class=\"p7\">1991<\/h3>\n<p class=\"p1\">\u00ab Treffpunkt Kunst \u00bb, Museum Haus Ludwig, Saarlouis<\/p>\n<p class=\"p1\">\n<div class=\"hr-thin\"><\/div>\n<h3 class=\"p7\">1995<\/h3>\n<p class=\"p1\">Minist\u00e8re des Finances, Paris-Bercy, Frankreich<\/p>\n<p class=\"p1\">\n<div class=\"hr-thin\"><\/div>\n<h3 class=\"p7\">1997<\/h3>\n<p class=\"p1\">Maison des Arts et Loisirs de Sochaux, Frankreich<\/p>\n<p class=\"p1\">Maison des Arts et Loisirs, Luxeuil-les-Bains, Frankreich<\/p>\n<p class=\"p1\">Centre d\u2019Art Contemporain \u00ab Raymond Farbos \u00bb, Mont de Marsan, Frankreich<\/p>\n<p class=\"p1\">\n<div class=\"hr-thin\"><\/div>\n<h3 class=\"p7\">2001<\/h3>\n<p class=\"p1\">L\u2019Espace Culturel de l\u2019Auditoire, Bonneval (Eure-et-Loir), Frankreich<\/p>\n<p class=\"p1\">\n<div class=\"hr-thin\"><\/div>\n<h3 class=\"p7\">2002<\/h3>\n<p class=\"p1\">Mus\u00e9e d\u2019Art Moderne de Troyes, Frankreich<\/p>\n<p class=\"p1\">Maison des Princes, P\u00e9rouges (Ain), Frankreich<\/p>\n<p class=\"p1\">\n<div class=\"hr-thin\"><\/div>\n<h3 class=\"p7\">2004<\/h3>\n<p class=\"p1\">Ch\u00e2teau de Carrouges (Orne), Frankreich<\/p>\n<p class=\"p1\">\n<div class=\"hr-thin\"><\/div>\n<h3 class=\"p7\">2007<\/h3>\n<p class=\"p1\">Galerie Daniel Duchose, Rouen, Frankreich<\/p>\n<p class=\"p1\">\n<div class=\"hr-thin\"><\/div>\n<h3 class=\"p7\">2011<\/h3>\n<p class=\"p1\">Mus\u00e9e d\u2019Art, Histoire et Arch\u00e9ologie d\u2019Evreux, Frankreich<\/p>\n<p class=\"p1\">\n<div class=\"hr-thin\"><\/div>\n<h3 class=\"p7\">2012<\/h3>\n<p class=\"p1\">Galerie F. Hessler, Luxemburg<\/p>\n<p class=\"p1\">\n<div class=\"hr-thin\"><\/div>\n<h3 class=\"p7\">2013<\/h3>\n<p class=\"p1\">RCM Galerie, Paris<\/p>\n<p class=\"p1\">\n<div class=\"hr-thin\"><\/div>\n<h3 class=\"p7\">2014<\/h3>\n<p class=\"p1\">\u00abM\u00e9ditation sur M\u00e9tal\u00bb, H\u00f4tel de Ville, Fontenay-sous-Bois, Frankreich<\/p>\n<p class=\"p1\">\n<div class=\"hr-thin\"><\/div>\n<h3 class=\"p7\">2015<\/h3>\n<p class=\"p1\">l\u2019Eur\u00e9lium, Conseil D\u00e9partemental, Chartres, Frankreich<\/p>\n<p class=\"p1\">\n<div class=\"hr-thin\"><\/div>\n<h3>2017 &#8211; 2018<\/h3>\n<p>RCM Galerie \u00ab\u00a0Hommage\u00a0\u00bb, rue de Lille, Paris.<br \/>\nGalerie Bertrand Trocmez, Clermond-Ferrand<\/p>\n<div class=\"hr-thin\"><\/div>\n<h3>2019<\/h3>\n<p>Eid\u00f4lon Fine Arts, rue Jacob, Paris.<\/p>\n<div class=\"hr-thin\"><\/div>\n<h3>2020<\/h3>\n<p>Galerie Roanne de Saint Laurent, avenue Kl\u00e9ber, Paris<\/p>\n<div class=\"hr-thin\"><\/div>\n<p>[\/vc_column_text][\/vc_column_inner][\/vc_row_inner][\/vc_column][\/vc_row][vc_row type=&#8220;1&#8243; bg_position=&#8220;center&#8220; bg_cover=&#8220;true&#8220; enable_parallax=&#8220;false&#8220; parallax_speed=&#8220;0.5&#8243; bg_image=&#8220;https:\/\/dietrich-mohr.com\/site\/wp-content\/uploads\/2017\/08\/Atelier-Cite-Magenta-1975.jpg&#8220; css=&#8220;.vc_custom_1504195882275{background-image: url(https:\/\/dietrich-mohr.com\/site\/wp-content\/uploads\/2017\/06\/01_Atelier-parallax.jpg?id=) !important;}&#8220;][vc_column][vc_row_inner][vc_column_inner][vc_column_text css=&#8220;.vc_custom_1497895160151{margin-top: 30px !important;margin-bottom: 30px !important;}&#8220;]<\/p>\n<h3 class=\"p6\">Wichtige Gruppenausstellungen:<\/h3>\n<p class=\"p1\">[\/vc_column_text][\/vc_column_inner][\/vc_row_inner][vc_row_inner][vc_column_inner width=&#8220;1\/2&#8243;][vc_text_separator title=&#8220;60er Jahre:&#8220; i_icon_fontawesome=&#8220;fa fa-quote-left&#8220; i_color=&#8220;green&#8220; title_align=&#8220;separator_align_left&#8220; align=&#8220;align_right&#8220; color=&#8220;green&#8220; add_icon=&#8220;true&#8220;][vc_column_text]<\/p>\n<h3 class=\"p7\">1958<\/h3>\n<p class=\"p1\">Deutscher K\u00fcnstlerbund, Essen<\/p>\n<p class=\"p1\">\n<div class=\"hr-thin\"><\/div>\n<h3 class=\"p7\">1962<\/h3>\n<p class=\"p1\">Exposition Internationale du Petit Bronze, Paris<\/p>\n<p class=\"p1\">\u00ab\u00a0Sculpture Contemporaine\u00a0\u00bb, Mus\u00e9e du Havre, Frankreich<\/p>\n<p class=\"p1\">\n<div class=\"hr-thin\"><\/div>\n<h3 class=\"p7\">1964<\/h3>\n<p class=\"p1\">\u00ab\u00a0Deutsche Kunst im 20. Jahrhundert\u00a0\u00bb, Ludwig Forum f\u00fcr Internationale Kunst in Aachen<\/p>\n<p class=\"p1\">\n<div class=\"hr-thin\"><\/div>\n<h3 class=\"p7\">1966<\/h3>\n<p class=\"p1\">\u00ab\u00a0Plastik S\u00fcdwest\u00a0\u00bb, Kunsthalle, Baden-Baden<\/p>\n<p class=\"p1\">\n<div class=\"hr-thin\"><\/div>\n<h3 class=\"p7\"><b>1969<\/b><\/h3>\n<p class=\"p1\">\u00ab Tendances de la Jeune Sculpture Contemporaine\u00a0\u00bb, Mus\u00e9e du Havre, Frankreich<\/p>\n<p class=\"p1\">\n<div class=\"hr-thin\"><\/div>\n<p class=\"p1\">[\/vc_column_text][vc_text_separator title=&#8220;70er Jahre:&#8220; i_icon_fontawesome=&#8220;fa fa-quote-left&#8220; i_color=&#8220;green&#8220; title_align=&#8220;separator_align_left&#8220; align=&#8220;align_right&#8220; color=&#8220;green&#8220; add_icon=&#8220;true&#8220;][vc_column_text]<\/p>\n<h3 class=\"p7\">1973<\/h3>\n<p class=\"p1\">\u00ab\u00a0Sculpture Fran\u00e7aise Contemporaine\u00a0\u00bb, Wanderausstellung\u00a0: Neuseeland, Australien, Mexiko,<span class=\"Apple-converted-space\">\u00a0 <\/span>Venezuela, usw.<\/p>\n<p class=\"p1\">\n<div class=\"hr-thin\"><\/div>\n<h3 class=\"p7\">1975<\/h3>\n<p class=\"p1\">\u00ab\u00a0Douze Sculpteurs de Paris\u00a0\u00bb, Museen von Siegen, Witten, K\u00f6ln<\/p>\n<p class=\"p1\">\n<div class=\"hr-thin\"><\/div>\n<h3 class=\"p7\">1975<\/h3>\n<p class=\"p1\">Festival International d\u2019Art Contemporain, Allonnes (Sarthe), Frankreich, 1975 et 1976<\/p>\n<p class=\"p1\">\n<div class=\"hr-thin\"><\/div>\n<h3 class=\"p7\">1976<\/h3>\n<p class=\"p1\">\u00ab\u00a0Un Si\u00e8cle de Dessins de Sculpteurs\u00a0\u00bb, Mus\u00e9e de Calais et de Pau, Frankreich<\/p>\n<p class=\"p1\">\n<div class=\"hr-thin\"><\/div>\n<h3 class=\"p7\">1979<\/h3>\n<p class=\"p1\">\u00ab\u00a0Exposition Internationale de Sculpture\u00a0\u00bb, Le Vaudreuil, Ville Nouvelle, Frankreich<\/p>\n<p class=\"p1\">\n<div class=\"hr-thin\"><\/div>\n<p class=\"p1\">[\/vc_column_text][vc_text_separator title=&#8220;80er Jahre:&#8220; i_icon_fontawesome=&#8220;fa fa-quote-left&#8220; i_color=&#8220;green&#8220; title_align=&#8220;separator_align_left&#8220; align=&#8220;align_right&#8220; color=&#8220;green&#8220; add_icon=&#8220;true&#8220;][vc_column_text]<\/p>\n<h3 class=\"p7\">1980<\/h3>\n<p class=\"p1\">\u00ab\u00a0La Sculpture et l\u2019Acier\u00a0\u00bb Usinor, Denain, (Nord), Frankreich<\/p>\n<p class=\"p1\">\u00ab\u00a0L\u2019Ann\u00e9e du Patrimoine\u00a0: La Sculpture\u00a0\u00bb, Evry, Frankreich<\/p>\n<p class=\"p1\">\n<div class=\"hr-thin\"><\/div>\n<h3 class=\"p7\">1981<\/h3>\n<p class=\"p1\">\u00ab\u00a0Sculpture sur M\u00e9tal\u00a0\u00bb, H\u00f4tel de Ville, La Rochelle, Frankreich<\/p>\n<p class=\"p1\">\n<div class=\"hr-thin\"><\/div>\n<h3 class=\"p7\">1982<\/h3>\n<p class=\"p1\">\u00ab\u00a0Sculptures Contemporaines\u00a0\u00bb, Mus\u00e9e d\u2019Evreux, Frankreich<\/p>\n<p class=\"p1\">\n<div class=\"hr-thin\"><\/div>\n<h3 class=\"p7\">1983<\/h3>\n<p class=\"p1\">\u00ab\u00a0Arts Plastiques au Quotidien\u00a0\u00bb, Mus\u00e9e de Vend\u00f4me, Frankreich<\/p>\n<p class=\"p1\">\n<div class=\"hr-thin\"><\/div>\n<h3 class=\"p7\">1984<\/h3>\n<p class=\"p1\">\u00ab\u00a0Sculpture en France\u00a0\u00bb, Mus\u00e9e de Ch\u00e2teauroux, Frankreich<\/p>\n<p class=\"p1\">\n<div class=\"hr-thin\"><\/div>\n<h3 class=\"p7\">1985<\/h3>\n<p class=\"p1\">\u00ab\u00a0Les Ann\u00e9es 50\u00a0\u00bb, Wanderausstellung in Frankreich<\/p>\n<p class=\"p1\">\n<div class=\"hr-thin\"><\/div>\n<h3 class=\"p7\">1986<\/h3>\n<p class=\"p1\">\u00ab\u00a0Varia Sculpture\u00a0\u00bb, Gare de l\u2019Est, Paris<\/p>\n<p class=\"p1\">\n<div class=\"hr-thin\"><\/div>\n<h3 class=\"p7\">1987<\/h3>\n<p class=\"p1\">\u00ab\u00a0Portes et Portiques\u00a0\u00bb, Orangerie du Mus\u00e9e de Sceaux, Frankreich<\/p>\n<p class=\"p1\">\u00ab Arcrea 87\u00a0\u00bb, Ch\u00e2teau de La Napoule, Frankreich<\/p>\n<p class=\"p1\">\n<div class=\"hr-thin\"><\/div>\n<h3 class=\"p7\">1989<\/h3>\n<p class=\"p1\">\u00ab\u00a0Exposition de Sculpture en Plein Air\u00a0\u00bb, Jardin Frederiksberg, Kopenhagen<\/p>\n<p class=\"p1\">Munkebjerg Skulpturpark, Vejle, D\u00e4nemark, 1989 et 1991-92<\/p>\n<p class=\"p1\">[\/vc_column_text][\/vc_column_inner][vc_column_inner width=&#8220;1\/2&#8243;][vc_text_separator title=&#8220;90er Jahre:&#8220; i_icon_fontawesome=&#8220;fa fa-quote-left&#8220; i_color=&#8220;green&#8220; title_align=&#8220;separator_align_left&#8220; align=&#8220;align_right&#8220; color=&#8220;green&#8220; add_icon=&#8220;true&#8220;][vc_column_text]<\/p>\n<h3 class=\"p7\">1990<\/h3>\n<p class=\"p1\">\u00ab\u00a0M\u00e9thode 1990\u00a0\u00bb S\u00e9oul, S\u00fcdkorea<\/p>\n<p class=\"p1\">1\u00e8re Rencontre de Sculpture Contemporaine, Mus\u00e9e Nicolas Poussin,<\/p>\n<p class=\"p1\">Les Andelys, Frankreich<\/p>\n<p class=\"p1\">\n<div class=\"hr-thin\"><\/div>\n<h3 class=\"p7\">1991<\/h3>\n<p class=\"p1\">\u00ab\u00a0Dialogue 91\u00a0\u00bb, H\u00f4tel de Ville, Fontenay-sous-Bois, Frankreich<\/p>\n<p class=\"p1\">\u00ab\u00a0Mati\u00e8re et Sculpture\u00a0\u00bb, Conseil G\u00e9n\u00e9ral de l\u2019Eure, Evreux, Frankreich<\/p>\n<p class=\"p1\">\u00ab\u00a0D\u2019une sculpture \u2026 l\u2019autre\u00a0\u00bb, Ch\u00e2teau Dauzac-Margaux, Gironde, Frankreich<\/p>\n<p class=\"p1\">\u00ab\u00a0Ann\u00e9es 50\u00a0\u00bb, Action Culturelle, Ville de Hy\u00e8res, Frankreich<\/p>\n<p class=\"p1\">\n<div class=\"hr-thin\"><\/div>\n<h3 class=\"p7\">1992<\/h3>\n<p class=\"p1\">\u00ab\u00a0Rencontre avec des Sculpteurs Europ\u00e9ens\u00a0\u00bb,\u00a0 Plumelec, Frankreich<\/p>\n<p class=\"p1\">\u00ab\u00a0Rencontre Europ\u00e9enne de Sculpture\u00a0\u00bb, Ville de Bois-Guillaume, Frankreich<\/p>\n<p class=\"p1\">\n<div class=\"hr-thin\"><\/div>\n<h3 class=\"p7\">1993<\/h3>\n<p class=\"p1\">\u00abTvaersnit\u00a0\u00bb \u00a0Gl. Holtegaard,\u00a0 Kopenhagen<\/p>\n<p class=\"p1\">\n<div class=\"hr-thin\"><\/div>\n<h3 class=\"p7\">1995<\/h3>\n<p class=\"p1\">\u00ab\u00a0Trente Ans de Jeune Sculpture \u00e0 Paris avec Denys Chevalier\u00a0\u00bb, Couvent des Cordeliers, Paris<\/p>\n<p class=\"p1\">\u00ab\u00a0De Arp \u00e0 Zadkine\u00a0\u00bb, La Collection Denys Chevalier, Mus\u00e9e d\u2019Art et d\u2019Histoire, Meudon, Frankreich<\/p>\n<p class=\"p1\">\u00ab\u00a0Epis de Fa\u00eetage et Girouettes\u00a0\u00bb,\u00a0 Ch\u00e2teau de Foug\u00e8res-sur-Bi\u00e8vre (Loir-et-Cher), Frankreich<\/p>\n<p class=\"p1\">\n<div class=\"hr-thin\"><\/div>\n<h3 class=\"p7\">1996<\/h3>\n<p class=\"p1\">\u00abPi\u00e8ce Unique\u00a0 &#8211; La Sculpture Aujourd\u2019hui\u00a0\u00bb,\u00a0 La Galerie, Paris<\/p>\n<p class=\"p1\">\u00ab\u00a0Hommage \u00e0 Genevi\u00e8ve Th\u00e9venot\u00a0\u00bb,\u00a0 Mus\u00e9e d\u2019Art Moderne, Troyes, Frankreich<\/p>\n<p class=\"p1\">\n<div class=\"hr-thin\"><\/div>\n<h3 class=\"p7\">1997<\/h3>\n<p class=\"p1\">Salon de Mai \u00e0 la Dieleman Gallery, Belgien<\/p>\n<p class=\"p1\">Grands et Jeunes d&#8217;Aujourd&#8217;hui \u00e0 la Banque et Caisse d\u2019Epargne de l\u2019Etat, Luxemburg<\/p>\n<p class=\"p1\">\u00ab\u00a0La Sculpture dans la Ville\u00a0\u00bb, Vittel, Frankreich<\/p>\n<p class=\"p1\">\u00ab\u00a0Gesammelt in Saarlouis\u00a0\u00bb, Museum Haus Ludwig, Saarlouis<\/p>\n<p class=\"p1\">\n<div class=\"hr-thin\"><\/div>\n<h3 class=\"p7\">1998<\/h3>\n<p class=\"p1\">\u00ab Artistes in situ\u00a0\u00bb, Banque et Caisse d\u2018Epargne de l\u2019Etat, Luxemburg<\/p>\n<p class=\"p1\">\n<div class=\"hr-thin\"><\/div>\n<h3 class=\"p7\">1999<\/h3>\n<p class=\"p1\">\u00ab\u00a0Hommage \u00e0 G\u00e9rard Xuriguera\u00a0\u00bb CREPS, Chatenay-Malabry, Frankreich<\/p>\n<p class=\"p1\">[\/vc_column_text][vc_text_separator title=&#8220;Ab 2000:&#8220; i_icon_fontawesome=&#8220;fa fa-quote-left&#8220; i_color=&#8220;green&#8220; title_align=&#8220;separator_align_left&#8220; align=&#8220;align_right&#8220; color=&#8220;green&#8220; add_icon=&#8220;true&#8220;][vc_column_text]<\/p>\n<h3 class=\"p7\">2000<\/h3>\n<p class=\"p1\">\u00ab\u00a021 Sculpteurs ouvrent le 21\u00e8me Si\u00e8cle\u00a0\u00bb, Ville de Sainte-Genevi\u00e8ve-des-Bois, Frankreich<\/p>\n<p class=\"p1\">\u00ab\u00a0Sculpture\u00a0\u00bb, Casa Municipale da Cultura, Cantanhede, Portugal<\/p>\n<p class=\"p1\">\u00ab\u00a0Vittel d\u2019Art 2000\u00a0\u00bb, Vittel, Frankreich<\/p>\n<p class=\"p1\">\n<div class=\"hr-thin\"><\/div>\n<h3 class=\"p7\">2001<\/h3>\n<p class=\"p1\">\u00ab Six Sculpteurs\u00a0\u00bb, \u00a0Treffpunkt Kunst\u00a0, Museum Haus Ludwig, Saarlouis<\/p>\n<p class=\"p1\">\n<div class=\"hr-thin\"><\/div>\n<h3 class=\"p7\">2003<\/h3>\n<p class=\"p1\">\u00ab\u00a0Treffpunkt Kunst\u00a0 \u2013 25 Jahre\u00bb, Museum Haus Ludwig, Saarlouis<\/p>\n<p class=\"p1\">\n<div class=\"hr-thin\"><\/div>\n<h3 class=\"p7\">2007<\/h3>\n<p class=\"p1\">\u00ab\u00a0Villers d\u2019Arts 2007 \u00bb, Ch\u00e2teau de Madame de Graffigny, Villers-l\u00e8s-Nancy, Frankreich<\/p>\n<p class=\"p1\">\n<div class=\"hr-thin\"><\/div>\n<h3 class=\"p7\">2008<\/h3>\n<p class=\"p1\">Donation Yvonne et Maurice Allemand, Mus\u00e9e D\u00e9partemental de l\u2019Oise, Beauvais, Frankreich<\/p>\n<p class=\"p1\">\n<div class=\"hr-thin\"><\/div>\n<h3 class=\"p7\">2008<\/h3>\n<p class=\"p1\">\u00ab\u00a0D\u2019Acier, de Bois, de Pierre\u00a0\u00bb, Mus\u00e9e d\u2019Art et d\u2019Histoire,<\/p>\n<p class=\"p1\">Meudon, Frankreich<\/p>\n<p class=\"p1\">\n<div class=\"hr-thin\"><\/div>\n<h3 class=\"p7\">2010<\/h3>\n<p class=\"p1\">\u00ab Du + Ich \u00bb Treffpunkt Kunst, Museum Haus Ludwig, Saarlouis<\/p>\n<p class=\"p1\">\n<div class=\"hr-thin\"><\/div>\n<h3 class=\"p7\">2011<\/h3>\n<p class=\"p1\">Mus\u00e9e de Cambrai \u00ab Escaut, Rives, d\u00e9rives \u00bb, Festival international de sculpture contemporaine<\/p>\n<p class=\"p1\">\u00abFormes et Lumi\u00e8re, la sculpture dans l\u2019art construit\u00bb, Mus\u00e9e Pierre-Andr\u00e9 Benoit, Al\u00e8s (Gard), Frankreich<\/p>\n<p class=\"p1\">\n<div class=\"hr-thin\"><\/div>\n<h3 class=\"p7\">2012<\/h3>\n<p class=\"p1\">Hommage \u00e0 Vincent Batbedat, Galerie Mich\u00e8le Broutta, Paris<\/p>\n<p class=\"p1\">\n<div class=\"hr-thin\"><\/div>\n<h3 class=\"p7\">2013<\/h3>\n<p class=\"p1\">\u00ab 20 ANS &#8211; 20 Sculpteurs \u00bb, Galerie Mich\u00e8le Gu\u00e9rin, Linetz, Normandie, Frankreich<\/p>\n<p class=\"p1\">\n<div class=\"hr-thin\"><\/div>\n<h3 class=\"p7\">2014<\/h3>\n<p class=\"p1\">La collection d\u2019art moderne, Mus\u00e9e de Metz, Frankreich<\/p>\n<p class=\"p1\">Treffpunkt Kunst, Museum Haus Ludwig, Saarlouis<\/p>\n<p class=\"p1\">\n<div class=\"hr-thin\"><\/div>\n<h3 class=\"p7\">2015<\/h3>\n<p class=\"p1\">\u00ab Dans les yeux de G\u00e9rard Xuriguera \u00bb, Yohann Gallery, Paris<br \/>\nP gallery, Athen, Griechenland<br \/>\nGalerie F. Hessler, Luxemburg<\/p>\n<p class=\"p1\">\n<div class=\"hr-thin\"><\/div>\n<h3 class=\"p7\">2017<\/h3>\n<p>New Hanging: Gem\u00e4lde, Skulpturen und Drucke<br \/>\nGalerie F. Hessler, Luxemburg<\/p>\n<div class=\"hr-thin\"><\/div>\n<h3>2018<\/h3>\n<p>DIVERGENCES ABSTRAITES<\/p>\n<p>Galerie Bertrand Trocmez <strong>, <\/strong>Clermont Ferrand, France.<\/p>\n<div class=\"hr-thin\"><\/div>\n<h3>2019<\/h3>\n<p>\u00ab Convergences Abstraites\u00a0\u00bb\u00a0L\u2019Art au Ch\u00e2teau de la Roquebron, Le Cantal, France<\/p>\n<div class=\"hr-thin\"><\/div>\n<h3>2021<\/h3>\n<p>Museen in der Kaserne VI,\u00a0Ludwig Galerie,\u00a0Saarlouis, Allemagne.<br \/>\n&#8222;In Kooperation mit Treffpunkt Kunst mit Bildern und Skulpturen von K\u00fcnstlerinnen und K\u00fcnstlern aus \u00fcber 40 Jahren&#8220;.<br \/>\nTextes : Peter Demmer, Michel Seuphor, Claudia Wiott-Franz, Michaela Mazurkiewicz-Wonn, Peter Lodermeyer, Karin Scheid.<\/p>\n<div class=\"hr-thin\"><\/div>\n<p>[\/vc_column_text][vc_empty_space height=&#8220;22px&#8220;][\/vc_column_inner][\/vc_row_inner][\/vc_column][\/vc_row][vc_row][vc_column][vc_empty_space height=&#8220;62px&#8220;][vc_row_inner][vc_column_inner][vc_column_text]<\/p>\n<h3 class=\"p6\">Kunstsalons, Kunstmessen, Biennalen und Triennalen:<\/h3>\n<p class=\"p1\">[\/vc_column_text][\/vc_column_inner][\/vc_row_inner][vc_row_inner][vc_column_inner width=&#8220;1\/2&#8243;][vc_text_separator title=&#8220;Kunstsalons:&#8220; i_icon_fontawesome=&#8220;fa fa-quote-left&#8220; i_color=&#8220;green&#8220; title_align=&#8220;separator_align_left&#8220; color=&#8220;green&#8220; add_icon=&#8220;true&#8220;][vc_column_text]<\/p>\n<p class=\"p1\">Jeune Sculpture (Mitglied des Komitees von 1969 bis 1979),<\/p>\n<p class=\"p1\">Grands et Jeunes d\u2019aujourd\u2019hui (Mitglied des Komitees von 1986 bis 2002),<\/p>\n<p class=\"p1\">Salon de Mai, Paris<\/p>\n<p class=\"p1\">R\u00e9alit\u00e9s Nouvelles, Paris<\/p>\n<p class=\"p1\">Comparaisons, Paris<\/p>\n<p class=\"p1\">Salon de Mars, Paris<\/p>\n<p class=\"p1\">Salon de Montrouge, Frankreich<\/p>\n<p class=\"p1\">Salon d\u2019Octobre de Brive, Frankreich<\/p>\n<p class=\"p1\">Salon de la Sculpture Contemporaine de Fontenay-sous-Bois, Frankreich<\/p>\n<p class=\"p1\">Salon d\u2019Art Contemporain de Bourg-en-Bresse, Frankreich<\/p>\n<p class=\"p1\">Salon d\u2019Angers. Frankreich<\/p>\n<p class=\"p1\">[\/vc_column_text][vc_text_separator title=&#8220;Kunstmessen:&#8220; i_icon_fontawesome=&#8220;fa fa-quote-left&#8220; i_color=&#8220;green&#8220; title_align=&#8220;separator_align_left&#8220; color=&#8220;green&#8220; add_icon=&#8220;true&#8220;][vc_column_text]<\/p>\n<h3 class=\"p7\">1978, 1979 et 1984<\/h3>\n<p class=\"p1\">FIAC, Galerie Bellint<\/p>\n<p class=\"p1\">\n<div class=\"hr-thin\"><\/div>\n<h3 class=\"p7\">1996<\/h3>\n<p class=\"p1\">SAGA, Les Editions \u00ab\u00a0La Chouette Diurne\u00a0\u00bb en 1995 1996 et\u00a0Art Multiple, D\u00fcsseldorf<\/p>\n<p class=\"p1\">\n<div class=\"hr-thin\"><\/div>\n<h3 class=\"p7\">2003, 2006, 2007<\/h3>\n<p class=\"p1\">Art Paris, Galerie Mich\u00e8le Broutta<\/p>\n<p class=\"p1\">\n<div class=\"hr-thin\"><\/div>\n<h3 class=\"p7\">2008, 2009<\/h3>\n<p class=\"p1\">ART \u00c9LYS\u00c9ES, Galerie Mich\u00e8le Broutta<\/p>\n<p class=\"p1\">\n<div class=\"hr-thin\"><\/div>\n<h3 class=\"p7\">2012<\/h3>\n<p class=\"p1\">BRAFA, Bruxelles, Galerie Futur Ant\u00e9rieur, Br\u00fcssel<\/p>\n<p class=\"p1\">\n<div class=\"hr-thin\"><\/div>\n<h3 class=\"p7\">2012<\/h3>\n<p class=\"p1\">PAD, Paris, Galerie Sabine Vazieux, Paris<\/p>\n<p class=\"p1\">Olympia International Fine Art &amp; Antique Fair, London<\/p>\n<p class=\"p1\">Galerie Sabine Vazieux, Paris<\/p>\n<p class=\"p1\">\n<div class=\"hr-thin\"><\/div>\n<h3 class=\"p7\">2013<\/h3>\n<p class=\"p1\">BRAFA, Bruxelles, Galerie Martel-Greiner, Paris,<\/p>\n<p class=\"p1\">BRAFA, Galerie Future Ant\u00e9rieur, Br\u00fcssel<\/p>\n<p class=\"p1\">PAD, Paris,\u00a0Galerie Martel-Greiner, Paris<\/p>\n<p class=\"p1\">ART PARIS, RCM Galerie, Paris, 2013<\/p>\n<p class=\"p1\">ART \u00c9LYS\u00c9ES, RCM Galerie, Paris<\/p>\n<p class=\"p1\">\n<div class=\"hr-thin\"><\/div>\n<h3 class=\"p7\">2014<\/h3>\n<p class=\"p1\">BRAFA, Bruxelles, Galerie Futur Ant\u00e9rieur, Br\u00fcssel<\/p>\n<p class=\"p1\">ART \u00c9LYS\u00c9ES,\u00a0 Galerie Futur Ant\u00e9rieur, Br\u00fcssel, Paris<\/p>\n<p class=\"p1\">\n<div class=\"hr-thin\"><\/div>\n<h3 class=\"p7\">2017<\/h3>\n<p class=\"p1\">ART \u00c9LYS\u00c9ES, RCM Galerie, Paris<\/p>\n<p class=\"p1\">\n<div class=\"hr-thin\"><\/div>\n<h3 class=\"p7\">2018<\/h3>\n<p class=\"p1\">BRAFA &#8211; ART FAIR, <span lang=\"de\">Br\u00fcssel<\/span><\/p>\n<p class=\"p1\">\n<div class=\"hr-thin\"><\/div>\n<p>[\/vc_column_text][\/vc_column_inner][vc_column_inner width=&#8220;1\/2&#8243;][vc_text_separator title=&#8220;Biennalen et Triennalen:&#8220; i_icon_fontawesome=&#8220;fa fa-quote-left&#8220; i_color=&#8220;green&#8220; title_align=&#8220;separator_align_left&#8220; color=&#8220;green&#8220; add_icon=&#8220;true&#8220;][vc_column_text]<\/p>\n<h3 class=\"p7\">1961<\/h3>\n<p class=\"p1\">La 4<span class=\"s1\"><sup>\u00e8me<\/sup><\/span>\u00a0Biennale de Conches, Frankreich<\/p>\n<p class=\"p1\">\n<div class=\"hr-thin\"><\/div>\n<h3 class=\"p7\">1973<\/h3>\n<p class=\"p1\">La 7<span class=\"s1\"><sup>\u00e8me<\/sup><\/span> Biennale de Carrara, Italien<\/p>\n<p class=\"p1\">\n<div class=\"hr-thin\"><\/div>\n<h3 class=\"p7\">1979<\/h3>\n<p class=\"p1\">La 1\u00e8re Biennale de Brest, Frankreich<\/p>\n<p class=\"p1\">\n<div class=\"hr-thin\"><\/div>\n<h3 class=\"p7\">1980<\/h3>\n<p class=\"p1\">La\u00a0 Biennale de Las Palmas, Kanarische Inseln.\u00a0<span class=\"s1\">1. Preis des Skulptur-Wettbewerbs<\/span>.<\/p>\n<p class=\"p1\">\n<div class=\"hr-thin\"><\/div>\n<h3 class=\"p7\">1981<\/h3>\n<p class=\"p1\">La 2<span class=\"s1\"><sup>\u00e8me<\/sup><\/span> Biennale de Brest, Frankreich<\/p>\n<p class=\"p1\">\n<div class=\"hr-thin\"><\/div>\n<h3 class=\"p7\">1982<\/h3>\n<p class=\"p1\">La Biennale Europ\u00e9enne de Sculpture en Normandie, Frankreich<\/p>\n<p class=\"p1\">\n<div class=\"hr-thin\"><\/div>\n<h3 class=\"p7\">1983<\/h3>\n<p class=\"p1\">La 6<span class=\"s1\"><sup>\u00e8me<\/sup><\/span>\u00a0Biennale de Sculpture de Murska Sobota, Jugoslawien<\/p>\n<p class=\"p1\">\n<div class=\"hr-thin\"><\/div>\n<h3 class=\"p7\">1984<\/h3>\n<p class=\"p1\">La 1\u00e8re Biennale de Dessin, Clermont-Ferrand, Frankreich<\/p>\n<p class=\"p1\">\n<div class=\"hr-thin\"><\/div>\n<h3 class=\"p7\">1995<\/h3>\n<p class=\"p1\">Triennale Europ\u00e9ene de Sculpture, Jardin des Plantes, Paris<\/p>\n<p class=\"p1\">\n<div class=\"hr-thin\"><\/div>\n<h3 class=\"p7\">2006<\/h3>\n<p class=\"p1\">Internationale Sculpture Triennal, Poznan, Polen<\/p>\n<p class=\"p1\">\n<div class=\"hr-thin\"><\/div>\n<h3 class=\"p7\">2007 et 2009<\/h3>\n<p class=\"p1\">Biennale de Sculpture, Propri\u00e9t\u00e9 Caillebotte, Yerres, Frankreich<\/p>\n<p class=\"p1\">\n<div class=\"hr-thin\"><\/div>\n<p>[\/vc_column_text][\/vc_column_inner][\/vc_row_inner][\/vc_column][\/vc_row][vc_row type=&#8220;1&#8243; bg_cover=&#8220;true&#8220; enable_parallax=&#8220;false&#8220;][vc_column][vc_row_inner][vc_column_inner][vc_empty_space height=&#8220;42px&#8220;][\/vc_column_inner][\/vc_row_inner][vc_row_inner][vc_column_inner width=&#8220;1\/3&#8243;][vc_column_text]<\/p>\n<h3 class=\"p6\">\u00d6ffentliche Sammlungen:<\/h3>\n<p class=\"p1\">[\/vc_column_text][vc_column_text]<\/p>\n<p class=\"p1\">Fonds National d\u2019Art Contemporain, Paris<\/p>\n<p class=\"p1\">Universit\u00e9 de Freiburg<\/p>\n<p class=\"p1\">Mus\u00e9e de Sculpture en Plein Air, For\u00eat de S\u00e9nart, Essonne, Frankreich<\/p>\n<p class=\"p1\">Mus\u00e9e de Ch\u00e2teauroux, Frankreich<\/p>\n<p class=\"p1\">Mus\u00e9e de Metz, Frankreich<\/p>\n<p class=\"p1\">Mus\u00e9e d\u2019Art et d\u2019Histoire de Meudon, Frankreich<\/p>\n<p class=\"p1\">Mus\u00e9e de Siegen<\/p>\n<p class=\"p1\">Mus\u00e9e D\u00e9partemental de l\u2019Oise, Beauvais, Frankreich<\/p>\n<p class=\"p1\">Mus\u00e9e de Puy\u00f4, S\u00fcdkorea<\/p>\n<p class=\"p1\">Satoru Sato Art Museum, City of Tome, Japan<\/p>\n<p class=\"p1\">Mus\u00e9e de Montb\u00e9liard (d\u00e9p\u00f4t), Frankreich<\/p>\n<p class=\"p1\">Centre d\u2019Art Contemporain \u00ab Raymond Farbos \u00bb, Mont de Marsan, Frankreich<\/p>\n<p class=\"p1\">Mus\u00e9e d\u2019Art, Histoire et Arch\u00e9ologie d\u2019Evreux, Frankreich<\/p>\n<p class=\"p1\">Mus\u00e9e de la Ville, St-Quentin-en-Yvelines, Frankreich<\/p>\n<p class=\"p1\">Airbus Industrie, Toulouse, Frankreich<\/p>\n<p class=\"p1\">Ville de Gueugnon,\u00a0Sa\u00f4ne-et-Loire, Frankreich<\/p>\n<p class=\"p1\">[\/vc_column_text][\/vc_column_inner][vc_column_inner width=&#8220;1\/3&#8243;][vc_single_image image=&#8220;2040&#8243; img_size=&#8220;large&#8220; add_caption=&#8220;yes&#8220;][\/vc_column_inner][vc_column_inner width=&#8220;1\/3&#8243;][vc_column_text]<\/p>\n<h3 class=\"p6\">Privatsammlungen:<\/h3>\n<p class=\"p1\">[\/vc_column_text][vc_column_text]<\/p>\n<p class=\"p1\">Deutschland,<\/p>\n<p class=\"p1\">Belgien,<\/p>\n<p class=\"p1\">Kanada,<\/p>\n<p class=\"p1\">Spanien,<\/p>\n<p class=\"p1\">Vereinigte Staaten,<\/p>\n<p class=\"p1\">Frankreich,<\/p>\n<p class=\"p1\">Gro\u03b2britannien,<\/p>\n<p class=\"p1\">Luxemburg,<\/p>\n<p class=\"p1\">Marokko,<\/p>\n<p class=\"p1\">Niederlande,<\/p>\n<p class=\"p1\">Schweden,<\/p>\n<p class=\"p1\">Schweiz,..<\/p>\n<p class=\"p1\">[\/vc_column_text][\/vc_column_inner][\/vc_row_inner][vc_row_inner][vc_column_inner width=&#8220;1\/3&#8243;][vc_single_image image=&#8220;2034&#8243; img_size=&#8220;large&#8220; add_caption=&#8220;yes&#8220;][\/vc_column_inner][vc_column_inner width=&#8220;1\/3&#8243;][vc_single_image image=&#8220;2250&#8243; img_size=&#8220;large&#8220; add_caption=&#8220;yes&#8220;][\/vc_column_inner][vc_column_inner width=&#8220;1\/3&#8243;][vc_single_image image=&#8220;1836&#8243; img_size=&#8220;large&#8220; add_caption=&#8220;yes&#8220;][\/vc_column_inner][\/vc_row_inner][vc_row_inner][vc_column_inner width=&#8220;1\/3&#8243;][vc_single_image image=&#8220;1972&#8243; img_size=&#8220;large&#8220; add_caption=&#8220;yes&#8220;][\/vc_column_inner][vc_column_inner width=&#8220;1\/3&#8243;][vc_single_image image=&#8220;2320&#8243; img_size=&#8220;large&#8220; add_caption=&#8220;yes&#8220;][\/vc_column_inner][vc_column_inner width=&#8220;1\/3&#8243;][vc_single_image image=&#8220;2036&#8243; img_size=&#8220;large&#8220; add_caption=&#8220;yes&#8220;][\/vc_column_inner][\/vc_row_inner][vc_row_inner][vc_column_inner width=&#8220;1\/3&#8243;][vc_single_image image=&#8220;2314&#8243; img_size=&#8220;large&#8220; add_caption=&#8220;yes&#8220;][\/vc_column_inner][vc_column_inner width=&#8220;1\/3&#8243;][vc_single_image image=&#8220;2306&#8243; img_size=&#8220;large&#8220; add_caption=&#8220;yes&#8220;][\/vc_column_inner][vc_column_inner width=&#8220;1\/3&#8243;][vc_single_image image=&#8220;2695&#8243; img_size=&#8220;large&#8220; add_caption=&#8220;yes&#8220;][\/vc_column_inner][\/vc_row_inner][\/vc_column][\/vc_row][vc_row][vc_column][vc_row_inner][vc_column_inner][vc_empty_space height=&#8220;62px&#8220;][vc_text_separator title=&#8220;Gro\u03b2plastiken im \u00f6ffentlichen Raum:&#8220; i_icon_fontawesome=&#8220;fa fa-quote-left&#8220; i_color=&#8220;green&#8220; title_align=&#8220;separator_align_left&#8220; color=&#8220;green&#8220; add_icon=&#8220;true&#8220;][\/vc_column_inner][\/vc_row_inner][vc_row_inner][vc_column_inner width=&#8220;1\/2&#8243;][vc_column_text]<\/p>\n<h3 class=\"p7\">1960<\/h3>\n<p class=\"p1\">RELIEF, Messing, 152 x 242 cm, Hall du Lyc\u00e9e, L\u00f6rrach,<\/p>\n<p class=\"p1\">\n<div class=\"hr-thin\"><\/div>\n<h3 class=\"p7\">1970-71<\/h3>\n<p class=\"p1\">SCULPTURE, Messing, 300 x 130 x 65 cm, CES Brumath (Bas-Rhin), Frankreich<\/p>\n<p class=\"p1\">\n<div class=\"hr-thin\"><\/div>\n<h3 class=\"p7\">1971<b> <span class=\"Apple-converted-space\">\u00a0 \u00a0<\/span><\/b><\/h3>\n<p class=\"p1\">\u00c0 L\u2019\u00c9COUTE DU VENT, rostfreier Stahl, 400 X 280 X 280 cm, Mus\u00e9e de Sculpture en Plein Air, For\u00eat de S\u00e9nart (Essonne), Frankreich<\/p>\n<p class=\"p1\">\n<div class=\"hr-thin\"><\/div>\n<h3 class=\"p7\">1971<b> <span class=\"Apple-converted-space\">\u00a0 \u00a0<\/span><\/b><\/h3>\n<p class=\"p1\">SIGNAL, Aluminium, 700 x 190 x 70 cm, Cit\u00e9 scolaire, Bar-le-Duc (Meuse), Frankreich<\/p>\n<p class=\"p1\">\n<div class=\"hr-thin\"><\/div>\n<h3 class=\"p7\">1972<b> <span class=\"Apple-converted-space\">\u00a0 \u00a0<\/span><\/b><\/h3>\n<p class=\"p1\">GRILLE-PORTE, rostfreier Stahl, 200 x 672 cm, CES B\u00e8gles, (Gironde), Frankreich<\/p>\n<p class=\"p1\">\n<div class=\"hr-thin\"><\/div>\n<h3 class=\"p7\">1973<b> <span class=\"Apple-converted-space\">\u00a0 \u00a0<\/span><\/b><\/h3>\n<p class=\"p1\">LA MAISON DU SOLEIL, Messing, 200 diam. 180 cm, CES Mayet (Sarthe, Frankreich)<\/p>\n<p class=\"p1\">\n<div class=\"hr-thin\"><\/div>\n<h3 class=\"p7\">1973-74<\/h3>\n<p class=\"p1\">SCULPTURE-SIGNAL, Messing, 400 diam. 180 cm, CES Ars-sur-Moselle (Moselle), Frankreich<\/p>\n<p class=\"p1\">\n<div class=\"hr-thin\"><\/div>\n<h3 class=\"p7\">1974<\/h3>\n<p class=\"p1\">TRIVIUM, rostfreier Stahl, 230 diam. 185 cm, CET de Monjoux, Besan\u00e7on (Doubs), Frankreich<\/p>\n<p class=\"p1\">\n<div class=\"hr-thin\"><\/div>\n<h3 class=\"p7\">1974<\/h3>\n<p class=\"p1\">BOURGEON d\u2019ACIER, rostfreier Stahl,, 166 diam. 190 cm, Lyc\u00e9e Avesnes-\u00a0sur-Helpe (Nord), Frankreich<\/p>\n<p class=\"p1\">\n<div class=\"hr-thin\"><\/div>\n<h3 class=\"p7\">1974-75<\/h3>\n<p class=\"p1\">GIROUETTE, rostfreier Stahl, 450 x 230 x 200 cm, CES Lemberg (Moselle, Frankreich)<\/p>\n<p class=\"p1\">\n<div class=\"hr-thin\"><\/div>\n<h3 class=\"p7\">1975<\/h3>\n<p class=\"p1\">SIGNAL, rostfreier Stahl, H 650 cm, FONTAINE, rostfreier Stahl, 172 diam.\u00a0 100 cm, Lyc\u00e9e Technique Saint-Ouen-l\u2019Aum\u00f4ne (Val d\u2019Oise, Frankreich)<\/p>\n<p class=\"p1\">\n<div class=\"hr-thin\"><\/div>\n<h3 class=\"p7\">1975<\/h3>\n<p class=\"p1\">SCULPTURE EN TROIS \u00c9L\u00c9MENTS, Corten-Stahl, 345 diam. 400 cm, CES Houdain (Pas-de-Calais, Frankreich)<\/p>\n<h3 class=\"p7\">1976<\/h3>\n<p class=\"p1\">TROIS SCULPTURES GROUP\u00c9ES, Corten-Stahl , 300 x 480 x 300 cm, Maizi\u00e8res-l\u00e8s-Metz (Moselle), Frankreich<\/p>\n<p class=\"p1\">\n<div class=\"hr-thin\"><\/div>\n<h3 class=\"p7\">1976<\/h3>\n<p class=\"p1\">FLEUR D\u2019ACIER, Corten-Stahl, 198 x 235 cm, CES Nogent-sur-Seine (Aube), Frankreich<\/p>\n<p class=\"p1\">\n<div class=\"hr-thin\"><\/div>\n<h3 class=\"p7\">1976-77<\/h3>\n<p class=\"p1\">LES CHEMIN\u00c9ES DES F\u00c9ES I, rostfreier Stahl, 415 diam 130 cm, Villers-l\u00e8s-Nancy\u00a0(Meurthe et Moselle), Frankreich<\/p>\n<p class=\"p1\">\n<div class=\"hr-thin\"><\/div>\n<h3 class=\"p7\">1977<\/h3>\n<p class=\"p1\">FONTAINE MURALE, rostfreier Stahl , 245 X 800 cm, Hall de la Soci\u00e9t\u00e9 EFI, Fontenay-sous-Bois (Val de Marne), Frankreich<\/p>\n<p class=\"p1\">\n<div class=\"hr-thin\"><\/div>\n<p>[\/vc_column_text][\/vc_column_inner][vc_column_inner width=&#8220;1\/2&#8243;][vc_column_text]<\/p>\n<h3 class=\"p7\">1977<\/h3>\n<p class=\"p1\">LES CHEMIN\u00c9ES DES F\u00c9ES III, rostfreier Stahl, 456 diam. 140 cm, Saint-Andr\u00e9, R\u00e9union<\/p>\n<p class=\"p1\">\n<div class=\"hr-thin\"><\/div>\n<h3 class=\"p7\">1977<\/h3>\n<p class=\"p1\">LE GESTE, rostfreier Stahl, 400 x 140 x 100 cm, CES Morsang-sur-Orge (Essonne), Frankreich<\/p>\n<p class=\"p1\">\n<div class=\"hr-thin\"><\/div>\n<h3 class=\"p7\">1978<\/h3>\n<p class=\"p1\">LE REGARD TRANSPARENT, rostfreier Stahl, 254 x 483 x 110 cm, LEP\u00a0Li\u00e9vin (Pas-de-Calais), Frankreich<\/p>\n<p class=\"p1\">\n<div class=\"hr-thin\"><\/div>\n<h3 class=\"p7\">1979<\/h3>\n<p class=\"p1\">SIGNAL, rostfreier Stahl, 410 x 160 x 130 cm, CES Marly-l\u00e8s-Metz (Moselle), Frankreich<\/p>\n<p class=\"p1\">\n<div class=\"hr-thin\"><\/div>\n<h3 class=\"p7\">1980<\/h3>\n<p class=\"p1\">LA GROTTE LUMINEUSE, rostfreier Stahl, 320 diam. 275 cm, Bessancourt (Val d\u2019Oise), Frankreich<\/p>\n<p class=\"p1\">\n<div class=\"hr-thin\"><\/div>\n<h3 class=\"p7\">1982<\/h3>\n<p class=\"p1\">LE PONT DE GRATTELOUP, rostfreier Stahl, 455 x 400 x 310 cm, Ville Nouvelle Saint-Quentin-en-Yvelines (Yvelines), Frankreich<\/p>\n<p class=\"p1\">\n<div class=\"hr-thin\"><\/div>\n<h3 class=\"p7\">1983<\/h3>\n<p class=\"p1\">L\u2019AIGLE, rostfreier Stahl, 580 x 370 x 330 cm, Casernement du 9\u00e8 R.C.P., Pamiers (Ari\u00e8ge), Frankreich<\/p>\n<p class=\"p1\">\n<div class=\"hr-thin\"><\/div>\n<h3 class=\"p7\">1983<\/h3>\n<p class=\"p1\">RELIEF, Glas und Stahl, 180 x 500 cm, Cit\u00e9 Scolaire, Saint-Beno\u00eet, R\u00e9union<\/p>\n<p class=\"p1\">\n<div class=\"hr-thin\"><\/div>\n<h3 class=\"p7\">1985<\/h3>\n<p class=\"p1\">PROTECTION, rostfreier Stahl, 450 x 140 x 85 cm, Nouvelle Gendarmerie, Orange (Vaucluse), Frankreich<\/p>\n<p class=\"p1\">\n<div class=\"hr-thin\"><\/div>\n<h3 class=\"p7\">1985<\/h3>\n<p class=\"p1\">VOL DE VIE, rostfreier Stahl, 200 x 270 x 75 cm, Airbus Industrie, Toulouse\u00a0(Haute-Garonne), Frankreich<\/p>\n<p class=\"p1\">\n<div class=\"hr-thin\"><\/div>\n<h3 class=\"p7\">1987<\/h3>\n<p class=\"p1\">ARBRE D\u2019ACIER, rostfreier Stahl, 485 x 200 190 cm, Ville de Gueugnon (Sa\u00f4ne-et-Loire), Frankreich<\/p>\n<p class=\"p1\">\n<div class=\"hr-thin\"><\/div>\n<h3 class=\"p7\">1990<\/h3>\n<p class=\"p1\">SUITE DE 11 BAS-RELIEFS, rostfreier Stahl,\u00a0jedes\u00a060 x 100 cm chaque, Sporthalle\u00a0Bl\u00fccherstrasse, Karlsruhe<\/p>\n<p class=\"p1\">\n<div class=\"hr-thin\"><\/div>\n<h3 class=\"p7\">1998<\/h3>\n<p class=\"p1\">LES GRIFFONS, zwei Skulpturen aus rostfreiem Stahl, jede156 x 93 x 70 cm\u00a0chaque, H\u00f4tel Hilton, Frankfurt<\/p>\n<p class=\"p1\">\n<div class=\"hr-thin\"><\/div>\n<h3 class=\"p7\">1999<\/h3>\n<p class=\"p1\">UNITY, LOVE and ETERNITY, 1999, rostfreier Stahl, 316 x 110 x 110 cm, Parc de Sculptures, Puy\u00f6, S\u00fcdkorea<\/p>\n<p class=\"p1\">\n<div class=\"hr-thin\"><\/div>\n<h3 class=\"p7\">2001-02<\/h3>\n<p class=\"p1\">AMITI\u00c9, FRATERNIT\u00c9, HARMONIE, 2001-2002, rostfreier Stahl, 224 x 170 x 170 cm, Ville\u00a0d\u2019Uckange (Moselle), Frankreich<\/p>\n<p class=\"p1\">\n<div class=\"hr-thin\"><\/div>\n<p>[\/vc_column_text][\/vc_column_inner][\/vc_row_inner][\/vc_column][\/vc_row][vc_row][vc_column][vc_column_text]<\/p>\n<p>[\/vc_column_text][\/vc_column][\/vc_row]<\/p>\n<\/div>","protected":false},"excerpt":{"rendered":"<p>[vc_row css=&#8220;.vc_custom_1495646102662{margin-bottom: 100px !important;}&#8220;][vc_column][vc_column_text] Biographie [\/vc_column_text][\/vc_column][\/vc_row][vc_row type=&#8220;1&#8243; bg_cover=&#8220;true&#8220; enable_parallax=&#8220;false&#8220; css=&#8220;.vc_custom_1498645532998{margin-bottom: 100px !important;}&#8220;][vc_column][vc_empty_space height=&#8220;42px&#8220;][vc_column_text] Diese Website erm\u00f6glicht die Begegnung mit dem Bildhauer, der sein Metall verzauberte: Dietrich-Mohr. \u201eCOR-TEN-Stahl\u201d, sagte er, \u201eist ein geheimnisvolles Metall \u2026.\u201d Dietrich-Mohr, stahlblauer Blick, Worte wie aus Erz gegossen \u2013 rostfrei\u00a0! -, kennt sich in Mysterien aus \u2026 Inmitten seiner Werke stehend:&hellip;<\/p>\n","protected":false},"author":1,"featured_media":0,"parent":0,"menu_order":0,"comment_status":"closed","ping_status":"closed","template":"","meta":{"footnotes":""},"class_list":["post-2648","page","type-page","status-publish","hentry","description-off"],"_links":{"self":[{"href":"https:\/\/dietrich-mohr.com\/de\/wp-json\/wp\/v2\/pages\/2648","targetHints":{"allow":["GET"]}}],"collection":[{"href":"https:\/\/dietrich-mohr.com\/de\/wp-json\/wp\/v2\/pages"}],"about":[{"href":"https:\/\/dietrich-mohr.com\/de\/wp-json\/wp\/v2\/types\/page"}],"author":[{"embeddable":true,"href":"https:\/\/dietrich-mohr.com\/de\/wp-json\/wp\/v2\/users\/1"}],"replies":[{"embeddable":true,"href":"https:\/\/dietrich-mohr.com\/de\/wp-json\/wp\/v2\/comments?post=2648"}],"version-history":[{"count":50,"href":"https:\/\/dietrich-mohr.com\/de\/wp-json\/wp\/v2\/pages\/2648\/revisions"}],"predecessor-version":[{"id":188397,"href":"https:\/\/dietrich-mohr.com\/de\/wp-json\/wp\/v2\/pages\/2648\/revisions\/188397"}],"wp:attachment":[{"href":"https:\/\/dietrich-mohr.com\/de\/wp-json\/wp\/v2\/media?parent=2648"}],"curies":[{"name":"wp","href":"https:\/\/api.w.org\/{rel}","templated":true}]}}