{"id":2633,"date":"2017-09-06T11:12:16","date_gmt":"2017-09-06T09:12:16","guid":{"rendered":"https:\/\/dietrich-mohr.com\/site\/actualites\/"},"modified":"2022-01-24T12:43:27","modified_gmt":"2022-01-24T11:43:27","slug":"aktuelles","status":"publish","type":"page","link":"https:\/\/dietrich-mohr.com\/de\/aktuelles\/","title":{"rendered":"Aktuelles"},"content":{"rendered":"<div class=\"wpb-content-wrapper\"><p>[vc_row][vc_column][vc_row_inner][\/vc_row_inner][vc_column_inner][\/vc_column_inner][vc_column_text]<\/p>\n<h1 class=\"p1\"><span class=\"s1\">Aktuelles<\/span><\/h1>\n<p>[\/vc_column_text][\/vc_column][vc_column width=&#8220;1\/2&#8243;][\/vc_column][\/vc_row][vc_row][vc_column][vc_column_text]<\/p>\n<p>[\/vc_column_text][\/vc_column][\/vc_row][vc_row][vc_column width=&#8220;1\/2&#8243;][vc_separator color=&#8220;green&#8220;][vc_column_text]12. September bis 28. November 2021<\/p>\n<p>Museeen in der Kaserne VI,\u00a0Ludwig Galerie,\u00a0Saarlouis, Allemagne.<\/p>\n<p>Katalog\u00a0:\u00a0Gruppenausstellungen in Kooperation mit Treffpunkt Kunst mit Bildern und Skulpturen von K\u00fcnsterinnen und Kustlern aus \u00fcber 40 Jahren.<br \/>\nTextes : Peter Demmer, Michel Seuphor, Claudia Wiott-Franz, Michaela Mazurkiewicz-Wonn, Peter Lodermeyer, Karin Scheid.[\/vc_column_text][\/vc_column][\/vc_row][vc_row][vc_column][vc_column_text]<\/p>\n<p>[\/vc_column_text][\/vc_column][\/vc_row][vc_row][vc_column width=&#8220;1\/2&#8243;][vc_separator color=&#8220;green&#8220;][vc_column_text]24. Juli bis 15. Oktober 2020<\/p>\n<h4>Kunstausstellung \u00ab ATOUT VENT \u00bb<\/h4>\n<p>Einzigartige Sammlung zeitgen\u00f6ssischer Wetterfahnen<br \/>\nIm Garten des ch\u00e2teau Colbert &#8211; Maul\u00e9vrier, France[\/vc_column_text][\/vc_column][\/vc_row][vc_row][vc_column][vc_column_text]<\/p>\n<p>[\/vc_column_text][\/vc_column][\/vc_row][vc_row][vc_column width=&#8220;1\/2&#8243;][vc_separator color=&#8220;green&#8220;][vc_column_text]<\/p>\n<p id=\"tw-target-text\" class=\"tw-data-text tw-ta tw-text-medium\" dir=\"ltr\" data-placeholder=\"Traduction\"><span lang=\"de\" tabindex=\"0\">6. M\u00e2rz bis 3. April 2020<\/span><\/p>\n<p><strong>DIETRICH-MOHR<\/strong><br \/>\n<strong>SKULPTUREN UND ZEICHNUNGEN<\/strong><\/p>\n<p><strong>DIE GALERIE ROANNE DE SAINT LAURENT<\/strong><\/p>\n<p>65 Avenue Kl\u00e9ber, Paris 16<sup>\u00e8me<\/sup><\/p>\n<p>Die Kataloge &#8222;Lumi\u00e8re Capt\u00e9e&#8220; und<br \/>\n&#8222;\u0152uvres sur Papier &#8220; werden verf\u00fcgbar sein<\/p>\n<p>Web : <a href=\"https:\/\/roanne-de-saint-laurent.art\/\" target=\"_blank\" rel=\"noopener noreferrer\">https:\/\/roanne-de-saint-laurent.art\/<\/a>[\/vc_column_text][\/vc_column][\/vc_row][vc_row][vc_column][vc_column_text]<\/p>\n<p>[\/vc_column_text][\/vc_column][\/vc_row][vc_row][vc_column width=&#8220;1\/2&#8243;][vc_separator color=&#8220;green&#8220;][vc_column_text]<\/p>\n<p id=\"tw-target-text\" class=\"tw-data-text tw-ta tw-text-medium\" dir=\"ltr\" data-placeholder=\"Traduction\"><span lang=\"de\" tabindex=\"0\">10. November bis 21. Dezember 2019.<\/span><\/p>\n<h4>20 Jahre Galerie F. Hessler<\/h4>\n<p>Die Galerie F. Hessler Art Collection feiert ihr 20-j\u00e4hriges Bestehen mit einer Auswahl von Werken, darunter Dietrich-Mohr.<\/p>\n<p>In der Galerie zum 10. November bis 21. Dezember 2019.<\/p>\n<p>21 rue Astrid L-1143 Luxemburg<br \/>\nTel .: (+352) 27 28 12 77[\/vc_column_text][\/vc_column][\/vc_row][vc_row][vc_column][vc_column_text]<\/p>\n<p>[\/vc_column_text][\/vc_column][\/vc_row][vc_row][vc_column width=&#8220;1\/2&#8243;][vc_separator color=&#8220;green&#8220;][vc_column_text]<\/p>\n<p id=\"tw-target-text\" class=\"tw-data-text tw-ta tw-text-medium\" dir=\"ltr\" data-placeholder=\"Traduction\"><span lang=\"de\" tabindex=\"0\">1. September 2019<\/span><\/p>\n<h4>Sammlung von Daniel Couturier Wetterfahnen<br \/>\nBei den &#8222;Jardins des Arts&#8220;<\/h4>\n<p>16 route de Canlers, 62310 Ruisseouville<\/p>\n<p>Windfahnenausstellung aus der Sammlung Daniel Couturier<br \/>\n60 Fl\u00fcgel von gro\u00dfen Namen der modernen und zeitgen\u00f6ssischen Kunst signiert.[\/vc_column_text][\/vc_column][\/vc_row][vc_row][vc_column][vc_column_text]<\/p>\n<p>[\/vc_column_text][\/vc_column][\/vc_row][vc_row][vc_column width=&#8220;1\/2&#8243;][vc_separator color=&#8220;green&#8220;][vc_column_text]<\/p>\n<p id=\"tw-target-text\" class=\"tw-data-text tw-ta tw-text-medium\" dir=\"ltr\" data-placeholder=\"Traduction\"><span lang=\"de\" tabindex=\"0\">18. Juli bis 25. August 2019<\/span><\/p>\n<h4>Convergences Abstraites<\/h4>\n<p>L&#8217;Art du Ch\u00e2teau de La Roquebrou (15)\u200c<br \/>\nmit G\u00e9rard Schneider, Oscar Gauthier, James Guitet, Paul Jenkins,<br \/>\nDietrich-Mohr \u2013 Catalogue<\/p>\n<p>[\/vc_column_text][\/vc_column][\/vc_row][vc_row][vc_column][vc_column_text]<\/p>\n<p>[\/vc_column_text][\/vc_column][\/vc_row][vc_row][vc_column width=&#8220;1\/2&#8243;][vc_separator color=&#8220;green&#8220;][vc_column_text]<\/p>\n<div class=\"wpb_text_column wpb_content_element \">\n<div class=\"wpb_wrapper\">\n<p>24-26 janvier 2019<\/p>\n<h4>Dietrich-Mohr<\/h4>\n<p>Patricia Borricand und Yohann P\u00e9nicaut,<br \/>\nVernissage und Privatausstellung von Dietrich-Mohr.<br \/>\nEIDOLON Fine Art \u2013 <a href=\"http:\/\/eidolonfineart.com\/\" target=\"_blank\" rel=\"noopener noreferrer\">www.eidolonfineart.com<\/a><br \/>\n46 rue Jacob<br \/>\n75006 Paris<\/p>\n<\/div>\n<\/div>\n<p>[\/vc_column_text][\/vc_column][vc_column width=&#8220;1\/2&#8243;][\/vc_column][\/vc_row][vc_row][vc_column][vc_column_text]<\/p>\n<p>[\/vc_column_text][\/vc_column][\/vc_row][vc_row][vc_column width=&#8220;1\/2&#8243;][vc_separator color=&#8220;green&#8220;][vc_column_text]<\/p>\n<p id=\"tw-target-text\" class=\"tw-data-text tw-ta tw-text-medium\" dir=\"ltr\" data-placeholder=\"Traduction\"><span lang=\"de\">9. November bis 16. Dezember 2018<\/span><\/p>\n<p><strong>DIVERGENCES ABSTRAITES (<span lang=\"de\">ABSTRAKTE DIVERGENZEN)<\/span><\/strong><\/p>\n<p id=\"tw-target-text\" class=\"tw-data-text tw-ta tw-text-medium\" dir=\"ltr\" data-placeholder=\"Traduction\"><span lang=\"de\">Gem\u00e4lde, Arbeiten auf Papier, Skulpturen<br \/>\n<\/span>Debr\u00e9, Feito, Hartung, Jenkins, Marfaing, Michaux, Schneider,<br \/>\nDietrich-Mohr \u2013 Catalogue<\/p>\n<p><strong>Galerie Bertrand Trocmez<\/strong><br \/>\n9 rue Philippe Marcombes<br \/>\n63000 Clermont Ferrand, France[\/vc_column_text][\/vc_column][vc_column width=&#8220;1\/2&#8243;][\/vc_column][\/vc_row][vc_row][vc_column width=&#8220;1\/2&#8243;][vc_separator color=&#8220;green&#8220;][vc_column_text]27. Januar 2017 \u2013 4. Februar 2018<\/p>\n<h4>BRAFA \u2013 ART FAIR<\/h4>\n<p>Br\u00fcssel[\/vc_column_text][\/vc_column][vc_column width=&#8220;1\/2&#8243;][\/vc_column][\/vc_row][vc_row][vc_column width=&#8220;1\/2&#8243;][vc_separator color=&#8220;green&#8220;][vc_column_text]<\/p>\n<p>7. Dezember 2017 \u2013 8. Januar 2018<\/p>\n<h4>Hommage f\u00fcr Dietrich-Mohr<\/h4>\n<p>RCM Galerie<br \/>\n32 rue de Lille,<br \/>\n75007 Paris<\/p>\n<p>[\/vc_column_text][\/vc_column][vc_column width=&#8220;1\/2&#8243;][\/vc_column][\/vc_row][vc_row][vc_column width=&#8220;1\/2&#8243;][vc_separator color=&#8220;green&#8220;][vc_column_text]<\/p>\n<p>18. \u2013 26. Oktober 2017<\/p>\n<h4>ART ELYS\u00c9ES,<\/h4>\n<p>Champs-Elys\u00e9es, Paris<br \/>\nRCM Galerie, Paris<\/p>\n<p>[\/vc_column_text][\/vc_column][vc_column width=&#8220;1\/2&#8243;][\/vc_column][\/vc_row][vc_row][vc_column width=&#8220;1\/2&#8243;][vc_separator color=&#8220;green&#8220;][vc_column_text]7.Juni &#8211; 29.juli, 2017<\/p>\n<h4>New Hanging: Gem\u00e4lde, Skulpturen und Drucke<\/h4>\n<p>Galerie F.Hessler, Luxemburg[\/vc_column_text][\/vc_column][vc_column width=&#8220;1\/2&#8243;][\/vc_column][\/vc_row][vc_row][vc_column width=&#8220;1\/2&#8243;][vc_separator color=&#8220;green&#8220;][vc_column_text]<\/p>\n<p>2.mai 2016<\/p>\n<p>Einweihung des \u00ab\u00a0Fonds de Dotation\u00a0\u00bb Dietrich-Mohr<\/p>\n<p>55 Avenue Kl\u00e9ber, 75116, Paris<\/p>\n<p>[\/vc_column_text][vc_separator color=&#8220;green&#8220;][\/vc_column][vc_column width=&#8220;1\/2&#8243;][\/vc_column][\/vc_row]<\/p>\n<\/div>","protected":false},"excerpt":{"rendered":"<p>[vc_row][vc_column][vc_row_inner][\/vc_row_inner][vc_column_inner][\/vc_column_inner][vc_column_text] Aktuelles [\/vc_column_text][\/vc_column][vc_column width=&#8220;1\/2&#8243;][\/vc_column][\/vc_row][vc_row][vc_column][vc_column_text] [\/vc_column_text][\/vc_column][\/vc_row][vc_row][vc_column width=&#8220;1\/2&#8243;][vc_separator color=&#8220;green&#8220;][vc_column_text]12. September bis 28. November 2021 Museeen in der Kaserne VI,\u00a0Ludwig Galerie,\u00a0Saarlouis, Allemagne. Katalog\u00a0:\u00a0Gruppenausstellungen in Kooperation mit Treffpunkt Kunst mit Bildern und Skulpturen von K\u00fcnsterinnen und Kustlern aus \u00fcber 40 Jahren. Textes : Peter Demmer, Michel Seuphor, Claudia Wiott-Franz, Michaela Mazurkiewicz-Wonn, Peter Lodermeyer, Karin Scheid.[\/vc_column_text][\/vc_column][\/vc_row][vc_row][vc_column][vc_column_text] [\/vc_column_text][\/vc_column][\/vc_row][vc_row][vc_column width=&#8220;1\/2&#8243;][vc_separator color=&#8220;green&#8220;][vc_column_text]24. Juli&hellip;<\/p>\n","protected":false},"author":1,"featured_media":0,"parent":0,"menu_order":0,"comment_status":"closed","ping_status":"closed","template":"","meta":{"footnotes":""},"class_list":["post-2633","page","type-page","status-publish","hentry","description-off"],"_links":{"self":[{"href":"https:\/\/dietrich-mohr.com\/de\/wp-json\/wp\/v2\/pages\/2633","targetHints":{"allow":["GET"]}}],"collection":[{"href":"https:\/\/dietrich-mohr.com\/de\/wp-json\/wp\/v2\/pages"}],"about":[{"href":"https:\/\/dietrich-mohr.com\/de\/wp-json\/wp\/v2\/types\/page"}],"author":[{"embeddable":true,"href":"https:\/\/dietrich-mohr.com\/de\/wp-json\/wp\/v2\/users\/1"}],"replies":[{"embeddable":true,"href":"https:\/\/dietrich-mohr.com\/de\/wp-json\/wp\/v2\/comments?post=2633"}],"version-history":[{"count":45,"href":"https:\/\/dietrich-mohr.com\/de\/wp-json\/wp\/v2\/pages\/2633\/revisions"}],"predecessor-version":[{"id":188395,"href":"https:\/\/dietrich-mohr.com\/de\/wp-json\/wp\/v2\/pages\/2633\/revisions\/188395"}],"wp:attachment":[{"href":"https:\/\/dietrich-mohr.com\/de\/wp-json\/wp\/v2\/media?parent=2633"}],"curies":[{"name":"wp","href":"https:\/\/api.w.org\/{rel}","templated":true}]}}